{"id":701,"date":"2024-07-12T02:00:00","date_gmt":"2024-07-12T02:00:00","guid":{"rendered":"https:\/\/speeches.byu.edu\/fra\/?post_type=speech&#038;p=701"},"modified":"2024-08-08T15:39:59","modified_gmt":"2024-08-08T15:39:59","slug":"notre-chemin-vers-une-paix-interieure-durable","status":"publish","type":"speech","link":"https:\/\/speeches.byu.edu\/fra\/talks\/steven-j-hafen\/notre-chemin-vers-une-paix-interieure-durable\/","title":{"rendered":"Notre chemin vers une paix int\u00e9rieure durable"},"content":{"rendered":"\n<p class=\"has-text-align-center has-small-font-size\"><strong><em>Nous sommes toujours pr\u00eats \u00e0 am\u00e9liorer nos traductions. Si vous avez des suggestions, \u00e9crivez-nous \u00e0\u00a0<a href=\"mailto:speeches.fra@byu.edu\" target=\"_blank\" rel=\"noreferrer noopener\">speeches.fra@byu.edu<\/a><\/em><\/strong>.<\/p>\n\n\n\n<p>Bonjour&nbsp;! C&rsquo;est un plaisir d&rsquo;\u00eatre avec vous. J\u2019aimerais pr\u00e9senter mon sujet ce matin en donnant un bref aper\u00e7u de ma pr\u00e9paration, car je crois qu\u2019elle est quelque peu unique. \u00c0 l\u2019origine, j\u2019ai \u00e9t\u00e9 invit\u00e9 \u00e0 prendre la parole lors d\u2019une r\u00e9union spirituelle au semestre d\u2019hiver 2023. Cependant, juste avant la date de mon discours, j\u2019ai re\u00e7u un appel m\u2019informant que fr\u00e8re Jeffrey R. Holland devait prendre ma place.&nbsp;Bien que j&rsquo;aie bien volontiers accept\u00e9 de donner la priorit\u00e9 \u00e0 fr\u00e8re Holland, cette r\u00e9union spirituelle s\u2019est av\u00e9r\u00e9e particuli\u00e8rement sp\u00e9ciale, car fr\u00e8re Holland a annonc\u00e9 que Kevin J. Worthen allait terminer son mandat de pr\u00e9sident de BYU et que notre nouveau pr\u00e9sident serait C. Shane Reese.<\/p>\n\n\n\n<p>Au cours des derni\u00e8res ann\u00e9es, j\u2019ai eu l\u2019occasion de travailler avec deux pr\u00e9sidents et de nombreux membres formidables du Conseil du pr\u00e9sident pendant une pand\u00e9mie&nbsp;ainsi que d&rsquo;autres d\u00e9fis. M\u00eame si nous avons des exp\u00e9riences et des points de vue diff\u00e9rents sur les priorit\u00e9s du campus, j&rsquo;ai \u00e9t\u00e9 tr\u00e8s inspir\u00e9 par l&rsquo;attention totalement unifi\u00e9e que le Conseil porte \u00e0 vous, les \u00e9tudiants, collectivement et individuellement, alors que nous travaillons avec une communaut\u00e9 extraordinaire sur le campus pour remplir la mission divine de cette universit\u00e9 et \u00ab&nbsp;devenir BYU<sup>1<\/sup>&nbsp;\u00bb. En tant que Conseil du pr\u00e9sident, nous nous agenouillons et prions pour vous chaque semaine. Nous vous aimons. Et nous voulons vous aider \u00e0 r\u00e9ussir \u00e0 BYU&nbsp;et au-del\u00e0.<\/p>\n\n\n\n<p>Apr\u00e8s avoir r\u00e9cemment re\u00e7u ma date de report, plusieurs personnes m\u2019ont demand\u00e9 si j\u2019allais prononcer le discours que j\u2019avais pr\u00e9par\u00e9 l\u2019hiver dernier. Je me posais la m\u00eame question. Bien que je pense que ce discours a \u00e9t\u00e9 pr\u00e9par\u00e9 gr\u00e2ce au processus de r\u00e9v\u00e9lation personnelle, j\u2019ai initialement d\u00e9cid\u00e9 de pr\u00e9parer un nouveau discours, en partie parce qu\u2019un sujet \u00e9troitement apparent\u00e9 avait \u00e9t\u00e9 magistralement abord\u00e9 par le pr\u00e9sident Henry B. Eyring lors de la conf\u00e9rence g\u00e9n\u00e9rale d\u2019avril dernier<sup>2<\/sup>, quelques semaines seulement apr\u00e8s la date initialement pr\u00e9vue de mon intervention.<\/p>\n\n\n\n<p>Cependant,&nbsp;j&rsquo;ai de nouveau pass\u00e9 du temps \u00e0 prier et \u00e0 r\u00e9fl\u00e9chir&nbsp;au cours des derni\u00e8res semaines, et j\u2019ai eu la nette impression que le sujet que j\u2019avais choisi auparavant \u00e9tait peut-\u00eatre encore plus pertinent aujourd\u2019hui. Et donc, avec quelques modifications mineures, je vais partager avec vous le message&nbsp;que j\u2019ai pr\u00e9par\u00e9 il y a pr\u00e8s d\u2019un an.<\/p>\n\n\n\n<p>\u00c0 cette&nbsp;p\u00e9riode, j\u2019ai v\u00e9cu une exp\u00e9rience personnelle sacr\u00e9e qui m\u2019a amen\u00e9 \u00e0 vouloir parler de l\u2019expiation de J\u00e9sus-Christ. Peu apr\u00e8s cette exp\u00e9rience sacr\u00e9e, ma femme et moi avons fait un voyage impromptu sur la c\u00f4te de l\u2019Oregon. Pendant plusieurs jours, nous avons visit\u00e9 des sites magnifiques et fait plusieurs randonn\u00e9es incroyables.<\/p>\n\n\n\n<p>Une randonn\u00e9e a \u00e9t\u00e9 particuli\u00e8rement m\u00e9morable, car nous nous sommes retrouv\u00e9s sur un chemin calme, serein et d\u2019une beaut\u00e9 cathartique. [On a montr\u00e9 une&nbsp;photo du chemin.] Au sommet de ce sentier, nous avons march\u00e9 jusqu\u2019\u00e0 un belv\u00e9d\u00e8re o\u00f9 nous avons d\u00e9couvert&nbsp;un panorama presque indescriptible.&nbsp;[On a montr\u00e9 une courte vid\u00e9o&nbsp;de cette vue pittoresque de notre point de vue, jusqu&rsquo;\u00e0 l&rsquo;oc\u00e9an.] \u00c0 ce moment-l\u00e0, je me souviens m\u2019\u00eatre tourn\u00e9 vers ma femme pour lui dire \u00e0 quel point il serait extraordinaire&nbsp;de pouvoir figer et conserver le sentiment&nbsp;de paix&nbsp;<em>momentan\u00e9e<\/em>&nbsp;que nous \u00e9prouvions sur ce chemin.<\/p>\n\n\n\n<p>Dans les jours qui ont suivi ce voyage, j\u2019ai r\u00e9fl\u00e9chi \u00e0 la convergence de ces deux exp\u00e9riences qui ont suscit\u00e9 deux questions interd\u00e9pendantes dans mon esprit&nbsp;:<\/p>\n\n\n\n<p>1. Comment pouvons-nous&nbsp;accro\u00eetre&nbsp;la fr\u00e9quence et la profondeur de la paix dans notre vie&nbsp;?<\/p>\n\n\n\n<p>2. Quel est le r\u00f4le de l\u2019expiation de notre Sauveur dans ce processus&nbsp;?<\/p>\n\n\n\n<p>En r\u00e9fl\u00e9chissant, \u00e0 l\u2019aide de la pri\u00e8re, aux r\u00e9ponses \u00e0 ces questions, le sujet de mon message est devenu plus clair.<\/p>\n\n\n\n<p>Aujourd\u2019hui, j\u2019esp\u00e8re que mon message vous incitera d\u2019une fa\u00e7on ou d\u2019une autre \u00e0 apprendre ou, peut-\u00eatre plus important encore, \u00e0 ressentir quelque chose de nouveau au sujet de l\u2019expiation de notre Sauveur, que Bruce R. McConkie a d\u00e9crite comme \u00ab&nbsp;la chose la plus importante qui se soit jamais produite dans toute l\u2019histoire de la cr\u00e9ation<sup>3<\/sup>&nbsp;\u00bb.&nbsp;<\/p>\n\n\n\n<h2 class=\"wp-block-heading\" id=\"h-le-pouvoir-de-l-expiation\">Le pouvoir de l&rsquo;Expiation<\/h2>\n\n\n\n<p>En tant qu\u2019\u00e9l\u00e9ment central du plan du salut, le sacrifice ineffable du Christ nous permet de vaincre la mort et le p\u00e9ch\u00e9 et de retourner vivre avec lui et avec nos Parents c\u00e9lestes aimants. C\u2019est la doctrine fondamentale de l\u2019Expiation. Mais le pouvoir de l\u2019Expiation s\u2019\u00e9tend bien au-del\u00e0 de cela et peut influencer positivement tous les aspects de notre vie. Comme Tad R. Callister, qui est devenu plus tard membre des soixante-dix, l\u2019a expliqu\u00e9&nbsp;:<\/p>\n\n\n\n<p><em>L<\/em><em>a pratique de cette doctrine exige la totalit\u00e9 de la personnalit\u00e9, car l\u2019expiation de J\u00e9sus-Christ est la doctrine la plus sublime, la plus \u00e9panouissante et la plus passionnante que ce monde et cet univers conna\u00eetront jamais<sup>4<\/sup>.<\/em><sup><\/sup><\/p>\n\n\n\n<p>Je ne con\u00e7ois pas de moment plus important pour poursuivre \u00ab&nbsp;la doctrine la plus sublime, la plus \u00e9panouissante et la plus passionnante que&nbsp;[&#8230;] cet univers conna\u00eetr[a] jamais&nbsp;\u00bb. Pourquoi&nbsp;? Parce que, comme le pr\u00e9sident Russell M. Nelson l\u2019a dit r\u00e9cemment, \u00ab&nbsp;nous vivons assur\u00e9ment \u00e0 l&rsquo;une des \u00e9poques les plus compliqu\u00e9es de l&rsquo;histoire du monde<sup>5<\/sup>&nbsp;\u00bb.<\/p>\n\n\n\n<p>Et pourtant, avec son ton optimiste habituel, le pr\u00e9sident Nelson a aussi \u00e9voqu\u00e9&nbsp;ces temps merveilleux et magnifiques qui nous attendent, avec cette promesse rassurante de paix&nbsp;:<\/p>\n\n\n\n<p><em>Chers fr\u00e8res et s\u0153urs, bien des choses merveilleuses nous attendent. Dans les jours \u00e0 venir, nous verrons les&nbsp;<strong>plus grandes<\/strong> manifestations du pouvoir du Sauveur que le monde ait&nbsp;<strong>jamais<\/strong>&nbsp;connues.&nbsp;[&#8230;]<\/em><\/p>\n\n\n\n<p><em>[&#8230;] Malgr\u00e9 les distractions et les d\u00e9formations de la v\u00e9rit\u00e9 qui tourbillonnent autour de nous, vous pouvez trouver le vrai&nbsp;<strong>repos<\/strong>, c&rsquo;est-\u00e0-dire le soulagement et la paix, malgr\u00e9 vos probl\u00e8mes les plus \u00e9pineux<sup>6<\/sup>.<\/em><\/p>\n\n\n\n<p>R\u00e9fl\u00e9chissez \u00e0 cela&nbsp;! M\u00eame au milieu de probl\u00e8mes personnels poignants, de d\u00e9cisions difficiles et de tribulations caus\u00e9es par le fait de vivre \u00e0 \u00ab&nbsp;l&rsquo;une des \u00e9poques les plus compliqu\u00e9es de l&rsquo;histoire du monde&nbsp;\u00bb, nous pouvons conna\u00eetre la&nbsp;<em>paix<\/em>&nbsp;gr\u00e2ce aux&nbsp;\u00ab&nbsp;<em>plus grandes<\/em>&nbsp;manifestations du pouvoir du Sauveur que le monde ait&nbsp;<em>jamais<\/em>&nbsp;connues&nbsp;\u00bb.<\/p>\n\n\n\n<p>Dans l\u2019\u00c9criture souvent cit\u00e9e du livre de Jean, nous apprenons que cette paix est la b\u00e9n\u00e9diction supr\u00eame de notre Sauveur J\u00e9sus-Christ&nbsp;:<\/p>\n\n\n\n<p><em>Je vous laisse la paix, je vous donne ma paix. Ce n&rsquo;est pas comme le monde que je vous la donne. Que votre c\u0153ur ne se trouble point, et ne s&rsquo;alarme point<sup>7<\/sup>.<\/em><\/p>\n\n\n\n<p>Fr\u00e8res et s\u0153urs, tandis que vous et moi avan\u00e7ons dans ce monde complexe, je t\u00e9moigne que notre chemin vers une paix int\u00e9rieure durable est trac\u00e9 gr\u00e2ce \u00e0 l\u2019expiation de J\u00e9sus-Christ.<\/p>\n\n\n\n<h2 class=\"wp-block-heading\" id=\"h-la-paix\"><strong>La paix<\/strong><\/h2>\n\n\n\n<p>Joseph B. Wirthlin a d\u00e9crit \u00ab&nbsp;la paix de Dieu, qui surpasse toute intelligence<sup>8<\/sup>&nbsp;\u00bb, comme \u00e9tant \u00ab&nbsp;le calme int\u00e9rieur et le r\u00e9confort qui \u00e9manent de l\u2019Esprit, qui sont un don de Dieu \u00e0 tous ses enfants, une assurance et une s\u00e9r\u00e9nit\u00e9 dans le c\u0153ur d\u2019une personne<sup>9<\/sup>&nbsp;\u00bb.<\/p>\n\n\n\n<p>Marvin J. Ashton a dit ceci au sujet de la paix&nbsp;:<\/p>\n\n\n\n<p><em>II est tr\u00e8s important de noter que, lorsque J\u00e9sus est sorti de la tombe et est apparu \u00e0 ses disciples, ses premi\u00e8res paroles furent&nbsp;: \u00ab&nbsp;Que la paix soit avec vous&nbsp;\u00bb (Luc 24:36). La paix, non pas la passion, ni les biens personnels, ni les accomplissements personnels, ni le bonheur, est l&rsquo;une des plus grandes b\u00e9n\u00e9dictions qu&rsquo;un homme puisse recevoir<sup>10<\/sup>.<\/em><\/p>\n\n\n\n<p>Nous devrions tous rechercher le bonheur et la joie, mais il me semble que la paix est le prix supr\u00eame que l\u2019on ne peut obtenir que gr\u00e2ce au sacrifice expiatoire du Christ. Juste avant d\u2019entrer dans le jardin de Geths\u00e9man\u00e9 pour commencer ce sacrifice, le Seigneur a dit&nbsp;:<\/p>\n\n\n\n<p><em>Je vous ai dit ces choses, afin que vous ayez la paix en moi. Vous aurez des tribulations dans le monde&nbsp;; mais prenez courage, j&rsquo;ai vaincu le monde<sup>11<\/sup>.<\/em><\/p>\n\n\n\n<p>N\u2019est-il pas int\u00e9ressant que juste avant que le Christ ne commence son sacrifice expiatoire et juste apr\u00e8s sa r\u00e9surrection, il ait parl\u00e9 de paix&nbsp;?<\/p>\n\n\n\n<p>Aucun d\u2019entre nous ne conna\u00eetra une vie exempte de tribulations, et m\u00eame parfois de grandes \u00e9preuves, mais en \u00ab&nbsp;vain[quant] le monde&nbsp;\u00bb, le Christ nous permet de \u00ab&nbsp;pren[dre] courage&nbsp;\u00bb m\u00eame au milieu d\u2019angoisses ou de difficult\u00e9s personnelles&nbsp;!<\/p>\n\n\n\n<p>En gardant cela \u00e0 l\u2019esprit, je demande \u00e0 chacun de vous de r\u00e9fl\u00e9chir \u00e0 cette question&nbsp;: \u00c0 quelle fr\u00e9quence ressentez-vous cette paix, un calme int\u00e9rieur qui transcende toute compr\u00e9hension, quels que soient les hauts et les bas de votre situation personnelle&nbsp;?<\/p>\n\n\n\n<p>D\u00e9sireux de recueillir des donn\u00e9es, j\u2019ai men\u00e9 une enqu\u00eate informelle il y a quelques semaines. J\u2019ai pos\u00e9 cette question \u00e0 plus de 650 membres jeunes adultes seuls de la r\u00e9gion, dont beaucoup sont pr\u00e9sents ici aujourd\u2019hui. Les r\u00e9sultats&nbsp;\u00e9taient&nbsp;instructifs&nbsp;:<\/p>\n\n\n\n<p>a. Tous les jours (149)<br>b. Au moins une fois par semaine (366)<br>c. Deux fois par mois (116)<br>d. Rarement (40)<br>e. Jamais (14)<\/p>\n\n\n\n<p>Bien que j\u2019\u00e9tais&nbsp;heureux de voir que beaucoup ressentent la paix dans leur vie, certains m\u00eame quotidiennement, il est \u00e9galement clair qu\u2019une paix int\u00e9rieure durable peut \u00eatre quelque peu hors d\u2019atteinte pour beaucoup. Et malheureusement, un petit nombre d\u2019entre eux ont m\u00eame indiqu\u00e9 qu\u2019ils ne ressentaient que rarement ou jamais cette paix. Quelle que soit votre r\u00e9ponse actuelle \u00e0 cette question, r\u00e9fl\u00e9chissez \u00e0 quel point votre vie changerait si vous ressentiez&nbsp;<em>toujours<\/em>&nbsp;cette paix.<\/p>\n\n\n\n<h2 class=\"wp-block-heading\" id=\"h-cinq-benedictions-qui-decoulent-du-pouvoir-transformateur-de-l-expiation\"><strong>Cinq b\u00e9n\u00e9dictions qui d\u00e9coulent du pouvoir transformateur de l\u2019Expiation<\/strong><\/h2>\n\n\n\n<p>Fr\u00e8res et s\u0153urs, l\u2019expiation de notre Sauveur change&nbsp;la&nbsp;vie, et elle peut transformer la v\u00f4tre&nbsp;! Gr\u00e2ce \u00e0 son pouvoir infini, il y a d\u2019innombrables fa\u00e7ons dont cela peut se produire. Il y en a bien trop pour que nous en parlions aujourd\u2019hui. Mais j\u2019aimerais mettre l\u2019accent sur cinq principes transformateurs, qu\u2019il vaudrait mieux qualifier de b\u00e9n\u00e9dictions, d\u00e9coulant de l\u2019expiation de notre Sauveur, qui nous m\u00e8neront sur le chemin vers une paix int\u00e9rieure durable. Ce faisant, je m\u2019efforcerai d\u2019illustrer l\u2019impact potentiel de ces cinq b\u00e9n\u00e9dictions en racontant une exp\u00e9rience personnelle sur l\u2019une des d\u00e9cisions les plus importantes que ma femme et moi ayons prises&nbsp;au cours de&nbsp;notre mariage. Mais ces b\u00e9n\u00e9dictions s\u2019appliquent vraiment \u00e0 toutes les d\u00e9cisions, \u00e9preuves ou situations, majeures ou mineures,&nbsp;donc&nbsp;je vous invite \u00e0 appliquer ces principes \u00e0 vos exp\u00e9riences personnelles. Le but de cette application est la pertinence et la r\u00e9v\u00e9lation personnelles. Je prie pour que le pouvoir \u00e9difiant de l\u2019Esprit vous aide dans ce processus divin.<\/p>\n\n\n\n<p>Apr\u00e8s avoir termin\u00e9 nos missions, ma femme, Brooke, et moi avons commenc\u00e9 \u00e0 nous fr\u00e9quenter s\u00e9rieusement ici \u00e0 BYU. Un soir, alors que nous discutions de la possibilit\u00e9 de nous marier, elle m\u2019a pos\u00e9 une question inattendue.<\/p>\n\n\n\n<p>Elle a dit quelque chose comme&nbsp;: \u00ab&nbsp;Est-ce que tu serais ouvert \u00e0 l\u2019id\u00e9e d\u2019adopter un enfant apr\u00e8s que nous ayons eu nos propres enfants&nbsp;?&nbsp;\u00bb<\/p>\n\n\n\n<p>Bien qu\u2019il s\u2019agisse certainement d\u2019une question importante, \u00e0 ce moment-l\u00e0, j\u2019\u00e9tais tellement \u00e9pris de Brooke qu\u2019elle aurait pu me demander presque n\u2019importe quoi et j\u2019aurais dit&nbsp;: \u00ab&nbsp;Absolument, \u00e7a me semble g\u00e9nial&nbsp;!&nbsp;\u00bb<\/p>\n\n\n\n<p>Et c\u2019est exactement comme \u00e7a que j\u2019ai r\u00e9pondu \u00e0 sa question.<\/p>\n\n\n\n<p>Eh bien, douze ans et quatre enfants plus tard, j\u2019ai d\u00e9couvert qu\u2019elle \u00e9tait vraiment s\u00e9rieuse. C\u2019est \u00e0 ce moment-l\u00e0 qu\u2019elle a ramen\u00e9 \u00e0 la discussion la question que j\u2019avais oubli\u00e9e depuis longtemps. Ma r\u00e9action a \u00e9t\u00e9 cette fois-ci tout \u00e0 fait diff\u00e9rente. Je me suis imm\u00e9diatement retrouv\u00e9 \u00e0 r\u00e9fl\u00e9chir \u00e0 toutes les raisons pour lesquelles adopter un enfant n\u2019aurait pas de sens. Je ne vais pas \u00e9num\u00e9rer la liste qui m\u2019est venue \u00e0 l\u2019esprit, mais l\u2019une des principales raisons est d\u00e9montr\u00e9e par cette photo. [On a montr\u00e9 une photo des six membres de la famille Hafen.]<\/p>\n\n\n\n<p>\u00c0 ce moment-l\u00e0, nous \u00e9tions d\u00e9j\u00e0 une famille de six personnes avec quatre merveilleux enfants. Dans les semaines qui ont suivi, alors que nous continuions \u00e0 discuter de l&rsquo;id\u00e9e, je me suis retrouv\u00e9 \u00e0 chercher et \u00e0 partager avec Brooke diverses raisons&nbsp;de ne&nbsp;pas poursuivre l\u2019adoption.<\/p>\n\n\n\n<p>Nous disposons tous de&nbsp;recul, de perspicacit\u00e9 et de pr\u00e9voyance. Avec le recul, je me rends compte que ma perspicacit\u00e9 et ma pr\u00e9voyance \u00e0 ce moment-l\u00e0 manquaient cruellement&nbsp;! Heureusement, la forte impression de Brooke a compens\u00e9 ma faiblesse et elle a continu\u00e9 \u00e0 m\u2019inciter&nbsp;\u00e0 trouver ma propre r\u00e9ponse \u00e0 la question de l\u2019adoption. J\u2019ai donc pass\u00e9 plusieurs semaines \u00e0 faire des recherches, \u00e0 \u00e9crire mes pens\u00e9es et \u00e0 prier. Au fil du temps, j\u2019ai commenc\u00e9 \u00e0 me sentir frustr\u00e9 de ne pas trouver de r\u00e9ponse claire. Apr\u00e8s une conversation suppl\u00e9mentaire, Brooke et moi avons donc d\u00e9cid\u00e9 de je\u00fbner et d\u2019aller au temple dans ce but exclusif.<\/p>\n\n\n\n<p>Cela m\u2019am\u00e8ne \u00e0 la premi\u00e8re b\u00e9n\u00e9diction qui provient du pouvoir transformateur de l\u2019expiation de J\u00e9sus-Christ, qui nous conduit sur le chemin de la paix int\u00e9rieure durable.<\/p>\n\n\n\n<p><strong>L&rsquo;expiation de notre Sauveur nous purifie.<\/strong>&nbsp;L\u2019Expiation&nbsp;<em>purifie<\/em>&nbsp;nos pens\u00e9es et nos actions impures.&nbsp;Nous avons tous des moments qui nous disposent \u00e0 ressentir la faiblesse dans nos vies.&nbsp;Qu\u2019ils soient le r\u00e9sultat d\u2019actes d\u00e9lib\u00e9r\u00e9s ou d\u2019erreurs involontaires, le sacrifice expiatoire de notre Sauveur peut nous ramener \u00e0 la puret\u00e9.<\/p>\n\n\n\n<p>Le roi Benjamin a enseign\u00e9 que \u00ab&nbsp;l&rsquo;homme naturel est ennemi de Dieu,&nbsp;[&#8230;] \u00e0 moins qu&rsquo;il ne se rende aux persuasions de l&rsquo;Esprit-Saint,&nbsp;[&#8230;] et ne devienne un saint par l&rsquo;expiation du Christ, le Seigneur<sup>12<\/sup>&nbsp;\u00bb.<\/p>\n\n\n\n<p>Quand nous nous repentons de nos d\u00e9fauts, petits ou grands, nous sommes sanctifi\u00e9s et nous devenons des Saints, ou plus&nbsp;<em>purs.<\/em>&nbsp;Le pr\u00e9sident Nelson nous a enseign\u00e9 que \u00ab&nbsp;le repentir quotidien est la voie de la puret\u00e9, et de la puret\u00e9 na\u00eet la puissance<sup>13<\/sup>&nbsp;\u00bb.<\/p>\n\n\n\n<p>Alors que Brooke et moi nous pr\u00e9parions \u00e0 aller au temple pour recevoir une r\u00e9ponse, je me souviens m\u2019\u00eatre agenouill\u00e9 pour prier.&nbsp;Mais cette fois-ci, au lieu de simplement demander au P\u00e8re c\u00e9leste de m&rsquo;envoyer une r\u00e9ponse,&nbsp;j\u2019ai fait un effort pour reconna\u00eetre toutes mes faiblesses dans un esprit contemplatif.&nbsp;Bien que je ne pensais pas avoir commis de fautes majeures qui auraient emp\u00each\u00e9 la r\u00e9v\u00e9lation personnelle, je me souviens que cette fois-ci, j\u2019avais le d\u00e9sir d\u2019\u00eatre plus humble et plus consciencieux dans ma qu\u00eate du pardon.<\/p>\n\n\n\n<p>Mon exp\u00e9rience dans le temple a \u00e9t\u00e9 \u00e9difiante, comme c\u2019est toujours le cas, mais j\u2019ai ressenti une l\u00e9g\u00e8re d\u00e9ception alors que je me pr\u00e9parais \u00e0 partir sans la r\u00e9ponse claire que je cherchais. Je suis sorti du vestiaire et je suis all\u00e9 attendre Brooke dans le hall. Apr\u00e8s quelques minutes d\u2019attente, un couple de l\u2019une de nos premi\u00e8res paroisses d\u2019\u00e9tudiants mari\u00e9s \u00e0 BYU, que je n\u2019avais pas vu depuis pr\u00e8s de dix ans, est entr\u00e9 dans le hall.<\/p>\n\n\n\n<p>Apr\u00e8s quelques plaisanteries, je leur ai demand\u00e9 ce qu\u2019il y avait de nouveau dans leur vie. Leur r\u00e9ponse m\u2019a surprise&nbsp;: ils m\u2019ont dit qu\u2019apr\u00e8s avoir eu quatre enfants, ils en avaient adopt\u00e9 un r\u00e9cemment.<\/p>\n\n\n\n<p>Comme vous pouvez vous en douter, c\u2019\u00e9tait une nouvelle tr\u00e8s int\u00e9ressante pour moi&nbsp;! Je leur ai pos\u00e9 plusieurs questions d\u00e9taill\u00e9es sur leur exp\u00e9rience d\u2019adoption. Il \u00e9tait tr\u00e8s clair qu\u2019ils consid\u00e9raient d\u00e9j\u00e0 l\u2019adoption comme une immense b\u00e9n\u00e9diction pour leur famille. Pendant qu\u2019ils s\u2019en allaient, je me suis rassis, r\u00e9fl\u00e9chissant \u00e0 ce qu\u2019ils venaient de dire.<\/p>\n\n\n\n<p>Et puis c\u2019est arriv\u00e9&nbsp;! J\u2019ai \u00e9t\u00e9&nbsp;envahi par&nbsp;un esprit si ind\u00e9niablement fort que je ne l\u2019oublierai jamais. Les larmes aux yeux, j\u2019ai senti ces paroles me venir \u00e0 l\u2019esprit&nbsp;: \u00ab&nbsp;Voici ta r\u00e9ponse. Allez, en avant pour&nbsp;l\u2019adoption.&nbsp;\u00bb<\/p>\n\n\n\n<p>Bien que je n\u2019aie pas eu beaucoup d\u2019exp\u00e9riences aussi spectaculaires dans ma vie, j\u2019ai eu de nombreuses fois des r\u00e9ponses \u00e0 des questions ou des d\u00e9cisions simplifi\u00e9es gr\u00e2ce \u00e0 la r\u00e9v\u00e9lation. Je suis tr\u00e8s reconnaissant de cette exp\u00e9rience. Je t\u00e9moigne qu\u2019elle a eu lieu gr\u00e2ce au pouvoir&nbsp;<em>purificateur<\/em>&nbsp;de l\u2019expiation de J\u00e9sus-Christ.<\/p>\n\n\n\n<p>Lorsque nous nous repentons, l\u2019expiation de notre Sauveur nous&nbsp;<em>purifie<\/em>&nbsp;afin que nous puissions mieux nous conformer \u00e0 la volont\u00e9 du Seigneur. C\u2019est la cl\u00e9 qui ouvre la porte de la r\u00e9v\u00e9lation. Cette r\u00e9v\u00e9lation peut apporter un soutien positif, qui change la vie, \u00e0 chaque \u00e9tape de notre vie.<\/p>\n\n\n\n<p><strong>L&rsquo;expiation de notre Sauveur nous donne de la force.<\/strong>&nbsp;L\u2019Expiation nous&nbsp;<em>donne la force<\/em>&nbsp;de progresser au-del\u00e0 des difficult\u00e9s, des \u00e9v\u00e9nements et des d\u00e9cisions apparemment handicapants. Bien que la plus grande manifestation de ce pouvoir habilitant nous aide \u00e0 vaincre la mort et le p\u00e9ch\u00e9, le pouvoir&nbsp;constant&nbsp;et intime de l\u2019Expiation peut aussi soutenir notre progression quotidienne dans la condition mortelle.<\/p>\n\n\n\n<p>David A. Bednar nous a tous aid\u00e9s \u00e0 mieux comprendre le pouvoir habilitant de l\u2019Expiation. Voici ce qu\u2019il a dit&nbsp;:<\/p>\n\n\n\n<p><em>Je pense que beaucoup de membres de l&rsquo;\u00c9glise connaissent davantage la nature du pouvoir r\u00e9dempteur et purificateur de l&rsquo;<\/em><em>Expiation qu&rsquo;ils n&rsquo;en connaissent le pouvoir fortifiant et&nbsp;<strong>habilitant<\/strong>. C&rsquo;est une chose de savoir que J\u00e9sus-Christ est venu sur terre&nbsp;afin de&nbsp;mourir pour nous.&nbsp;[&#8230;] Mais nous devons aussi comprendre que le Seigneur d\u00e9sire&nbsp;[&#8230;] non seulement nous guider mais aussi nous donner du pouvoir<sup>14<\/sup>.<\/em><sup><\/sup><\/p>\n\n\n\n<p>Recevoir la conviction mutuelle d\u2019aller de l\u2019avant nous a donn\u00e9, \u00e0 Brooke et \u00e0 moi,&nbsp;<em>la force<\/em>&nbsp;de nous unir pleinement dans notre d\u00e9cision d\u2019adopter. Je n\u2019ai pas le temps d\u2019\u00e9voquer les diff\u00e9rents rebondissements du processus d\u2019adoption, mais il a impliqu\u00e9 plusieurs agences d\u2019adoption, plusieurs pays, une bureaucratie frustrante, des v\u00e9rifications d&rsquo;ant\u00e9c\u00e9dents retard\u00e9es et d\u2019autres d\u00e9fis. M\u00eame si nous ne l&rsquo;avons certainement pas reconnu \u00e0 l&rsquo;\u00e9poque, avec le recul, nous nous rendons compte que certains de ces obstacles nous ont guid\u00e9s vers notre fille. En fin de compte, les obstacles m\u00eames qui semblaient entraver notre progression dans le processus d&rsquo;adoption nous aidaient en fait \u00e0 la trouver. Nous devions simplement rester fid\u00e8les et permettre au Seigneur de nous guider.<\/p>\n\n\n\n<p>Lorsque nous avons d\u00e9cid\u00e9 d\u2019adopter un enfant en Chine par le biais de la fili\u00e8re d\u2019adoption non traditionnelle de ce pays, nous avons eu acc\u00e8s \u00e0 un site web qui r\u00e9pertoriait les adopt\u00e9s potentiels. Chacun de ces dossiers contenait des informations m\u00e9dicales et des renseignements g\u00e9n\u00e9raux sur chaque enfant. La plupart de ces enfants avaient \u00e9t\u00e9 abandonn\u00e9s \u00e0 la naissance ou peu apr\u00e8s, en raison de la politique de l&rsquo;enfant unique en Chine et d&rsquo;autres facteurs de l&rsquo;\u00e9poque. Les dossiers contenaient \u00e9galement de petites photos de chaque enfant.<\/p>\n\n\n\n<p>Brooke a commenc\u00e9 \u00e0 examiner ces dossiers un par un. Comme vous pouvez l\u2019imaginer, il s\u2019agit d\u2019un processus int\u00e9ressant qui a g\u00e9n\u00e9r\u00e9 beaucoup d\u2019\u00e9motions mitig\u00e9es. Mais tr\u00e8s t\u00f4t, Brooke a vu cette photo, et ses \u00e9motions mitig\u00e9es ont \u00e9t\u00e9 imm\u00e9diatement remplac\u00e9es par un sentiment immense et intense de connexion et d\u2019amour&nbsp;! [On a montr\u00e9 une photo d\u2019un b\u00e9b\u00e9.]<\/p>\n\n\n\n<p>Le Saint-Esprit avait confirm\u00e9 \u00e0 Brooke que cette petite fille \u00e9tait la bonne.&nbsp;Elle m\u2019a ensuite envoy\u00e9 la photo et le fichier, et j\u2019ai&nbsp;eu&nbsp;une exp\u00e9rience similaire. Nous avions trouv\u00e9 notre fille&nbsp;!<\/p>\n\n\n\n<p>Comme nous sommes b\u00e9nis&nbsp;d\u2019avoir \u00e9t\u00e9 guid\u00e9s et fortifi\u00e9s par le pouvoir&nbsp;<em>habilitant<\/em>&nbsp;de l\u2019expiation de notre Sauveur&nbsp;afin de&nbsp;la trouver&nbsp;!<\/p>\n\n\n\n<p>Kevin W. Pearson, des soixante-dix, a expliqu\u00e9&nbsp;: \u00ab&nbsp;Sans le pouvoir fortifiant et&nbsp;<em>habilitant<\/em>&nbsp;de l\u2019Expiation, il est impossible de rester sur le chemin et de pers\u00e9v\u00e9rer<sup>15<\/sup>.&nbsp;\u00bb<\/p>\n\n\n\n<p>Le \u00ab&nbsp;pouvoir habilitant&nbsp;\u00bb est l\u2019aide divine.&nbsp;Lorsque la vie ne se d\u00e9roule pas comme nous le souhaitons, et c\u2019est souvent le cas, cette aide divine nous aide \u00e0 faire les bons choix et \u00e0 avancer avec foi sur le chemin de la paix int\u00e9rieure durable.<\/p>\n\n\n\n<p><strong>L&rsquo;expiation de notre Sauveur nous rassure.<\/strong>&nbsp;L\u2019Expiation nous&nbsp;<em>rassure<\/em>, m\u00eame dans les moments d\u2019incertitude. Une partie fondamentale du plan du salut consiste \u00e0 faire l\u2019exp\u00e9rience de l\u2019\u00e9tat probatoire de la condition mortelle et \u00e0 exercer le don du libre arbitre. En tant que mortels dans ce plan, nous sommes tous confront\u00e9s \u00e0 des \u00e9preuves continuelles qui nous donnent l\u2019occasion de fortifier notre foi en J\u00e9sus-Christ. En fait, la plupart d\u2019entre nous connaissent une certaine incertitude tous les jours. Heureusement, notre P\u00e8re c\u00e9leste aimant nous a donn\u00e9 un processus pour surmonter les p\u00e9riodes d\u2019incertitude. On lit en \u00c9sa\u00efe&nbsp;: \u00ab&nbsp;L&rsquo;\u0153uvre de la justice sera la paix, Et le fruit de la justice le repos et la s\u00e9curit\u00e9 [ou&nbsp;<em>l\u2019assurance<\/em>] pour toujours<sup>16<\/sup>.&nbsp;\u00bb<\/p>\n\n\n\n<p>Le pr\u00e9sident Nelson a soulign\u00e9 cette grande b\u00e9n\u00e9diction&nbsp;:<\/p>\n\n\n\n<p><em>Chaque fois que nous prenons la Sainte-C\u00e8ne, nous promettons&nbsp;<strong>\u00e0 nouveau<\/strong>&nbsp;de prendre sur nous le nom du Sauveur, de nous souvenir de lui et de respecter ses commandements. En retour, Dieu nous&nbsp;<strong>assure<\/strong>&nbsp;que nous aurons&nbsp;<strong>toujours<\/strong>&nbsp;l&rsquo;Esprit du Seigneur avec nous<sup>17<\/sup>.<\/em><sup><\/sup><\/p>\n\n\n\n<p>Il s\u2019est \u00e9coul\u00e9 environ sept mois entre le moment o\u00f9 Brooke a d\u00e9couvert notre fille, que nous avons appel\u00e9e Taya, et celui o\u00f9 nous sommes all\u00e9s la chercher dans le sud de la Chine. Pendant cette p\u00e9riode, nous avons eu des journ\u00e9es remplies&nbsp;d&rsquo;enthousiasme&nbsp;et d\u2019exaltation, mais aussi d\u2019autres remplies d\u2019anxi\u00e9t\u00e9 et de frustration.&nbsp;Malgr\u00e9 la confirmationque nous avions tous les deux re\u00e7ue, il y avait beaucoup d\u2019incertitudes. Heureusement, nous avons \u00e9galement eu&nbsp;<em>l\u2019assurance<\/em>&nbsp;continue que nous avions pris la bonne d\u00e9cision. Et le jour o\u00f9 nous avons rencontr\u00e9 Taya pour la premi\u00e8re fois nous a apport\u00e9 toute l\u2019assurance dont nous aurions jamais besoin. [Des photos de la rencontre avec Taya ont \u00e9t\u00e9 montr\u00e9es.]<\/p>\n\n\n\n<p>J\u2019ai tenu un blog tout au long de l\u2019exp\u00e9rience d\u2019adoption. Voici ce que j\u2019ai \u00e9crit le jour o\u00f9 nous avons rencontr\u00e9 Taya pour la premi\u00e8re fois&nbsp;:<\/p>\n\n\n\n<p><em>Eh bien, le jour que nous attendions depuis si longtemps est enfin arriv\u00e9&nbsp;! Je ne me souviens pas d\u2019avoir \u00e9t\u00e9 aussi nerveux depuis longtemps. Nous avons pris un bus \u00e0 trente minutes de notre h\u00f4tel jusqu\u2019\u00e0 l\u2019endroit o\u00f9 les gens des affaires civiles locales nous attendaient avec notre nouvelle petite fille. Plus t\u00f4t ce matin, notre guide avait expliqu\u00e9 que ce serait une journ\u00e9e tr\u00e8s difficile pour tous les enfants adopt\u00e9s, et elle l&rsquo;a \u00e9t\u00e9. Ils ont amen\u00e9 cinq enfants en m\u00eame temps, et la plupart pleuraient, car tout \u00e9tait nouveau pour eux tous. La plupart des adultes pleuraient aussi, mais pour des raisons diff\u00e9rentes. Nous n\u2019avons pas vu de photo de Taya depuis qu\u2019elle avait environ douze&nbsp;mois (il y a plus de six ou sept mois). Mais lorsqu\u2019ils l\u2019ont amen\u00e9e dans la pi\u00e8ce, Brooke et moi avons regard\u00e9 Taya, puis l\u2019un l\u2019autre, et nous n\u2019avons pas eu besoin de dire un mot. Nous savions qu\u2019elle \u00e9tait \u00e0 nous, et oh, qu\u2019elle \u00e9tait belle&nbsp;! C&rsquo;est un moment que nous n&rsquo;oublierons jamais.<\/em><\/p>\n\n\n\n<p>Plus tard dans la soir\u00e9e, j\u2019ai termin\u00e9 le blog de ce jour-l\u00e0 en \u00e9crivant ceci&nbsp;:<\/p>\n\n\n\n<p><em>Alors que je r\u00e9fl\u00e9chis \u00e0 cette journ\u00e9e extraordinaire, je repense \u00e9galement \u00e0 ces deux derni\u00e8res ann\u00e9es et au processus que nous avons suivi pour en arriver l\u00e0.&nbsp;[&#8230;] Des questions et des craintes m&rsquo;ont certainement travers\u00e9 l&rsquo;esprit tout au long de ce processus.&nbsp;[&#8230;] Mais si le sentiment que je ressens en ce moment en regardant Taya est exact, alors elle va \u00eatre une immense b\u00e9n\u00e9diction pour notre famille. Quelle aventure ce&nbsp;sera&nbsp;!<\/em><\/p>\n\n\n\n<p>Et quelle aventure cela a \u00e9t\u00e9&nbsp;! Combien nous sommes reconnaissants de&nbsp;<em>l\u2019assurance<\/em>&nbsp;que nous avons re\u00e7ue au cours de ce processus gr\u00e2ce au pouvoir de l\u2019expiation de notre Sauveur&nbsp;!<\/p>\n\n\n\n<p>Dans les moments d\u2019incertitude et de difficult\u00e9, le pouvoir de l\u2019Expiation nous&nbsp;<em>rassure,<\/em>&nbsp;nous permettant de rester sur le chemin de la paix int\u00e9rieure durable.<\/p>\n\n\n\n<p><strong>L&rsquo;expiation de notre Sauveur nous r\u00e9conforte.<\/strong>&nbsp;L\u2019Expiation nous&nbsp;<em>r\u00e9conforte,<\/em>&nbsp;particuli\u00e8rement dans les moments&nbsp;d&rsquo;inconfort. Bien que je ne connaisse pas personnellement beaucoup d\u2019entre vous, je crois pouvoir affirmer avec certitude que beaucoup de ceux qui sont ici aujourd\u2019hui \u00e9prouvent probablement un certain niveau de&nbsp;d\u2019inconfort&nbsp;dans leur vie. Ricardo P. Gim\u00e9nez, des soixante-dix, a dit&nbsp;:<\/p>\n\n\n\n<p><em>Tandis que nous affrontons les temp\u00eates de la vie, je sais que, si nous donnons le meilleur de nous-m\u00eames et cherchons refuge en J\u00e9sus-Christ et en son expiation, alors nous aurons la b\u00e9n\u00e9diction de recevoir le soulagement, le&nbsp;<strong>r\u00e9confort<\/strong>, la force, la temp\u00e9rance et la paix que nous recherchons<sup>18<\/sup>.<\/em><\/p>\n\n\n\n<p>Pendant la derni\u00e8re C\u00e8ne, quand le Sauveur a promis la paix \u00e0 ses ap\u00f4tres, il a aussi dit ceci&nbsp;:<\/p>\n\n\n\n<p><em>Si vous m&rsquo;aimez, gardez mes commandements.<\/em><\/p>\n\n\n\n<p><em>Et moi, je prierai le P\u00e8re, et il vous donnera un autre consolateur, afin qu&rsquo;il demeure \u00e9ternellement avec vous,&nbsp;[&#8230;]<\/em><\/p>\n\n\n\n<p><em>Je ne vous laisserai pas orphelins, je viendrai \u00e0 vous<sup>19<\/sup>.<\/em><\/p>\n\n\n\n<p>Maintenant, je reviens \u00e0 mon histoire. Au d\u00e9but, nous avons v\u00e9cu de nombreux moments difficiles avec Taya. C\u2019\u00e9tait une p\u00e9riode d\u00e9licate pour elle, car elle essayait de comprendre ce qui se passait. Elle semblait un peu perdue et \u00e9tait assez m\u00e9lancolique. Elle s\u2019accrochait surtout \u00e0 Brooke. Et ces photos illustrent assez clairement ce qu\u2019elle ressentait pour moi \u00e0 cette \u00e9poque. Heureusement, cela n\u2019a dur\u00e9 que quelques semaines. [On a montr\u00e9 des photos de Taya.]<\/p>\n\n\n\n<p>La vie de Taya avait chang\u00e9 aussi radicalement&nbsp;qu&rsquo;une vie pouvait le faire&nbsp;: nouvelle langue, nouveau pays, nouvelle culture, nouvelle famille, nouvelle nourriture et bien d&rsquo;autres choses encore. Au fil des jours, des semaines et des mois, Taya a commenc\u00e9 \u00e0 s\u2019adapter \u00e0 son nouvel environnement. Mais il y avait encore des moments d\u2019angoisse et des nuits blanches pour elle et pour nous.<\/p>\n\n\n\n<p>Heureusement, tout au long de cette p\u00e9riode, nous avons aussi eu des exp\u00e9riences au cours desquelles nous avons ressenti le r\u00e9confort continu de l\u2019Esprit. Un moment de tendresse s\u2019est produit lorsque nous sommes rentr\u00e9s \u00e0 la maison avec Taya. Apr\u00e8s plusieurs jours en Chine et un long voyage de retour, nous craignions qu\u2019elle ne r\u00e9agisse pas bien en voyant nos quatre autres enfants pour la premi\u00e8re fois. Mais vous pouvez imaginer le&nbsp;<em>r\u00e9confort<\/em>&nbsp;que nous avons ressenti en entrant dans la maison. C\u2019est ainsi qu\u2019elle a r\u00e9agi lorsqu&rsquo;elle a vu nos autres enfants&nbsp;! [On a montr\u00e9 des photos de Taya et des autres enfants Hafen.] Il y a eu une joie mutuelle et&nbsp;la cr\u00e9ation d&rsquo;un lien imm\u00e9diat avec sa nouvelle fratrie.<\/p>\n\n\n\n<p>En repensant aux deux premi\u00e8res ann\u00e9es de la vie de Taya avec nous, il y a eu des moments o\u00f9 les choses n\u2019\u00e9taient pas tr\u00e8s agr\u00e9ables. Mais, heureusement, ces moments ont \u00e9t\u00e9 plus que compens\u00e9s par de tendres mis\u00e9ricordes qui m\u2019ont r\u00e9confort\u00e9 et m\u2019ont rassur\u00e9 que tout irait bien. Et c\u2019est aussi ce qui s\u2019est produit lorsque d\u2019autres membres de la famille ont connu&nbsp;de petites p\u00e9riodes et occasionnellement d&rsquo;autres assez longues d&rsquo;inconfort dans leur vie.<\/p>\n\n\n\n<p>Linda S. Reeves, ancienne membre de la pr\u00e9sidence g\u00e9n\u00e9rale de la Soci\u00e9t\u00e9 de Secours, a dit&nbsp;:<\/p>\n\n\n\n<p><em>Rien de ce qui nous arrive n\u2019est une surprise pour<\/em>&nbsp;[J\u00e9sus-Christ].&nbsp;<em>Il sait tout et il nous aime totalement. Il est d\u00e9sireux de nous aider, de nous&nbsp;<strong>r\u00e9conforter<\/strong>&nbsp;et d&rsquo;apaiser notre douleur si nous nous appuyons sur le pouvoir de l&rsquo;Expiation et honorons nos alliances<sup>20<\/sup>.<\/em><\/p>\n\n\n\n<p>Gr\u00e2ce \u00e0 l\u2019expiation de notre Sauveur, nous pouvons faire l\u2019exp\u00e9rience de la promesse qu\u2019il ne nous laissera jamais orphelins. Quelle b\u00e9n\u00e9diction extraordinaire&nbsp;!<\/p>\n\n\n\n<p><strong>L&rsquo;expiation de notre Sauveur nous exalte.<\/strong>&nbsp;Le pouvoir&nbsp;<em>exaltant<\/em>&nbsp;de l\u2019Expiation accomplit l\u2019objectif principal de notre voyage dans la condition mortelle. L\u2019exaltation est la raison de l\u2019expiation du Christ. C\u2019est le d\u00e9sir supr\u00eame que notre P\u00e8re c\u00e9leste a pour chacun de nous. Lors de la conf\u00e9rence g\u00e9n\u00e9rale d\u2019octobre 2006, Richard G. Scott a conclu un beau discours sur l\u2019Expiation par ce t\u00e9moignage&nbsp;:<\/p>\n\n\n\n<p><em>Je t\u00e9moigne que, par une souffrance et une agonie inimaginables, \u00e0 un prix incalculable, le Sauveur a gagn\u00e9 le droit d&rsquo;\u00eatre notre R\u00e9dempteur, notre Interm\u00e9diaire, notre Juge final.&nbsp;[&#8230;] Les points d\u2019assurage que sont ses lois vous garantiront s\u00e9curit\u00e9 et r\u00e9ussite pour franchir les difficult\u00e9s que vous rencontrerez.&nbsp;[&#8230;] Votre vie sera une vie de paix et de bonheur couronn\u00e9e par&nbsp;<strong>l\u2019exaltation<\/strong>&nbsp;dans le royaume c\u00e9leste<sup>21<\/sup>.<\/em><\/p>\n\n\n\n<p>Jusqu\u2019\u00e0 pr\u00e9sent, les b\u00e9n\u00e9dictions que j\u2019ai observ\u00e9es&nbsp;sur&nbsp;le pouvoir transformateur de l\u2019Expiation&nbsp;de nous&nbsp;conduire&nbsp;sur le chemin de la paix int\u00e9rieure durable&nbsp;portent principalement sur la&nbsp;condition mortelle. B\u00e9n\u00e9diction supr\u00eame du plus grand \u00e9v\u00e9nement de l\u2019histoire de la condition humaine, le pouvoir&nbsp;<em>exaltant<\/em>&nbsp;de l\u2019Expiation&nbsp;cr\u00e9e&nbsp;le pont entre la condition mortelle et le plus haut \u00e9tat de gloire \u00e9ternelle. Bien que cette b\u00e9n\u00e9diction incompr\u00e9hensible ne soit pas quelque chose que nous connaissons dans cette vie, je crois que notre P\u00e8re c\u00e9leste aimant nous permet parfois de go\u00fbter \u00e0 ce fruit (pour citer le songe de L\u00e9hi<sup>22<\/sup>). De telles exp\u00e9riences&nbsp;renforcent non seulement&nbsp;notre d\u00e9sir d\u2019atteindre l\u2019exaltation mais nous aident aussi \u00e0 parvenir \u00e0 une paix durable dans la condition mortelle.<\/p>\n\n\n\n<p>J\u2019ai eu tr\u00e8s peu de ces moments pr\u00e9cieux. Mais un de ces moments s\u2019est produit alors que j\u2019\u00e9tais agenouill\u00e9 autour d\u2019un autel dans le temple de Mount Timpanogos (Utah, \u00c9tats-Unis) avec ma famille le matin du 15 novembre 2008. C\u2019est le jour o\u00f9 Taya a \u00e9t\u00e9 scell\u00e9e \u00e0 notre famille pour l\u2019\u00e9ternit\u00e9&nbsp;! [On a montr\u00e9 une photo de la famille Hafen&nbsp;v\u00eatue de blanc.]<\/p>\n\n\n\n<p>Il est certain que nous avons beaucoup de travail \u00e0 faire pour atteindre cet objectif \u00e9ternel, en particulier pour le p\u00e8re de cette famille, mais je suis toujours reconnaissant de cette exp\u00e9rience qui m\u2019a donn\u00e9 un aper\u00e7u, aussi petit soit-il, de ce \u00e0 quoi pourrait ressembler l\u2019exaltation. Je ne peux qu\u2019imaginer \u00e0 quel point la vie \u00e9ternelle avec notre famille et nos \u00eatres chers sera extraordinaire.<\/p>\n\n\n\n<p><strong>Assurer un chemin personnel vers une paix durable&nbsp;: Rappel et&nbsp;invitation<\/strong><\/p>\n\n\n\n<p>En r\u00e9sum\u00e9, l\u2019expiation de notre Sauveur nous<\/p>\n\n\n\n<p>Purifie (<em>en anglais&nbsp;: Purifies<\/em>)<br>Donne de la force (<em>Enables<\/em>)<br>Rassure&nbsp;(<em>Assures<\/em>)<br>R\u00e9conforte (<em>Comforts<\/em>)<br>Exalte (<em>Exalts<\/em>)<\/p>\n\n\n\n<p>Dans un monde rempli d\u2019acronymes, j\u2019esp\u00e8re que vous vous souviendrez de celui-ci. Non pas parce ces cinq mots [en anglais] \u00e9pellent le mot&nbsp;<em>peace<\/em>&nbsp;[qui veut dire&nbsp;<em>paix<\/em>&nbsp;en anglais], mais plut\u00f4t parce que ces cinq b\u00e9n\u00e9dictions vous aideront \u00e0 ressentir la paix continuellement.<\/p>\n\n\n\n<p>Je suis tellement reconnaissant de ces b\u00e9n\u00e9dictions et des innombrables autres qui viennent de J\u00e9sus-Christ&nbsp;! L\u2019expiation de notre Sauveur est notre chemin vers une paix int\u00e9rieure durable&nbsp;!<\/p>\n\n\n\n<p>Je terminerai par un&nbsp;<em>simple rappel<\/em>&nbsp;et une&nbsp;<em>seule<\/em>&nbsp;<em>invitation.<\/em><\/p>\n\n\n\n<p>Tout d\u2019abord, le rappel&nbsp;: nous sommes litt\u00e9ralement les fils et filles de notre P\u00e8re c\u00e9leste. Cette identit\u00e9 divine primordiale nous donne acc\u00e8s \u00e0 l\u2019expiation de J\u00e9sus-Christ.&nbsp;<em>Mais cet acc\u00e8s divin est le fruit d&rsquo;une action, et non d&rsquo;un hasard.<\/em><\/p>\n\n\n\n<p>En gardant cela \u00e0 l\u2019esprit, comment pouvons-nous nous assurer que nos actions quotidiennes s\u2019alignent sur nos d\u00e9sirs de conna\u00eetre une paix int\u00e9rieure durable&nbsp;? Bien que la r\u00e9ponse \u00e0 cette question puisse varier en fonction de la r\u00e9flexion personnelle et de la situation, il y a peut-\u00eatre une r\u00e9ponse qui se distingue par son importance.<\/p>\n\n\n\n<p>Pour moi, cette r\u00e9ponse se trouve dans ma seule invitation&nbsp;:&nbsp;<em>Engagez-vous compl\u00e8tement \u00e0 respecter toutes vos&nbsp;alliances.<\/em><\/p>\n\n\n\n<p>La semaine derni\u00e8re, Dale G. Renlund nous a magnifiquement enseign\u00e9 l\u2019importance de contracter et de respecter toutes nos alliances<sup>23<\/sup>. En fait, depuis des d\u00e9cennies, nos proph\u00e8tes modernes ont mis l\u2019accent sur le fait&nbsp;de s\u2019engager \u00e0 respecter nos alliances. Combien je suis reconnaissant \u00e0 notre proph\u00e8te actuel, Russell M. Nelson, de nous aider \u00e0 nous concentrer davantage sur nos alliances sacr\u00e9es. Voici l\u2019un&nbsp;des nombreux exemples&nbsp;que je pourrais citer de comment,&nbsp;en tant que proph\u00e8te, il a fix\u00e9 les alliances comme une priorit\u00e9&nbsp;:<\/p>\n\n\n\n<p><em>Tout ce qui est enseign\u00e9 dans le temple, par les instructions et l&rsquo;Esprit, accro\u00eet notre compr\u00e9hension de J\u00e9sus-Christ. Ses ordonnances essentielles nous lient \u00e0 lui \u00e0 travers les alliances sacr\u00e9es de la pr\u00eatrise. Puis, si nous gardons nos alliances, il nous dote de&nbsp;<strong>son<\/strong>&nbsp;pouvoir gu\u00e9risseur et fortifiant. Et combien nous aurons besoin de son pouvoir dans les jours \u00e0 venir<sup>24<\/sup>&nbsp;!<\/em><sup><\/sup><\/p>\n\n\n\n<p>La plupart d\u2019entre nous ici pr\u00e9sents aujourd\u2019hui ont contract\u00e9 des alliances sacr\u00e9es avec notre P\u00e8re c\u00e9leste. Mais la porte qui s\u2019ouvre lorsque nous contractons des alliances commencera \u00e0 se refermer si nos alliances deviennent inactives. Peut-\u00eatre devrions-nous nous demander si nous contractons des alliances de mani\u00e8re passive ou si nous les respectons activement. Notre P\u00e8re c\u00e9leste ne peut pas nous accorder compl\u00e8tement la paix si nous n\u2019utilisons pas l\u2019expiation du Christ pour respecter compl\u00e8tement toutes nos alliances, un bel \u00e9quilibre de justice et de mis\u00e9ricorde enracin\u00e9 dans le saint amour. Si vous voulez vraiment poursuivre votre chemin vers une paix durable, engagez-vous maintenant, engagez-vous chaque jour, \u00e0&nbsp;<em>respecter compl\u00e8tement toutes vos alliances.<\/em>&nbsp;Souvenez-vous que nos alliances nous permettent d\u2019avoir un lien direct et divin avec J\u00e9sus-Christ&nbsp;! Et&nbsp;nous sommes tous appel\u00e9s \u00e0 nous&nbsp;efforcer d\u2019\u00e9tablir ce lien.<\/p>\n\n\n\n<p>Fr\u00e8res et s\u0153urs, je t\u00e9moigne que, si nous suivons les conseils de notre proph\u00e8te et nous engageons compl\u00e8tement \u00e0 respecter toutes nos alliances, nous lib\u00e9rerons le pouvoir transformateur de l\u2019expiation de notre Sauveur, qui nous purifie, nous donne de la force, nous rassure, nous r\u00e9conforte et nous exalte&nbsp;! Je t\u00e9moigne que notre P\u00e8re c\u00e9leste aimant et son Fils, notre Sauveur J\u00e9sus-Christ, veulent que nous ressentions une paix int\u00e9rieure durable dans cette vie tandis que nous nous pr\u00e9parons \u00e0 vivre de nouveau avec eux dans une paix \u00e9ternelle exalt\u00e9e. Puissions-nous tous nous tourner davantage vers notre Sauveur J\u00e9sus-Christ et progresser sur le chemin de la paix int\u00e9rieure durable. C\u2019est l\u00e0 ma pri\u00e8re, au nom de J\u00e9sus-Christ. Amen.<\/p>\n\n\n\n<p><em>\u00a9 Brigham Young University. Tous droits r\u00e9serv\u00e9s.<\/em><\/p>\n","protected":false},"template":"","tags":[],"class_list":["post-701","speech","type-speech","status-publish","hentry","event_type-reunion-spirituelle","speaker-steven-j-hafen","topic-adoption","topic-expiation","topic-paix"],"acf":[],"yoast_head":"<!-- This site is optimized with the Yoast SEO Premium plugin v27.5 (Yoast SEO v27.5) - https:\/\/yoast.com\/product\/yoast-seo-premium-wordpress\/ -->\n<title>Notre chemin vers une paix int\u00e9rieure durable | BYU Speeches Fran\u00e7ais<\/title>\n<meta name=\"description\" content=\"Si vous voulez poursuivre votre chemin vers une paix int\u00e9rieure durable, engagez-vous maintenant \u00e0\u00a0respecter compl\u00e8tement vos alliances.\" \/>\n<meta name=\"robots\" content=\"index, follow, max-snippet:-1, max-image-preview:large, max-video-preview:-1\" \/>\n<link rel=\"canonical\" href=\"https:\/\/speeches.byu.edu\/fra\/talks\/steven-j-hafen\/notre-chemin-vers-une-paix-interieure-durable\/\" \/>\n<meta property=\"og:locale\" content=\"fr_FR\" \/>\n<meta property=\"og:type\" content=\"article\" \/>\n<meta property=\"og:title\" content=\"Notre chemin vers une paix int\u00e9rieure durable\" \/>\n<meta property=\"og:description\" content=\"Si vous voulez poursuivre votre chemin vers une paix int\u00e9rieure durable, engagez-vous maintenant \u00e0\u00a0respecter compl\u00e8tement vos alliances.\" \/>\n<meta property=\"og:url\" content=\"https:\/\/speeches.byu.edu\/fra\/talks\/steven-j-hafen\/notre-chemin-vers-une-paix-interieure-durable\/\" \/>\n<meta property=\"og:site_name\" content=\"BYU Speeches Fran\u00e7ais\" \/>\n<meta property=\"article:publisher\" content=\"https:\/\/www.youtube.com\/@Byuspeechesfrancais\" \/>\n<meta property=\"article:modified_time\" content=\"2024-08-08T15:39:59+00:00\" \/>\n<meta property=\"og:image\" content=\"https:\/\/speeches.byu.edu\/fra\/wp-content\/uploads\/sites\/8\/2024\/01\/Speeches_ShareCard2024_FRA.jpg\" \/>\n\t<meta property=\"og:image:width\" content=\"1920\" \/>\n\t<meta property=\"og:image:height\" content=\"1080\" \/>\n\t<meta property=\"og:image:type\" content=\"image\/jpeg\" \/>\n<meta name=\"twitter:card\" content=\"summary_large_image\" \/>\n<meta name=\"twitter:label1\" content=\"Written by\" \/>\n\t<meta name=\"twitter:data1\" content=\"Steven J. Hafen\" \/>\n<script type=\"application\/ld+json\" class=\"yoast-schema-graph\">{\"@context\":\"https:\\\/\\\/schema.org\",\"@graph\":[{\"@type\":\"WebPage\",\"@id\":\"https:\\\/\\\/speeches.byu.edu\\\/fra\\\/talks\\\/steven-j-hafen\\\/notre-chemin-vers-une-paix-interieure-durable\\\/\",\"url\":\"https:\\\/\\\/speeches.byu.edu\\\/fra\\\/talks\\\/steven-j-hafen\\\/notre-chemin-vers-une-paix-interieure-durable\\\/\",\"name\":\"Notre chemin vers une paix int\u00e9rieure durable | BYU Speeches Fran\u00e7ais\",\"isPartOf\":{\"@id\":\"https:\\\/\\\/speeches.byu.edu\\\/fra\\\/#website\"},\"datePublished\":\"2024-07-12T02:00:00+00:00\",\"dateModified\":\"2024-08-08T15:39:59+00:00\",\"description\":\"Si vous voulez poursuivre votre chemin vers une paix int\u00e9rieure durable, engagez-vous maintenant \u00e0\u00a0respecter compl\u00e8tement vos alliances.\",\"breadcrumb\":{\"@id\":\"https:\\\/\\\/speeches.byu.edu\\\/fra\\\/talks\\\/steven-j-hafen\\\/notre-chemin-vers-une-paix-interieure-durable\\\/#breadcrumb\"},\"inLanguage\":\"fr-FR\",\"potentialAction\":[{\"@type\":\"ReadAction\",\"target\":[\"https:\\\/\\\/speeches.byu.edu\\\/fra\\\/talks\\\/steven-j-hafen\\\/notre-chemin-vers-une-paix-interieure-durable\\\/\"]}]},{\"@type\":\"BreadcrumbList\",\"@id\":\"https:\\\/\\\/speeches.byu.edu\\\/fra\\\/talks\\\/steven-j-hafen\\\/notre-chemin-vers-une-paix-interieure-durable\\\/#breadcrumb\",\"itemListElement\":[{\"@type\":\"ListItem\",\"position\":1,\"name\":\"Speeches\",\"item\":\"https:\\\/\\\/speeches.byu.edu\\\/fra\\\/talks\\\/\"},{\"@type\":\"ListItem\",\"position\":2,\"name\":\"Steven J. Hafen\",\"item\":\"https:\\\/\\\/speeches.byu.edu\\\/fra\\\/speakers\\\/steven-j-hafen\\\/\"},{\"@type\":\"ListItem\",\"position\":3,\"name\":\"Notre chemin vers une paix int\u00e9rieure durable\"}]},{\"@type\":\"WebSite\",\"@id\":\"https:\\\/\\\/speeches.byu.edu\\\/fra\\\/#website\",\"url\":\"https:\\\/\\\/speeches.byu.edu\\\/fra\\\/\",\"name\":\"BYU Speeches Fran\u00e7ais\",\"description\":\"\",\"publisher\":{\"@id\":\"https:\\\/\\\/speeches.byu.edu\\\/fra\\\/#organization\"},\"potentialAction\":[{\"@type\":\"SearchAction\",\"target\":{\"@type\":\"EntryPoint\",\"urlTemplate\":\"https:\\\/\\\/speeches.byu.edu\\\/fra\\\/?s={search_term_string}\"},\"query-input\":{\"@type\":\"PropertyValueSpecification\",\"valueRequired\":true,\"valueName\":\"search_term_string\"}}],\"inLanguage\":\"fr-FR\"},{\"@type\":\"Organization\",\"@id\":\"https:\\\/\\\/speeches.byu.edu\\\/fra\\\/#organization\",\"name\":\"BYU Speeches\",\"url\":\"https:\\\/\\\/speeches.byu.edu\\\/fra\\\/\",\"logo\":{\"@type\":\"ImageObject\",\"inLanguage\":\"fr-FR\",\"@id\":\"https:\\\/\\\/speeches.byu.edu\\\/fra\\\/#\\\/schema\\\/logo\\\/image\\\/\",\"url\":\"https:\\\/\\\/speeches.byu.edu\\\/fra\\\/wp-content\\\/uploads\\\/sites\\\/8\\\/2024\\\/01\\\/BYUspeechesLogo-1.png\",\"contentUrl\":\"https:\\\/\\\/speeches.byu.edu\\\/fra\\\/wp-content\\\/uploads\\\/sites\\\/8\\\/2024\\\/01\\\/BYUspeechesLogo-1.png\",\"width\":1000,\"height\":1000,\"caption\":\"BYU Speeches\"},\"image\":{\"@id\":\"https:\\\/\\\/speeches.byu.edu\\\/fra\\\/#\\\/schema\\\/logo\\\/image\\\/\"},\"sameAs\":[\"https:\\\/\\\/www.youtube.com\\\/@Byuspeechesfrancais\"]}]}<\/script>\n<!-- \/ Yoast SEO Premium plugin. -->","yoast_head_json":{"title":"Notre chemin vers une paix int\u00e9rieure durable | BYU Speeches Fran\u00e7ais","description":"Si vous voulez poursuivre votre chemin vers une paix int\u00e9rieure durable, engagez-vous maintenant \u00e0\u00a0respecter compl\u00e8tement vos alliances.","robots":{"index":"index","follow":"follow","max-snippet":"max-snippet:-1","max-image-preview":"max-image-preview:large","max-video-preview":"max-video-preview:-1"},"canonical":"https:\/\/speeches.byu.edu\/fra\/talks\/steven-j-hafen\/notre-chemin-vers-une-paix-interieure-durable\/","og_locale":"fr_FR","og_type":"article","og_title":"Notre chemin vers une paix int\u00e9rieure durable","og_description":"Si vous voulez poursuivre votre chemin vers une paix int\u00e9rieure durable, engagez-vous maintenant \u00e0\u00a0respecter compl\u00e8tement vos alliances.","og_url":"https:\/\/speeches.byu.edu\/fra\/talks\/steven-j-hafen\/notre-chemin-vers-une-paix-interieure-durable\/","og_site_name":"BYU Speeches Fran\u00e7ais","article_publisher":"https:\/\/www.youtube.com\/@Byuspeechesfrancais","article_modified_time":"2024-08-08T15:39:59+00:00","og_image":[{"width":1920,"height":1080,"url":"https:\/\/speeches.byu.edu\/fra\/wp-content\/uploads\/sites\/8\/2024\/01\/Speeches_ShareCard2024_FRA.jpg","type":"image\/jpeg"}],"twitter_card":"summary_large_image","twitter_misc":{"Written by":"Steven J. Hafen"},"schema":{"@context":"https:\/\/schema.org","@graph":[{"@type":"WebPage","@id":"https:\/\/speeches.byu.edu\/fra\/talks\/steven-j-hafen\/notre-chemin-vers-une-paix-interieure-durable\/","url":"https:\/\/speeches.byu.edu\/fra\/talks\/steven-j-hafen\/notre-chemin-vers-une-paix-interieure-durable\/","name":"Notre chemin vers une paix int\u00e9rieure durable | BYU Speeches Fran\u00e7ais","isPartOf":{"@id":"https:\/\/speeches.byu.edu\/fra\/#website"},"datePublished":"2024-07-12T02:00:00+00:00","dateModified":"2024-08-08T15:39:59+00:00","description":"Si vous voulez poursuivre votre chemin vers une paix int\u00e9rieure durable, engagez-vous maintenant \u00e0\u00a0respecter compl\u00e8tement vos alliances.","breadcrumb":{"@id":"https:\/\/speeches.byu.edu\/fra\/talks\/steven-j-hafen\/notre-chemin-vers-une-paix-interieure-durable\/#breadcrumb"},"inLanguage":"fr-FR","potentialAction":[{"@type":"ReadAction","target":["https:\/\/speeches.byu.edu\/fra\/talks\/steven-j-hafen\/notre-chemin-vers-une-paix-interieure-durable\/"]}]},{"@type":"BreadcrumbList","@id":"https:\/\/speeches.byu.edu\/fra\/talks\/steven-j-hafen\/notre-chemin-vers-une-paix-interieure-durable\/#breadcrumb","itemListElement":[{"@type":"ListItem","position":1,"name":"Speeches","item":"https:\/\/speeches.byu.edu\/fra\/talks\/"},{"@type":"ListItem","position":2,"name":"Steven J. Hafen","item":"https:\/\/speeches.byu.edu\/fra\/speakers\/steven-j-hafen\/"},{"@type":"ListItem","position":3,"name":"Notre chemin vers une paix int\u00e9rieure durable"}]},{"@type":"WebSite","@id":"https:\/\/speeches.byu.edu\/fra\/#website","url":"https:\/\/speeches.byu.edu\/fra\/","name":"BYU Speeches Fran\u00e7ais","description":"","publisher":{"@id":"https:\/\/speeches.byu.edu\/fra\/#organization"},"potentialAction":[{"@type":"SearchAction","target":{"@type":"EntryPoint","urlTemplate":"https:\/\/speeches.byu.edu\/fra\/?s={search_term_string}"},"query-input":{"@type":"PropertyValueSpecification","valueRequired":true,"valueName":"search_term_string"}}],"inLanguage":"fr-FR"},{"@type":"Organization","@id":"https:\/\/speeches.byu.edu\/fra\/#organization","name":"BYU Speeches","url":"https:\/\/speeches.byu.edu\/fra\/","logo":{"@type":"ImageObject","inLanguage":"fr-FR","@id":"https:\/\/speeches.byu.edu\/fra\/#\/schema\/logo\/image\/","url":"https:\/\/speeches.byu.edu\/fra\/wp-content\/uploads\/sites\/8\/2024\/01\/BYUspeechesLogo-1.png","contentUrl":"https:\/\/speeches.byu.edu\/fra\/wp-content\/uploads\/sites\/8\/2024\/01\/BYUspeechesLogo-1.png","width":1000,"height":1000,"caption":"BYU Speeches"},"image":{"@id":"https:\/\/speeches.byu.edu\/fra\/#\/schema\/logo\/image\/"},"sameAs":["https:\/\/www.youtube.com\/@Byuspeechesfrancais"]}]}},"_links":{"self":[{"href":"https:\/\/speeches.byu.edu\/fra\/wp-json\/wp\/v2\/speech\/701","targetHints":{"allow":["GET"]}}],"collection":[{"href":"https:\/\/speeches.byu.edu\/fra\/wp-json\/wp\/v2\/speech"}],"about":[{"href":"https:\/\/speeches.byu.edu\/fra\/wp-json\/wp\/v2\/types\/speech"}],"wp:attachment":[{"href":"https:\/\/speeches.byu.edu\/fra\/wp-json\/wp\/v2\/media?parent=701"}],"wp:term":[{"taxonomy":"post_tag","embeddable":true,"href":"https:\/\/speeches.byu.edu\/fra\/wp-json\/wp\/v2\/tags?post=701"}],"curies":[{"name":"wp","href":"https:\/\/api.w.org\/{rel}","templated":true}]}}