{"id":1505,"date":"2026-03-27T06:00:00","date_gmt":"2026-03-27T06:00:00","guid":{"rendered":"https:\/\/speeches.byu.edu\/por\/?post_type=speech&#038;p=1505"},"modified":"2026-03-27T01:33:53","modified_gmt":"2026-03-27T01:33:53","slug":"receber-com-alegria-o-messias","status":"publish","type":"speech","link":"https:\/\/speeches.byu.edu\/por\/talks\/dieter-f-uchtdorf\/receber-com-alegria-o-messias\/","title":{"rendered":"Receber com alegria o Messias inesperado"},"content":{"rendered":"\n<p class=\"has-text-align-center has-small-font-size\"><strong><em>Pretendemos modificar a tradu\u00e7\u00e3o se for necess\u00e1rio. Para dar sugest\u00f5es, envie um e-mail para: speeches.por@byu.edu<\/em><\/strong><br><\/p>\n\n\n\n<h2 class=\"wp-block-heading\" id=\"h-a-entrada-triunfal\">A Entrada Triunfal<\/h2>\n\n\n\n<p>\u00c9 uma honra e alegria para a irm\u00e3 Uchtdorf e eu estarmos de volta \u00e0 BYU, especialmente durante esta semana t\u00e3o importante. E n\u00e3o me refiro \u00e0 semana de provas \u2014 embora ela tamb\u00e9m seja muito importante, e voc\u00eas realmente devam estudar bastante para os exames assim que este devocional terminar.<\/p>\n\n\n\n<p>Esta semana \u00e9 ainda mais importante por outro motivo. Na verdade, pode-se argumentar que \u00e9 a semana mais sagrada do calend\u00e1rio crist\u00e3o. Comemoramos os \u00faltimos dias do nosso Salvador na mortalidade, culminando com Sua gloriosa Ressurrei\u00e7\u00e3o e triunfo sobre a morte naquele belo domingo de P\u00e1scoa.<\/p>\n\n\n\n<p>Nos \u00faltimos dias, inclusive na confer\u00eancia geral, fomos aben\u00e7oados com v\u00e1rias mensagens e testemunhos celebrando esses eventos sagrados.<\/p>\n\n\n\n<p>H\u00e1 apenas dois dias, o mundo crist\u00e3o celebrou o Domingo de Ramos. Hoje, que voltemos nossos pensamentos para aquele dia hist\u00f3rico em que Jesus Cristo, o Rei dos reis, entrou triunfalmente \u2014 mas com humildade \u2014 na cidade santa de Jerusal\u00e9m.<\/p>\n\n\n\n<p>As ruas da cidade estavam cheias de pessoas que se haviam reunido em Jerusal\u00e9m para a festa da P\u00e1scoa. A not\u00edcia de que Jesus de Nazar\u00e9 estava chegando se espalhou rapidamente e causou grande como\u00e7\u00e3o. &#8220;Toda a cidade se alvoro\u00e7ou&#8221;, dizem as escrituras.<sup>1<\/sup> Uma grande multid\u00e3o reuniu-se \u00e0 porta da cidade para receb\u00ea-Lo. Alguns estenderam suas roupas no ch\u00e3o para honr\u00e1-Lo ao entrar em sua amada cidade. Outros cortaram ramos de palmeiras e espalharam-nos pela estrada. As pessoas estavam celebrando e gritando &#8220;em alta voz: \u2018Bendito \u00e9 o rei que vem em nome do Senhor! Paz no c\u00e9u, e gl\u00f3ria nas alturas!\u2019&#8221;<sup>2<\/sup><\/p>\n\n\n\n<p>A atmosfera estava absolutamente el\u00e9trica.<\/p>\n\n\n\n<p>As pessoas come\u00e7aram a perguntar: &#8220;Quem \u00e9 esse?&#8221;<sup>3<\/sup><\/p>\n\n\n\n<p>Os fariseus queriam p\u00f4r fim a toda a como\u00e7\u00e3o. Mas \u00e9 claro que isso era imposs\u00edvel. O ar estava carregado de emo\u00e7\u00e3o e antecipa\u00e7\u00e3o.<sup>4<\/sup><\/p>\n\n\n\n<p>Voc\u00eas conseguem imaginar como os disc\u00edpulos do Salvador devem ter se sentido? Este era o momento pelo qual eles estavam esperando! Finalmente, as pessoas estavam reconhecendo Jesus como o Messias prometido. Finalmente, a espera acabou! Agora, o sofrimento acabaria! Os filhos de Israel seriam libertados porque seu Rei havia chegado!<\/p>\n\n\n\n<p>As pessoas estavam tomadas de grande expectativa \u2014 mas ser\u00e1 que estavam esperando pelas coisas certas?\u2075<\/p>\n\n\n\n<h2 class=\"wp-block-heading\" id=\"h-expectativas\">Expectativas<\/h2>\n\n\n\n<p>Bem, com o tempo, os gritos de louvor e j\u00fabilo foram se diminuindo \u2014 como acontece muitas vezes na vida. A multid\u00e3o dispersou-se. As pessoas voltaram \u00e0s suas atividades regulares e tiveram a refei\u00e7\u00e3o da P\u00e1scoa, mas ainda estavam sujeitas a Roma e tinham que pagar impostos. Muitos deles provavelmente relembraram aquele domingo em Jerusal\u00e9m e se perguntaram qual era o motivo de tanta agita\u00e7\u00e3o.<\/p>\n\n\n\n<p>Enquanto isso, Jesus teve uma \u00daltima Ceia silenciosa com Seus ap\u00f3stolos no Cen\u00e1culo. Ele ensinou-os, encorajou-os e orou por eles. Ele deu-lhes a ordenan\u00e7a do sacramento, algo para lembr\u00e1-los Dele.<\/p>\n\n\n\n<p>Ent\u00e3o, Ele entrou em um jardim chamado Gets\u00eamani, e l\u00e1 \u2014 sozinho \u2014 Ele tomou sobre Si os pecados do mundo. Ele andou &#8220;sozinho\u2026 no lagar&#8221;<sup>6 <\/sup>e ningu\u00e9m estava com Ele.<\/p>\n\n\n\n<p>No final do dia seguinte, Jesus estava pendurado em uma cruz entre dois ladr\u00f5es comuns, sofrendo uma execu\u00e7\u00e3o cruel e humilhante. Em vez de adora\u00e7\u00e3o, Ele passou a receber zombarias. &#8220;Se \u00e9 o Rei de Israel&#8221;, disse o povo, &#8220;des\u00e7a agora da cruz, e creremos nele&#8221;.<sup>7<\/sup><\/p>\n\n\n\n<p>Alguns observadores devem ter ficado sinceramente confusos. N\u00e3o foi esse o mesmo homem que causou toda aquela como\u00e7\u00e3o h\u00e1 alguns dias? N\u00e3o era para Ele ser nosso Libertador? Como \u00e9 que Ele nos salvar\u00e1 se Ele nem pode salvar a Si mesmo?<\/p>\n\n\n\n<p>Um dos ladr\u00f5es sendo crucificado com Jesus verbalizou o que muitas pessoas certamente estavam pensando: &#8220;Voc\u00ea n\u00e3o \u00e9 o Cristo?&#8221;, perguntou ele. &#8220;Salve-se a si mesmo e a n\u00f3s!&#8221;<sup>8<\/sup><\/p>\n\n\n\n<p>Com o benef\u00edcio da retrospectiva, podemos ver claramente que as pessoas tinham expectativas equivocadas quanto \u00e0 verdadeira miss\u00e3o de Jesus. Jo\u00e3o observou que, a princ\u00edpio, nem mesmo os disc\u00edpulos de Jesus compreenderam.<sup>9<\/sup><\/p>\n\n\n\n<p>Ao aceitar a agonia e suport\u00e1-la at\u00e9 o fim, Ele estava, de fato, salvando a todos, mesmo aqueles que O crucificaram. Por Sua livre vontade e escolha, Ele entregou-Se como sacrif\u00edcio final e completo. Esse \u00e9 o Messias. E, ao fazer isso, Ele estava salvando voc\u00ea, a mim e a todos os que viveriam algum dia nesta Terra.<\/p>\n\n\n\n<p>Descer da cruz e salvar a Si mesmo teria sido impressionante e poderia ter convencido alguns de que Ele era mais do que um ser humano, talvez at\u00e9 o Filho de Deus.<\/p>\n\n\n\n<p>Mas o fato de que Ele escolheu tomar Sua cruz, andar sozinho no lagar e trazer o sacrif\u00edcio final ao altar divino para resgatar todos os filhos de Deus \u2014 mesmo tendo o poder de salvar a Si mesmo \u2014 tornou-se a suprema testemunha de que Ele \u00e9 o Filho de Deus. Ele submeteu-Se \u00e0 vontade do Pai e estava comprometido a cumprir Seu plano de salva\u00e7\u00e3o at\u00e9 o \u00faltimo suspiro.<\/p>\n\n\n\n<p>Com todo o conhecimento adicional e a abund\u00e2ncia de revela\u00e7\u00f5es que iluminaram o mundo at\u00e9 hoje, podemos compreender isso agora \u2014 se estivermos dispostos. Ele \u00e9 o Messias! Mas, meus queridos jovens amigos, como ter\u00edamos reagido naquele momento, em Jerusal\u00e9m ou na Galileia?<\/p>\n\n\n\n<p>Talvez n\u00e3o dev\u00eassemos julgar com demasiada severidade nossos semelhantes daquela \u00e9poca antiga, que estavam genuinamente perplexos com esse \u201cMessias inesperado\u201d.<sup>10<\/sup><\/p>\n\n\n\n<h2 class=\"wp-block-heading\" id=\"h-quando-as-coisas-nao-parecem-se-encaixar\">Quando as coisas n\u00e3o parecem se encaixar<\/h2>\n\n\n\n<p>Todos n\u00f3s j\u00e1 experimentamos uma desconex\u00e3o ocasional entre o que esperamos da vida e o que realmente acontece, n\u00e3o \u00e9 verdade? Surpresas inesperadas fazem parte de nossas vidas, n\u00e3o fazem?<\/p>\n\n\n\n<p>O evangelho de Jesus Cristo \u00e9 um evangelho de altos ideais. Muitos de n\u00f3s nos voltamos ao Salvador precisamente porque Ele eleva nossa vis\u00e3o e nossas aspira\u00e7\u00f5es muito al\u00e9m de tudo o que o mundo tem a oferecer.<\/p>\n\n\n\n<p>Acreditamos, por exemplo, que todo ser humano \u00e9 um filho ou filha amado do Ser mais glorioso do universo! E, por causa disso, cada um de n\u00f3s tem potencial ilimitado e um glorioso destino divino!<\/p>\n\n\n\n<p>Acreditamos no &#8220;estado aben\u00e7oado e feliz daqueles que [est\u00e3o dispostos e] guardam os mandamentos de Deus.&#8221;<sup>11<\/sup> Temos f\u00e9 de que o caminho do discipulado \u00e9 o caminho da alegria divina: viver o evangelho conduz a uma vida feliz e pac\u00edfica, com fortes relacionamentos familiares que v\u00e3o al\u00e9m desta vida, para as eternidades.<\/p>\n\n\n\n<p>Esses s\u00e3o alguns dos ideais do evangelho. Eles s\u00e3o belos e esperan\u00e7osos, assim como verdadeiros. Sou testemunha disso.<\/p>\n\n\n\n<p>Portanto, n\u00e3o deve ser uma surpresa que esses ideais nem sempre correspondam \u00e0s realidades bagun\u00e7adas e mundanas da mortalidade.<\/p>\n\n\n\n<p>Em um mundo perfeito, todos sempre guardariam os mandamentos de Deus. Em um mundo perfeito, todos nos sentir\u00edamos aben\u00e7oados e felizes, e todo membro fiel de A Igreja de Jesus Cristo dos Santos dos \u00daltimos Dias teria um casamento e uma fam\u00edlia fortes e gratificantes. Mas o fato \u00e9 que alguns de n\u00f3s enfrentam desafios muito complexos e assustadores que fazem com que essas b\u00ean\u00e7\u00e3os pare\u00e7am quase fora de nosso alcance.<\/p>\n\n\n\n<p>Ent\u00e3o, o que fazemos quando os belos, universais e eternos ideais do evangelho se chocam com as dolorosas realidades individuais e mortais da vida?<\/p>\n\n\n\n<p>H\u00e1 pelo menos duas coisas que voc\u00eas devem lembrar:<\/p>\n\n\n\n<ul class=\"wp-block-list\">\n<li>Nunca desistam do ideal.<\/li>\n\n\n\n<li>N\u00e3o desconsiderem o real.<\/li>\n<\/ul>\n\n\n\n<p>Aceitem ambos.<\/p>\n\n\n\n<p>N\u00e3o \u00e9 f\u00e1cil para nossas mentes e cora\u00e7\u00f5es mortais manter dois conceitos que parecem se contradizer.<\/p>\n\n\n\n<p>Ent\u00e3o, para resolver a desconex\u00e3o em nossas mentes, podemos chegar rapidamente a conclus\u00f5es precipitadas: &#8220;Se estou sofrendo, devo ter feito algo errado.&#8221; Ou &#8220;Se n\u00e3o estou vendo as b\u00ean\u00e7\u00e3os que esperava, as promessas n\u00e3o devem ser reais&#8221;. Ou, como se perguntou o ladr\u00e3o na cruz: &#8220;Se Ele \u00e9 o Cristo, por que n\u00e3o p\u00f5e fim \u00e0 minha dor?&#8221;<\/p>\n\n\n\n<h2 class=\"wp-block-heading\" id=\"h-o-caminho-de-deus-nao-e-nosso-caminho\">O caminho de Deus n\u00e3o \u00e9 nosso caminho<\/h2>\n\n\n\n<p>Mas talvez haja outra maneira de ver as coisas. N\u00e3o disse o Senhor: \u201cAssim como os c\u00e9us s\u00e3o mais altos do que a terra, assim s\u00e3o os meus caminhos mais altos do que os vossos caminhos, e os meus pensamentos, mais altos do que os vossos pensamentos\u201d?<\/p>\n\n\n\n<p>N\u00e3o precisamos procurar muito para ver exemplos desse princ\u00edpio em a\u00e7\u00e3o. H\u00e1 tantas coisas na vida que Deus v\u00ea de forma diferente do que n\u00f3s vemos.<\/p>\n\n\n\n<p>Que consideremos, por exemplo, uma conhecida escritura do Livro de M\u00f3rmon: \u201cAd\u00e3o caiu para que os homens existissem; e os homens existem para que tenham alegria.\u201d<sup>13<\/sup><\/p>\n\n\n\n<p>Tendemos a pensar na alegria como a aus\u00eancia de tristeza.<\/p>\n\n\n\n<p>Mas e se a alegria n\u00e3o fosse a aus\u00eancia de tristeza?<\/p>\n\n\n\n<p>E se a alegria e a tristeza pudessem coexistir?<\/p>\n\n\n\n<p>E se elas precisassem coexistir?<\/p>\n\n\n\n<p>\u00c9 interessante notar que a declara\u00e7\u00e3o de Le\u00ed sobre a alegria vem ao mesmo tempo que sua observa\u00e7\u00e3o sobre a queda de Ad\u00e3o e Eva. Ele parece estar dizendo que a transgress\u00e3o deles no Jardim do \u00c9den, que trouxe dor, morte, doen\u00e7a e tristeza ao mundo, tamb\u00e9m abriu caminho para a alegria.<\/p>\n\n\n\n<p>Em outras palavras, se voc\u00eas esperarem que a tristeza termine antes que possam experimentar a alegria, voc\u00eas podem perder a alegria completamente. Experimentar uma medida de tristeza pode permitir que seu cora\u00e7\u00e3o e mente recebam pura alegria celestial!<sup>14<\/sup><\/p>\n\n\n\n<p>Como isso \u00e9 poss\u00edvel? A resposta vem \u2014 como as respostas muitas vezes v\u00eam \u2014 de Jesus Cristo e do plano de felicidade dado pelo Pai.<sup>15<\/sup> Usando as palavras de Eva, \u00e9<\/p>\n\n\n\n<p>a alegria de nossa reden\u00e7\u00e3o e a vida eterna que Deus concede a todos os obedientes.<br>E Ad\u00e3o e Eva bendisseram o nome de Deus.<sup>16<\/sup><\/p>\n\n\n\n<p>Esse \u00e9 o princ\u00edpio.<\/p>\n\n\n\n<p>A alegria profunda que Deus nos oferece \u00e9 muito diferente dos prazeres superficiais do mundo. \u00c9 o tipo de alegria que o presidente Russell M. Nelson ensinou: \u201cPodemos sentir alegria mesmo quando temos um dia ruim, uma semana ruim ou at\u00e9 mesmo um ano ruim!\u201d<sup>17<\/sup><\/p>\n\n\n\n<h2 class=\"wp-block-heading\" id=\"h-deus-esta-nos-ceus-e-voce-esta-na-terra\">&#8220;Deus est\u00e1 nos c\u00e9us, e voc\u00ea est\u00e1 na terra&#8221;<\/h2>\n\n\n\n<p>Com isso em mente, vamos voltar \u00e0 Crucifica\u00e7\u00e3o do Salvador e ao ladr\u00e3o que disse: &#8220;Voc\u00ea n\u00e3o \u00e9 o Messias? Salve-se a si mesmo e a n\u00f3s!&#8221;<\/p>\n\n\n\n<p>Havia outro ladr\u00e3o sendo crucificado naquele dia, e ele tinha uma vis\u00e3o diferente do que significava ser salvo. Eis o que ele disse ao seu companheiro ladr\u00e3o:<\/p>\n\n\n\n<p>&#8220;Voc\u00ea n\u00e3o teme a Deus&#8221;, disse ele, &#8220;nem estando sob a mesma senten\u00e7a?<br>N\u00f3s estamos sendo punidos com justi\u00e7a, porque estamos recebendo o que os nossos atos merecem. Mas este homem n\u00e3o cometeu nenhum mal&#8221;.<br>Ent\u00e3o ele disse: &#8220;Jesus, lembra-te de mim quando entrares no teu Reino&#8221;.<sup>18<\/sup><\/p>\n\n\n\n<p>Este segundo ladr\u00e3o estava sofrendo como o primeiro. Ele certamente gostaria de ter sido salvo de seu destino na cruz. Mas ele confiou na sabedoria do Senhor e em Seu tempo.<\/p>\n\n\n\n<p>Portanto, quando as coisas n\u00e3o parecem se encaixar perfeitamente e voc\u00eas n\u00e3o t\u00eam uma boa resposta, antes de presumir que n\u00e3o h\u00e1 uma boa resposta, sigam este conselho do livro de Eclesiastes:<\/p>\n\n\n\n<p>N\u00e3o seja precipitado de l\u00e1bios,<br>nem apressado de cora\u00e7\u00e3o<br>para fazer promessas diante de Deus.<br>Deus est\u00e1 nos c\u00e9us,<br>e voc\u00ea est\u00e1 na terra.<sup>19<\/sup><\/p>\n\n\n\n<h2 class=\"wp-block-heading\">Subam a montanha, vejam as coisas de forma diferente<\/h2>\n\n\n\n<p>Voc\u00eas j\u00e1 perceberam como as coisas parecem diferentes quando vistas de uma altitude mais elevada? Talvez voc\u00eas j\u00e1 tenham tido a experi\u00eancia de subir a montanha que cont\u00e9m o \u201cY\u201d da BYU ou de ver um dos picos de tirar o f\u00f4lego que cercam este vale. Quando voc\u00eas chegam ao cume e olham para o vale, n\u00e3o \u00e9 incr\u00edvel como tudo parece pequeno? Quando voc\u00eas est\u00e3o seguindo sua rotina normal, uma \u00e1rvore, um ve\u00edculo ou um pr\u00e9dio podem parecer um grande obst\u00e1culo. Mas do topo da montanha, com uma perspectiva mais elevada das coisas, eles j\u00e1 n\u00e3o s\u00e3o t\u00e3o intimidadores.<\/p>\n\n\n\n<p>Deus convida-nos a seguir o Seu caminho para uma perspectiva mais elevada e santa. Voc\u00eas ver\u00e3o o mundo e seus desafios com olhos diferentes; ver\u00e3o as coisas no contexto de toda a cria\u00e7\u00e3o e do plano de salva\u00e7\u00e3o. Voc\u00eas ter\u00e3o uma vis\u00e3o mais completa e abrangente, algo que n\u00e3o \u00e9 poss\u00edvel quando est\u00e3o no meio da correria.<\/p>\n\n\n\n<p>Acredito que o estudo das escrituras e a ora\u00e7\u00e3o di\u00e1ria fazem parte dessas excurs\u00f5es a lugares mais altos e santos, onde o ideal e a realidade terrena s\u00e3o melhor compreendidos.<\/p>\n\n\n\n<p>Meus queridos jovens amigos, aproximem-se diariamente do Pai Celestial, elevem sua vis\u00e3o e ampliem sua perspectiva sobre a vida e sua situa\u00e7\u00e3o pessoal.<\/p>\n\n\n\n<p>Aproximem-se do seu Pai Celestial por meio da ora\u00e7\u00e3o e da pondera\u00e7\u00e3o de Suas palavras. Ele \u00e9 seu Pai, e Ele quer que voc\u00eas falem com Ele, assim como qualquer pai amoroso faria.<\/p>\n\n\n\n<p>A ora\u00e7\u00e3o pessoal e o estudo das escrituras s\u00e3o maneiras perfeitas de se comunicar com Ele. A ora\u00e7\u00e3o pessoal ir\u00e1 ajud\u00e1-los a concentrar suas vidas no &#8220;mais importante&#8221;.<sup>20<\/sup> Claro que o prop\u00f3sito da ora\u00e7\u00e3o n\u00e3o \u00e9 compartilhar novas informa\u00e7\u00f5es com o Deus onisciente do Universo. Jesus disse: &#8220;Vosso Pai sabe o que vos \u00e9 necess\u00e1rio, antes de v\u00f3s lho pedirdes.&#8221;<sup>21<\/sup> Orem com o cora\u00e7\u00e3o e a mente. &#8220;N\u00e3o use[m] v\u00e3s repeti\u00e7\u00f5es.\u201d<sup>22<\/sup><\/p>\n\n\n\n<p>Meus queridos amigos, voc\u00eas est\u00e3o em uma fase da vida em que decis\u00f5es importantes precisam ser tomadas: escolhas significativas sobre sua educa\u00e7\u00e3o e profiss\u00e3o, com quem se casar e quando come\u00e7ar a ter uma fam\u00edlia pr\u00f3pria. Para todas essas escolhas, voc\u00eas precisam das b\u00ean\u00e7\u00e3os do c\u00e9u e da orienta\u00e7\u00e3o do Esp\u00edrito Santo. E isso est\u00e1 ao seu alcance. Est\u00e1 dispon\u00edvel. Sigam o padr\u00e3o que o Senhor ensinou a Oliver Cowdery. Primeiro, voc\u00eas devem &#8220;estud\u00e1-lo bem em [sua] mente; ent\u00e3o, . . devem perguntar [a Deus] se est\u00e1 certo.\u201d<sup>23<\/sup><\/p>\n\n\n\n<p>Voc\u00ea t\u00eam um c\u00e9rebro e um cora\u00e7\u00e3o. E voc\u00eas saber\u00e3o.<\/p>\n\n\n\n<p>Portanto, por favor, pe\u00e7am ao Pai Celestial por b\u00ean\u00e7\u00e3os e orienta\u00e7\u00e3o. Compartilhem com Ele suas esperan\u00e7as, sonhos e desejos. Mas, ao fazer isso, certifiquem-se de que voc\u00eas n\u00e3o est\u00e3o tentando faz\u00ea-Lo ver as coisas do seu jeito. Pe\u00e7am-Lhe que abra seus olhos para ver as coisas do jeito Dele. \u00c9 a\u00ed que as respostas come\u00e7am a fluir. \u00c9 nesse momento que voc\u00eas escalam a montanha e come\u00e7am a ver as coisas de uma perspectiva mais elevada \u2014 at\u00e9 mesmo da perspectiva do Pai Celestial. \u201cEnt\u00e3o [sua] confian\u00e7a se fortalecer\u00e1 na presen\u00e7a de Deus; e [a luz e a verdade] destilar-se-[\u00e3o] sobre [sua] alma como o orvalho do c\u00e9u.\u201d<sup>24<\/sup> Pequenas gotas, uma de cada vez \u2014 24 horas por dia, 7 dias por semana.<\/p>\n\n\n\n<p>Voc\u00eas ver\u00e3o que v\u00e1rias coisas que pareciam muito grandes e opressivas s\u00e3o, na realidade, muito menores e nem t\u00e3o amea\u00e7adoras assim.<\/p>\n\n\n\n<p>Ao mesmo tempo, voc\u00eas descobrir\u00e3o o significado eterno de certas coisas que antes pareciam pequenas aos seus olhos mortais.<sup>25<\/sup><\/p>\n\n\n\n<p>Suas ora\u00e7\u00f5es pessoais podem ser simples e claras \u2014e devem ser \u2014 mas precisam ser sinceras. Elas devem ser frequentes, mas que nunca se tornem rotineiras.<\/p>\n\n\n\n<p>Em nossas ora\u00e7\u00f5es, seguimos o exemplo que o Salvador nos deu no Jardim do Gets\u00eamani quando orou: &#8220;Pai, . . . n\u00e3o se fa\u00e7a a minha vontade, mas a tua.\u201d<sup>26<\/sup><\/p>\n\n\n\n<p>As respostas \u00e0s suas ora\u00e7\u00f5es vir\u00e3o. Disso presto testemunho. Talvez n\u00e3o do jeito de voc\u00eas, mas certamente do Seu jeito. \u00c0s vezes, elas v\u00eam atrav\u00e9s de uma escritura, de um sentimento sagrado ou das palavras de uma pessoa de confian\u00e7a, mas v\u00eam.<\/p>\n\n\n\n<p>A oportunidade semanal de tomar o sacramento tamb\u00e9m \u00e9 um daqueles momentos recorrentes e tranquilos que podem levar a um maior reconhecimento das coisas &#8220;mais importante[s]&#8221; da vida. Qu\u00e3o profundamente voc\u00eas precisam desse momento sagrado, no qual renovam seus conv\u00eanios e podem ficar em sil\u00eancio enquanto refletem sobre onde est\u00e3o em seu discipulado pessoal!<\/p>\n\n\n\n<p>O pr\u00f3prio Salvador expressou a santidade desta ordenan\u00e7a quando disse a Seus disc\u00edpulos: \u201cFazei isto em mem\u00f3ria de mim.\u201c<sup>27<\/sup> Que b\u00ean\u00e7\u00e3o \u00e9 ter um tempo reservado para renovar o testemunho de que voc\u00eas est\u00e3o sempre dispostos a lembrar-se Dele e a guardar os Seus mandamentos e, em troca, receber a Sua promessa divina de que poder\u00e3o \u201cter sempre consigo o seu Esp\u00edrito\u201c para gui\u00e1-los, ajud\u00e1-los e elev\u00e1-los.<sup>28<\/sup><\/p>\n\n\n\n<p>Ao intencionalmente reservarem tempo e espa\u00e7o para esses momentos tranquilos, pequenos e simples \u2014 mas profundamente espirituais \u2014 voc\u00eas descobrir\u00e3o que o Senhor realmente os conhece. Ele conhece seu cora\u00e7\u00e3o. Ele sabe seu nome. Esses momentos podem ser para voc\u00eas como aquele momento santo e sereno em uma bela manh\u00e3 de primavera, diante de um t\u00famulo vazio, quando uma jovem chorava e o Cristo ressuscitado a chamou pelo nome. &#8220;Maria&#8221;, disse ele.<sup>29<\/sup><\/p>\n\n\n\n<p>Voc\u00eas conseguem sentir Jesus com Sua voz suave chamando-os pelo nome? Lembrem-se: o Salvador sabe seus nomes. Ele os ama.<\/p>\n\n\n\n<h2 class=\"wp-block-heading\">&#8220;Eis que o teu Rei vir\u00e1 a ti&#8221;<\/h2>\n\n\n\n<p>No Domingo de Ramos, a entrada triunfal de Jesus em Jerusal\u00e9m atraiu uma multid\u00e3o. Foi um momento glorioso e emocionante. Mas ainda mais importante foi o que Jesus fez depois que entrou em Jerusal\u00e9m \u2014 embora muito disso tenha sido feito silenciosamente, privadamente, at\u00e9 mesmo despercebido pela maioria das pessoas.<\/p>\n\n\n\n<p>Talvez isso n\u00e3o fosse o que as pessoas esperavam do Messias. Mas era o que Deus havia prometido. E era isso que as pessoas \u2014 toda a humanidade, voc\u00eas e eu \u2014 precis\u00e1vamos. Era o dom celestial e o sacrif\u00edcio expiat\u00f3rio de que toda a humanidade, todos os filhos de Deus, precisavam.<\/p>\n\n\n\n<p>&#8220;Eis que&#8221;, disse o profeta Zacarias, &#8220;o teu Rei vir\u00e1 a ti.&#8221;<sup>30<\/sup><\/p>\n\n\n\n<p>Assim como Ele entrou triunfalmente em Jerusal\u00e9m, o Cristo gentil entra nas suas vidas individualmente, desde que voc\u00eas O recebam.<\/p>\n\n\n\n<p>Portanto, durante esta semana sagrada da P\u00e1scoa, convido cada um de voc\u00eas a se perguntar pessoalmente:<\/p>\n\n\n\n<ul class=\"wp-block-list\">\n<li>Mostrarei a Jesus Cristo que quero que Ele seja meu Rei?<\/li>\n\n\n\n<li>Convidarei Jesus Cristo a ter Sua entrada triunfal em minha vida?<\/li>\n\n\n\n<li>Permitirei que Jesus Cristo mude meu cora\u00e7\u00e3o, eleve minha vis\u00e3o e me ensine Seus caminhos mais elevados e santos?<\/li>\n<\/ul>\n\n\n\n<p>Meus queridos jovens amigos, meus queridos companheiros disc\u00edpulos de Jesus Cristo, presto testemunho do Filho vivo do Deus vivo, nosso Salvador e nosso Redentor, o Messias inesperado. Voc\u00eas escolheram segui-Lo. Ele \u00e9 sua for\u00e7a. Ele \u00e9 sua salva\u00e7\u00e3o. Ele \u00e9 sua alegria.<\/p>\n\n\n\n<p>Eu lhes aben\u00e7oo com cora\u00e7\u00f5es t\u00e3o abertos quanto os port\u00f5es de Jerusal\u00e9m para receberem com alegria o Messias, o Salvador, o Rei dos reis. Eu lhes aben\u00e7oo com olhos para ver Seu poder milagroso trabalhando em sua vida onde quer que estejam. E, como um de Seus ap\u00f3stolos, testifico de Seu poder, Seu amor e Seu terno cuidado por cada um de voc\u00eas e deixo-lhes minha b\u00ean\u00e7\u00e3o, no sagrado nome de nosso Mestre, Jesus Cristo. Am\u00e9m.<\/p>\n\n\n\n<p>\u00a9 Intellectual Reserve, Inc. Todos os direitos reservados.<\/p>\n","protected":false},"template":"","tags":[],"class_list":["post-1505","speech","type-speech","status-publish","hentry","event_type-devocional","speaker-dieter-f-uchtdorf","topic-expiacao","topic-graca","topic-jesus-cristo","topic-testemunho","topic-vida"],"acf":[],"yoast_head":"<!-- This site is optimized with the Yoast SEO Premium plugin v27.5 (Yoast SEO v27.5) - https:\/\/yoast.com\/product\/yoast-seo-premium-wordpress\/ -->\n<title>Receber com alegria o Messias inesperado | BYU Speeches Portugu\u00eas<\/title>\n<meta name=\"description\" content=\"Assim como Ele entrou triunfalmente em Jerusal\u00e9m, o Cristo gentil entra nas suas vidas individualmente, desde que voc\u00eas O recebam.\" \/>\n<meta name=\"robots\" content=\"index, follow, max-snippet:-1, max-image-preview:large, max-video-preview:-1\" \/>\n<link rel=\"canonical\" href=\"https:\/\/speeches.byu.edu\/por\/talks\/dieter-f-uchtdorf\/receber-com-alegria-o-messias\/\" \/>\n<meta property=\"og:locale\" content=\"pt_BR\" \/>\n<meta property=\"og:type\" content=\"article\" \/>\n<meta property=\"og:title\" content=\"Receber com alegria o Messias inesperado\" \/>\n<meta property=\"og:description\" content=\"Assim como Ele entrou triunfalmente em Jerusal\u00e9m, o Cristo gentil entra nas suas vidas individualmente, desde que voc\u00eas O recebam.\" \/>\n<meta property=\"og:url\" content=\"https:\/\/speeches.byu.edu\/por\/talks\/dieter-f-uchtdorf\/receber-com-alegria-o-messias\/\" \/>\n<meta property=\"og:site_name\" content=\"BYU Speeches Portugu\u00eas\" \/>\n<meta property=\"article:publisher\" content=\"https:\/\/www.youtube.com\/@BYUSpeechesPortugues\" \/>\n<meta property=\"og:image\" content=\"https:\/\/speeches.byu.edu\/por\/wp-content\/uploads\/sites\/7\/2024\/01\/Speeches_ShareCard2024_PORT.jpg\" \/>\n\t<meta property=\"og:image:width\" content=\"1920\" \/>\n\t<meta property=\"og:image:height\" content=\"1080\" \/>\n\t<meta property=\"og:image:type\" content=\"image\/jpeg\" \/>\n<meta name=\"twitter:card\" content=\"summary_large_image\" \/>\n<meta name=\"twitter:label1\" content=\"Est. tempo de leitura\" \/>\n\t<meta name=\"twitter:data1\" content=\"17 minutos\" \/>\n\t<meta name=\"twitter:label2\" content=\"Written by\" \/>\n\t<meta name=\"twitter:data2\" content=\"Dieter F. Uchtdorf\" \/>\n<script type=\"application\/ld+json\" class=\"yoast-schema-graph\">{\"@context\":\"https:\\\/\\\/schema.org\",\"@graph\":[{\"@type\":\"WebPage\",\"@id\":\"https:\\\/\\\/speeches.byu.edu\\\/por\\\/talks\\\/dieter-f-uchtdorf\\\/receber-com-alegria-o-messias\\\/\",\"url\":\"https:\\\/\\\/speeches.byu.edu\\\/por\\\/talks\\\/dieter-f-uchtdorf\\\/receber-com-alegria-o-messias\\\/\",\"name\":\"Receber com alegria o Messias inesperado | BYU Speeches Portugu\u00eas\",\"isPartOf\":{\"@id\":\"https:\\\/\\\/speeches.byu.edu\\\/por\\\/#website\"},\"datePublished\":\"2026-03-27T06:00:00+00:00\",\"description\":\"Assim como Ele entrou triunfalmente em Jerusal\u00e9m, o Cristo gentil entra nas suas vidas individualmente, desde que voc\u00eas O recebam.\",\"breadcrumb\":{\"@id\":\"https:\\\/\\\/speeches.byu.edu\\\/por\\\/talks\\\/dieter-f-uchtdorf\\\/receber-com-alegria-o-messias\\\/#breadcrumb\"},\"inLanguage\":\"pt-BR\",\"potentialAction\":[{\"@type\":\"ReadAction\",\"target\":[\"https:\\\/\\\/speeches.byu.edu\\\/por\\\/talks\\\/dieter-f-uchtdorf\\\/receber-com-alegria-o-messias\\\/\"]}]},{\"@type\":\"BreadcrumbList\",\"@id\":\"https:\\\/\\\/speeches.byu.edu\\\/por\\\/talks\\\/dieter-f-uchtdorf\\\/receber-com-alegria-o-messias\\\/#breadcrumb\",\"itemListElement\":[{\"@type\":\"ListItem\",\"position\":1,\"name\":\"Speeches\",\"item\":\"https:\\\/\\\/speeches.byu.edu\\\/por\\\/talks\\\/\"},{\"@type\":\"ListItem\",\"position\":2,\"name\":\"Dieter F. Uchtdorf\",\"item\":\"https:\\\/\\\/speeches.byu.edu\\\/por\\\/speakers\\\/dieter-f-uchtdorf\\\/\"},{\"@type\":\"ListItem\",\"position\":3,\"name\":\"Receber com alegria o Messias inesperado\"}]},{\"@type\":\"WebSite\",\"@id\":\"https:\\\/\\\/speeches.byu.edu\\\/por\\\/#website\",\"url\":\"https:\\\/\\\/speeches.byu.edu\\\/por\\\/\",\"name\":\"BYU Speeches Portugu\u00eas\",\"description\":\"\",\"publisher\":{\"@id\":\"https:\\\/\\\/speeches.byu.edu\\\/por\\\/#organization\"},\"potentialAction\":[{\"@type\":\"SearchAction\",\"target\":{\"@type\":\"EntryPoint\",\"urlTemplate\":\"https:\\\/\\\/speeches.byu.edu\\\/por\\\/?s={search_term_string}\"},\"query-input\":{\"@type\":\"PropertyValueSpecification\",\"valueRequired\":true,\"valueName\":\"search_term_string\"}}],\"inLanguage\":\"pt-BR\"},{\"@type\":\"Organization\",\"@id\":\"https:\\\/\\\/speeches.byu.edu\\\/por\\\/#organization\",\"name\":\"BYU Speeches\",\"url\":\"https:\\\/\\\/speeches.byu.edu\\\/por\\\/\",\"logo\":{\"@type\":\"ImageObject\",\"inLanguage\":\"pt-BR\",\"@id\":\"https:\\\/\\\/speeches.byu.edu\\\/por\\\/#\\\/schema\\\/logo\\\/image\\\/\",\"url\":\"https:\\\/\\\/speeches.byu.edu\\\/por\\\/wp-content\\\/uploads\\\/sites\\\/7\\\/2024\\\/01\\\/BYUspeechesLogo-1.png\",\"contentUrl\":\"https:\\\/\\\/speeches.byu.edu\\\/por\\\/wp-content\\\/uploads\\\/sites\\\/7\\\/2024\\\/01\\\/BYUspeechesLogo-1.png\",\"width\":1000,\"height\":1000,\"caption\":\"BYU Speeches\"},\"image\":{\"@id\":\"https:\\\/\\\/speeches.byu.edu\\\/por\\\/#\\\/schema\\\/logo\\\/image\\\/\"},\"sameAs\":[\"https:\\\/\\\/www.youtube.com\\\/@BYUSpeechesPortugues\"]}]}<\/script>\n<!-- \/ Yoast SEO Premium plugin. -->","yoast_head_json":{"title":"Receber com alegria o Messias inesperado | BYU Speeches Portugu\u00eas","description":"Assim como Ele entrou triunfalmente em Jerusal\u00e9m, o Cristo gentil entra nas suas vidas individualmente, desde que voc\u00eas O recebam.","robots":{"index":"index","follow":"follow","max-snippet":"max-snippet:-1","max-image-preview":"max-image-preview:large","max-video-preview":"max-video-preview:-1"},"canonical":"https:\/\/speeches.byu.edu\/por\/talks\/dieter-f-uchtdorf\/receber-com-alegria-o-messias\/","og_locale":"pt_BR","og_type":"article","og_title":"Receber com alegria o Messias inesperado","og_description":"Assim como Ele entrou triunfalmente em Jerusal\u00e9m, o Cristo gentil entra nas suas vidas individualmente, desde que voc\u00eas O recebam.","og_url":"https:\/\/speeches.byu.edu\/por\/talks\/dieter-f-uchtdorf\/receber-com-alegria-o-messias\/","og_site_name":"BYU Speeches Portugu\u00eas","article_publisher":"https:\/\/www.youtube.com\/@BYUSpeechesPortugues","og_image":[{"width":1920,"height":1080,"url":"https:\/\/speeches.byu.edu\/por\/wp-content\/uploads\/sites\/7\/2024\/01\/Speeches_ShareCard2024_PORT.jpg","type":"image\/jpeg"}],"twitter_card":"summary_large_image","twitter_misc":{"Est. tempo de leitura":"17 minutos","Written by":"Dieter F. Uchtdorf"},"schema":{"@context":"https:\/\/schema.org","@graph":[{"@type":"WebPage","@id":"https:\/\/speeches.byu.edu\/por\/talks\/dieter-f-uchtdorf\/receber-com-alegria-o-messias\/","url":"https:\/\/speeches.byu.edu\/por\/talks\/dieter-f-uchtdorf\/receber-com-alegria-o-messias\/","name":"Receber com alegria o Messias inesperado | BYU Speeches Portugu\u00eas","isPartOf":{"@id":"https:\/\/speeches.byu.edu\/por\/#website"},"datePublished":"2026-03-27T06:00:00+00:00","description":"Assim como Ele entrou triunfalmente em Jerusal\u00e9m, o Cristo gentil entra nas suas vidas individualmente, desde que voc\u00eas O recebam.","breadcrumb":{"@id":"https:\/\/speeches.byu.edu\/por\/talks\/dieter-f-uchtdorf\/receber-com-alegria-o-messias\/#breadcrumb"},"inLanguage":"pt-BR","potentialAction":[{"@type":"ReadAction","target":["https:\/\/speeches.byu.edu\/por\/talks\/dieter-f-uchtdorf\/receber-com-alegria-o-messias\/"]}]},{"@type":"BreadcrumbList","@id":"https:\/\/speeches.byu.edu\/por\/talks\/dieter-f-uchtdorf\/receber-com-alegria-o-messias\/#breadcrumb","itemListElement":[{"@type":"ListItem","position":1,"name":"Speeches","item":"https:\/\/speeches.byu.edu\/por\/talks\/"},{"@type":"ListItem","position":2,"name":"Dieter F. Uchtdorf","item":"https:\/\/speeches.byu.edu\/por\/speakers\/dieter-f-uchtdorf\/"},{"@type":"ListItem","position":3,"name":"Receber com alegria o Messias inesperado"}]},{"@type":"WebSite","@id":"https:\/\/speeches.byu.edu\/por\/#website","url":"https:\/\/speeches.byu.edu\/por\/","name":"BYU Speeches Portugu\u00eas","description":"","publisher":{"@id":"https:\/\/speeches.byu.edu\/por\/#organization"},"potentialAction":[{"@type":"SearchAction","target":{"@type":"EntryPoint","urlTemplate":"https:\/\/speeches.byu.edu\/por\/?s={search_term_string}"},"query-input":{"@type":"PropertyValueSpecification","valueRequired":true,"valueName":"search_term_string"}}],"inLanguage":"pt-BR"},{"@type":"Organization","@id":"https:\/\/speeches.byu.edu\/por\/#organization","name":"BYU Speeches","url":"https:\/\/speeches.byu.edu\/por\/","logo":{"@type":"ImageObject","inLanguage":"pt-BR","@id":"https:\/\/speeches.byu.edu\/por\/#\/schema\/logo\/image\/","url":"https:\/\/speeches.byu.edu\/por\/wp-content\/uploads\/sites\/7\/2024\/01\/BYUspeechesLogo-1.png","contentUrl":"https:\/\/speeches.byu.edu\/por\/wp-content\/uploads\/sites\/7\/2024\/01\/BYUspeechesLogo-1.png","width":1000,"height":1000,"caption":"BYU Speeches"},"image":{"@id":"https:\/\/speeches.byu.edu\/por\/#\/schema\/logo\/image\/"},"sameAs":["https:\/\/www.youtube.com\/@BYUSpeechesPortugues"]}]}},"_links":{"self":[{"href":"https:\/\/speeches.byu.edu\/por\/wp-json\/wp\/v2\/speech\/1505","targetHints":{"allow":["GET"]}}],"collection":[{"href":"https:\/\/speeches.byu.edu\/por\/wp-json\/wp\/v2\/speech"}],"about":[{"href":"https:\/\/speeches.byu.edu\/por\/wp-json\/wp\/v2\/types\/speech"}],"wp:attachment":[{"href":"https:\/\/speeches.byu.edu\/por\/wp-json\/wp\/v2\/media?parent=1505"}],"wp:term":[{"taxonomy":"post_tag","embeddable":true,"href":"https:\/\/speeches.byu.edu\/por\/wp-json\/wp\/v2\/tags?post=1505"}],"curies":[{"name":"wp","href":"https:\/\/api.w.org\/{rel}","templated":true}]}}