{"id":847,"date":"2024-08-09T06:00:00","date_gmt":"2024-08-09T06:00:00","guid":{"rendered":"https:\/\/speeches.byu.edu\/por\/?post_type=speech&#038;p=847"},"modified":"2024-06-28T15:12:20","modified_gmt":"2024-06-28T15:12:20","slug":"seis-coisas-que-acredito","status":"publish","type":"speech","link":"https:\/\/speeches.byu.edu\/por\/talks\/gus-l-hart\/seis-coisas-que-acredito\/","title":{"rendered":"Seis coisas que acredito"},"content":{"rendered":"\n<p class=\"has-text-align-center has-small-font-size\"><strong><em>Pretendemos modificar a tradu\u00e7\u00e3o se for necess\u00e1rio. Para dar sugest\u00f5es, envie um e-mail para: speeches.por@byu.edu<\/em><\/strong><\/p>\n\n\n\n<p>Obrigado, Presidente Reese, por esta introdu\u00e7\u00e3o. Prezo nossa amizade e as muitas lembran\u00e7as divertidas que fizemos ao longo dos anos.<\/p>\n\n\n\n<p>Meus jovens amigos, e alguns dos que n\u00e3o s\u00e3o t\u00e3o jovens, obrigado por estarem aqui. Voc\u00eas s\u00e3o o motivo pelo qual adoro trabalhar na BYU.<\/p>\n\n\n\n<p>Agora, quero que estendam a m\u00e3o, olhem para a ponta do dedo e imaginem um gr\u00e3o de areia. Estendam o dedo no comprimento do bra\u00e7o e imaginem o pequeno peda\u00e7o do c\u00e9u que seria coberto por esse gr\u00e3o de areia. Em 1995, astr\u00f4nomos apontaram o telesc\u00f3pio espacial Hubble para um peda\u00e7o escuro de c\u00e9u desse mesmo tamanho, onde nada era vis\u00edvel. Mas quando a imagem foi exposta por mais de cem horas, objetos t\u00e3o distantes que s\u00e3o trilh\u00f5es de vezes pequenos demais para serem vistos com os olhos foram revelados pela primeira vez. H\u00e1 mais de 3.000 gal\u00e1xias naquele pequeno peda\u00e7o do c\u00e9u. Cada uma dessas gal\u00e1xias cont\u00e9m bilh\u00f5es de estrelas.<\/p>\n\n\n\n<p>Em 2012, uma imagem semelhante foi criada para um peda\u00e7o diferente do c\u00e9u, combinando v\u00e1rias imagens do Hubble. Assim como na primeira imagem de campo profundo, milhares de novas gal\u00e1xias foram descobertas. Seja qual for o pequeno e min\u00fasculo peda\u00e7o do c\u00e9u para o qual apontamos um poderoso telesc\u00f3pio, vemos milhares de gal\u00e1xias distantes.<\/p>\n\n\n\n<p>Essa \u00faltima imagem de campo profundo [uma foto foi mostrada] do telesc\u00f3pio espacial James Webb mostra algumas gal\u00e1xias t\u00e3o distantes que a luz levou mais de 13 bilh\u00f5es de anos para chegar at\u00e9 n\u00f3s. Vemos as gal\u00e1xias como eram h\u00e1 mais de 13 bilh\u00f5es de anos, quando o Universo tinha apenas quatro por cento de sua idade atual. Se o Universo agora \u00e9 um jovem adulto, algumas dessas gal\u00e1xias foram formadas quando o Universo estava apenas aprendendo a andar.<\/p>\n\n\n\n<p>Em nossa pr\u00f3pria gal\u00e1xia, o sistema solar come\u00e7ou a se formar a partir de uma grande nuvem de g\u00e1s e poeira que entrou em colapso h\u00e1 4.600 milh\u00f5es de anos. Por fim, o centro de nosso sistema solar tornou-se denso o suficiente para que o Sol se formasse. Os planetas tamb\u00e9m se formaram: gigantes gasosos, como J\u00fapiter; terrestres rochosos, como a Terra; e os n\u00e3o-rebaixados, por\u00e9m em uma classe pr\u00f3pria de planetas an\u00f5es, como Plut\u00e3o, \u00c9ris e Haumea.<\/p>\n\n\n\n<p>Nosso pr\u00f3prio planeta come\u00e7ou a se formar e as evid\u00eancias sugerem que, durante o processo, ele tenha sido atingido por um protoplaneta do tamanho de Marte. Essa colis\u00e3o inclinou a Terra sobre seu eixo (nos dando as esta\u00e7\u00f5es do ano) e os dejetos da colis\u00e3o formaram a Lua (nos dando as mar\u00e9s e um belo luar). E assim come\u00e7ou a hist\u00f3ria da Terra.<\/p>\n\n\n\n<p>Gosto de pensar na hist\u00f3ria da Terra como um conjunto de quatro volumes de 4.600 p\u00e1ginas, com cada p\u00e1gina narrando um milh\u00e3o de anos. Fico maravilhado quando penso em onde os diferentes acontecimentos hist\u00f3ricos se encaixariam nesse relato.<\/p>\n\n\n\n<p>A vida unicelular teria sua estr\u00e9ia no final do volume um.<\/p>\n\n\n\n<p>A vida multicelular s\u00f3 apareceria em algum momento no volume quatro! N\u00e3o \u00e9 incr\u00edvel?<\/p>\n\n\n\n<p>E Pangeia, aquele supercontinente sobre o qual voc\u00eas aprenderam na aula de ci\u00eancias no oitavo ano? Ele n\u00e3o se formou at\u00e9 cerca de 250 p\u00e1ginas do final do volume quatro, aproximadamente na mesma \u00e9poca em que os dinossauros estavam em ascens\u00e3o.<\/p>\n\n\n\n<p>E ent\u00e3o, 66 p\u00e1ginas do final do \u00faltimo volume, um asteroide do tamanho da \u00e1rea de Provo e Orem (162.6km\u00b2) impactou a Terra. Esse cataclismo e suas consequ\u00eancias mataram 75% das esp\u00e9cies animais da Terra, mas abriram caminho para que os grandes mam\u00edferos substitu\u00edssem os dinossauros como as celebridades do reino animal. Isso transformou a Terra para que acomodasse a vida humana.<\/p>\n\n\n\n<p>Muitas coisas aconteceram no final do volume quatro. No entanto, tudo o que poder\u00edamos considerar como recente aconteceu na \u00faltima p\u00e1gina. Na verdade, toda a civiliza\u00e7\u00e3o humana acontece na \u00faltima <em>linha<\/em> da \u00faltima p\u00e1gina do volume quatro. Isso n\u00e3o \u00e9 incr\u00edvel? Se voc\u00ea estivesse escrevendo essa \u00faltima linha, o que ela diria?<\/p>\n\n\n\n<h2 class=\"wp-block-heading\" id=\"h-1-deus-e-paciente\">1. Deus \u00e9 paciente<\/h2>\n\n\n\n<p>Acredito que Deus \u00e9 paciente. O tempo que Ele demorou para preparar o universo e esta Terra, para Seus filhos, toda a humanidade, \u00e9 surpreendente. A escritura: &#8220;Pois eis que esta \u00e9 minha obra e minha gl\u00f3ria: Levar a efeito a imortalidade e vida eterna do homem&#8221;\u00b9, assume uma nova dimens\u00e3o a partir desta perspectiva. Nosso Pai Celestial \u00e9 paciente. Ele est\u00e1 pensando a longo prazo. Desse ponto de vista, minha impaci\u00eancia com Ele nas coisas que pe\u00e7o parece especialmente aguda. Ele me lembra em Isa\u00edas: &#8220;Porque os meus pensamentos n\u00e3o s\u00e3o os vossos pensamentos, nem os vossos caminhos, os meus caminhos&#8221;.<sup>2<\/sup> O profeta Jac\u00f3, do Livro de M\u00f3rmon, disse diretamente: &#8220;Eis que grandes e maravilhosas s\u00e3o as obras do Senhor&#8221;.<sup>3<\/sup><\/p>\n\n\n\n<p>Em meu discurso de hoje, gostaria de compartilhar seis coisas que acredito. Essa foi a primeira: Deus \u00e9 paciente.<\/p>\n\n\n\n<h2 class=\"wp-block-heading\" id=\"h-2-os-planos-de-deus-sao-melhores-do-que-meus-planos\">2. Os planos de Deus s\u00e3o melhores do que meus planos<\/h2>\n\n\n\n<p>Acredito que os planos de Deus s\u00e3o melhores do que meus planos. Acredito que Ele sabe melhor do que eu o que me far\u00e1 feliz, o que me trar\u00e1 paz e o que ser\u00e1 melhor para mim. Quando eu tinha 18 anos e esperava um chamado mission\u00e1rio, esperava ir a um lugar interessante e fora do pa\u00eds, mas onde falasse ingl\u00eas. Minha experi\u00eancia de estudar o espanhol quando era crian\u00e7a me convenceu de que aprender outro idioma era muito dif\u00edcil. Minha \u00e9tica de trabalho n\u00e3o estava \u00e0 altura da tarefa. Al\u00e9m disso, eu era uma pessoa de paladar exigente e ficava preocupado com comidas de culturas desconhecidas.<\/p>\n\n\n\n<p>As pessoas me perguntavam: &#8220;Para onde voc\u00ea quer ir?&#8221;<\/p>\n\n\n\n<p>&#8220;<em>Qualquer lugar<\/em>, menos Salt Lake City ou Jap\u00e3o!&#8221;, eu dizia.<\/p>\n\n\n\n<p>Eles perguntavam: &#8220;Por que n\u00e3o o Jap\u00e3o?&#8221; (Mas nunca &#8220;Por que n\u00e3o Salt Lake City?&#8221;)<\/p>\n\n\n\n<p>Quando abri meu chamado para a Miss\u00e3o Jap\u00e3o Kobe, fui tomado por um sentimento de humildade. O Jap\u00e3o era o plano de Deus; n\u00e3o era meu plano. Eu descobriria que era um plano melhor. Era um plano muito melhor. Que grande impacto meu servi\u00e7o mission\u00e1rio teve no meu futuro!<\/p>\n\n\n\n<p>Meus companheiros e amigos mission\u00e1rios foram maravilhosos. Quando fui designado para o escrit\u00f3rio da miss\u00e3o, aprendi diretamente com dois presidentes de miss\u00e3o e suas esposas. Mas essas b\u00ean\u00e7\u00e3os eram b\u00ean\u00e7\u00e3os que eu poderia ter recebido onde quer que eu fosse designado. Outras b\u00ean\u00e7\u00e3os foram espec\u00edficas do Jap\u00e3o.<\/p>\n\n\n\n<p>Por exemplo, aprendi a amar tantas comidas. Para minha surpresa, adorei aprender japon\u00eas. E a exposi\u00e7\u00e3o a uma cultura diferente me influenciou de muitas maneiras. Ela expandiu o modo como via as pessoas, especialmente na Igreja. Ele desafiou minhas vis\u00f5es pol\u00edticas e suposi\u00e7\u00f5es sobre minha pr\u00f3pria cultura. Isso me ajudou a ter uma mente mais aberta. Mesmo hoje, isso continua a afetar meu pensamento.<\/p>\n\n\n\n<p>Meu amor pelo aprendizado do japon\u00eas, juntamente com a influ\u00eancia de um de meus companheiros, tamb\u00e9m mudou inesperadamente minha opini\u00e3o sobre a BYU. Ter cabelo longo tinha sido parte de meu plano; a BYU n\u00e3o fazia parte do meu plano. Mas, em meu primeiro semestre aqui, duas coisas cruciais aconteceram.<\/p>\n\n\n\n<p>Primeiro, soube de uma bolsa de estudos financiada pelo Minist\u00e9rio da Educa\u00e7\u00e3o do Jap\u00e3o.<\/p>\n\n\n\n<p>Segundo, e estou resumindo essa hist\u00f3ria, apresentei-me a uma tal de Cynthia em meu bloco de apartamentos. Sem saber que havia duas Cynthias morando l\u00e1, confundi uma com a outra e falei com a pessoa errada. 33 anos depois, vejo isso como o melhor erro de minha vida! E, de alguma forma, uma dessas bolsas japonesas foi concedida a mim.<\/p>\n\n\n\n<p>Cynthia e eu, em esp\u00edrito de ora\u00e7\u00e3o, decidimos nos casar e nos mudamos para o Jap\u00e3o por um ano para estudar na Universidade de Shizuoka. Foi uma maneira incr\u00edvel de come\u00e7ar nosso casamento. E havia outra b\u00ean\u00e7\u00e3o pragm\u00e1tica, uma financeira. Aperfei\u00e7oei minhas habilidades de japon\u00eas quando estudava com a bolsa. Isso me possibilitou trabalhar como tradutor freelancer e sustentar minha fam\u00edlia enquanto eu estava na p\u00f3s-gradua\u00e7\u00e3o.<\/p>\n\n\n\n<p>Minha experi\u00eancia mission\u00e1ria mudou o curso de minha vida. Mas Deus ainda n\u00e3o tinha acabado de bagun\u00e7ar meus planos. Em termos de carreira, Ele tamb\u00e9m planejou um desvio para mim.<\/p>\n\n\n\n<p>Depois de ter mudado a minha especializa\u00e7\u00e3o sete vezes durante o meu bacharelado (provavelmente \u00e9 minha culpa que as pol\u00edticas s\u00e3o como s\u00e3o hoje em dia), fiquei grato por finalmente me deparar com a f\u00edsica e me apaixonar por ela. Decidi que queria crescer e me tornar professor de f\u00edsica. Essa esperan\u00e7a se transformou em um desejo de retornar \u00e0 BYU. Gostei <em>muito <\/em>desse plano, e a Cynthia tamb\u00e9m. N\u00f3s estar\u00edamos perto de nossa fam\u00edlia em Idaho e em Utah. N\u00f3s nos dedicamos a esse plano.<\/p>\n\n\n\n<p>Menos de um ano ap\u00f3s o in\u00edcio do meu p\u00f3s-doutorado em um laborat\u00f3rio nacional, surgiu uma oportunidade inesperada que sentimos que dever\u00edamos aceitar. Depois de terminar meu cargo de p\u00f3s-doutorado, n\u00e3o nos mudamos para Provo, Utah, mas para Flagstaff, Arizona. A Universidade de Northern Arizona n\u00e3o era a BYU, Flagstaff era longe de nossa fam\u00edlia, e meu novo departamento n\u00e3o tinha outras pessoas em minha \u00e1rea de pesquisa com quem eu poderia colaborar. Esse n\u00e3o era nosso plano. Talvez nem me parecesse um bom plano, e n\u00e3o era o que pens\u00e1vamos que quer\u00edamos. N\u00f3s dois nem sequer t\u00ednhamos conhecido o Arizona antes! Mas esse era o plano de Deus para n\u00f3s.<\/p>\n\n\n\n<p>Algumas das nossas experi\u00eancias em Flagstaff foram t\u00e3o doces que palavras n\u00e3o podem expressar. Amamos nossos amigos da Igreja l\u00e1. Alguns se tornaram amigos por toda a vida. Mas talvez o mais importante seja o fato de que tivemos oportunidades de fazer amizade com tantas pessoas que n\u00e3o eram membros da Igreja e compartilhar nossa f\u00e9 com alguns deles, especialmente com nossos vizinhos. Fiquei sabendo que um vizinho era um ex-Santo dos \u00daltimos Dias. N\u00f3s nos tornamos amigos e convers\u00e1vamos abertamente sobre onde ele estava em sua jornada de f\u00e9. Por fim, sua esposa e dois filhos dela se filiaram \u00e0 Igreja.<\/p>\n\n\n\n<p>Certa noite, enquanto caminhava pela rua, o vi na frente da casa tirando o lixo. O Esp\u00edrito me incentivou a encoraj\u00e1-lo mais uma vez. Revirei os olhos para o Esp\u00edrito. Meu vizinho n\u00e3o precisava ser pressionado por mim; eu j\u00e1 o havia encorajado.<\/p>\n\n\n\n<p>Meu vizinho me disse mais tarde que o Esp\u00edrito estava atuando nele tamb\u00e9m naquele momento, mas ele disse em sua mente: &#8220;N\u00e3o quero que o Gus fale comigo sobre isso de novo agora&#8221;.<\/p>\n\n\n\n<p>Mas n\u00f3s dois cedemos ao Esp\u00edrito naquela noite e conversamos sobre o seu retorno \u00e0 Igreja. Ele entrou em contato com nosso bispo, iniciou o processo para voltar e logo foi batizado. N\u00e3o sei se meu papel tenha sido crucial nesses eventos, mas que b\u00ean\u00e7\u00e3o ter participado deles!<\/p>\n\n\n\n<p>N\u00f3s e v\u00e1rias outras fam\u00edlias da nossa congrega\u00e7\u00e3o fizemos amizade com outra fam\u00edlia jovem da vizinhan\u00e7a. Adoramos conhecer aquela fam\u00edlia e ver sua bondade. Por fim, eles foram convidados para ir \u00e0 igreja. Logo foram batizados. Pediram-me que eu realizasse uma das ordenan\u00e7as batismais. Um ano depois, Cynthia e eu tivemos a terna experi\u00eancia de assistir ao selamento deles no Templo de Mesa Arizona. A maneira como eles internalizaram o evangelho me fortalece e me inspira.<\/p>\n\n\n\n<p>Houve muitas outras b\u00ean\u00e7\u00e3os de Flagstaff. Gostaria de ter mais tempo para compartilhar, mas, para a sorte de voc\u00eas, n\u00e3o tenho!<\/p>\n\n\n\n<h2 class=\"wp-block-heading\" id=\"h-3-todos-tem-algo-a-contribuir\">3. Todos t\u00eam algo a contribuir<\/h2>\n\n\n\n<p>Outra coisa em que acredito? Cada um de voc\u00eas tem algo a contribuir. Suas paix\u00f5es, suas habilidades e at\u00e9 mesmo suas dificuldades podem aben\u00e7oar o mundo. O mundo \u00e9 grande o suficiente para que voc\u00eas tenham uma miss\u00e3o \u00fanica. Acreditem nisso, mesmo que voc\u00eas n\u00e3o se sintam reconhecidos.<\/p>\n\n\n\n<p>Nem todo cantor vai cantar na Broadway. Nem todo escritor vai escrever um best-seller ou ganhar a Medalha Newbery [um pr\u00eamio liter\u00e1rio estadunidense para literatura infantil]. Nem todo professor de ci\u00eancias publicar\u00e1 nas revistas <em>Nature<\/em> ou <em>Science <\/em>[revistas acad\u00eamicas renomadas].&nbsp;Suas contribui\u00e7\u00f5es ainda s\u00e3o importantes. Mas n\u00e3o acredito apenas que voc\u00eas s\u00e3o \u00fanicos e que t\u00eam uma miss\u00e3o especial. Tamb\u00e9m acredito que voc\u00eas podem ser <em>incr\u00edveis.<\/em>&nbsp;Voc\u00eas t\u00eam o dom de se tornarem excelentes em algo que escolherem.<\/p>\n\n\n\n<p>Talvez, no entanto, voc\u00eas achem que n\u00e3o t\u00eam um c\u00e9rebro para a matem\u00e1tica, ou acreditem que s\u00e3o muito descoordenados para um determinado esporte ou velhos demais para come\u00e7ar a aprender a tocar viol\u00e3o cl\u00e1ssico. Talvez voc\u00eas pensem que precisam nascer com alguma estrutura cerebral especial para serem grandes escritores, violoncelistas ou pintores, ou para entenderem de contabilidade, qu\u00edmica ou engenharia. Talvez voc\u00eas n\u00e3o se sintam particularmente talentosos ou gostariam de ter um dom diferente do que voc\u00eas acham que receberam. Mas todos n\u00f3s temos um dom \u2014 um dom incr\u00edvel, um dom que torna tudo poss\u00edvel. Esse dom \u00e9 nosso c\u00e9rebro!<\/p>\n\n\n\n<p>O c\u00e9rebro tem plasticidade. Ele pode mudar. Ele pode crescer. Ningu\u00e9m come\u00e7a a vida com um c\u00e9rebro para violoncelo, um c\u00e9rebro para matem\u00e1tica, um c\u00e9rebro para xadrez ou um c\u00e9rebro para arte como Van Gogh, nem mesmo o pr\u00f3prio Van Gogh!<sup>4<\/sup><\/p>\n\n\n\n<p>H\u00e1 alguns anos, li e gostei do livro de Anders Ericsson <em>Direto ao ponto: Os segredos da nova ci\u00eancia da expertise<\/em>, que explicou sua pesquisa sobre o desempenho humano extraordin\u00e1rio e como isso pode ser alcan\u00e7ado por meio do que ele chama de &#8220;pr\u00e1tica deliberada&#8221;. Ele refuta o mito do prod\u00edgio nato e apresenta um argumento convincente de que praticamente qualquer pessoa pode realizar coisas extraordin\u00e1rias gra\u00e7as ao c\u00e9rebro.<sup>5<\/sup> H\u00e1 15 anos, visitei meu cunhado e minha cunhada em Londres. Algumas vezes, andamos nos famosos t\u00e1xis pretos de Londres. Os taxistas n\u00e3o precisavam de GPS ou nem mesmo de endere\u00e7o; com apenas uma descri\u00e7\u00e3o aproximada, eles podiam nos levar ao nosso destino.<\/p>\n\n\n\n<p>Mais tarde, aprendi com o livro de Ericsson que se tornar um motorista de t\u00e1xi em Londres \u00e9 extremamente dif\u00edcil. Exige anos de estudo, muitos exames e dirigir sozinho pela cidade, fazendo anota\u00e7\u00f5es. Os taxistas devem estar bem familiarizados com toda a \u00e1rea dentro de um raio de 10 quil\u00f4metros da Esta\u00e7\u00e3o Charing Cross, que cont\u00e9m cerca de 25 mil ruas. Eles tamb\u00e9m devem estar familiarizados com museus, hot\u00e9is, teatros, escolas, escrit\u00f3rios do governo \u2014 qualquer lugar que um morador ou turista queira ir. Pode-se supor que \u00e9 preciso ser um g\u00eanio nato para se tornar um taxista em Londres. Ningu\u00e9m nasce g\u00eanio! At\u00e9 voc\u00eas podem se tornar um taxista em Londres porque t\u00eam um c\u00e9rebro adapt\u00e1vel. Exames cerebrais revelaram que parte do c\u00e9rebro dos taxistas realmente cresceu. E quando os taxistas se aposentaram e pararam de se esfor\u00e7ar, o c\u00e9rebro deles encolheu ao normal de novo.<sup>6<\/sup><\/p>\n\n\n\n<p>At\u00e9 cerca de duas d\u00e9cadas atr\u00e1s, os cientistas acreditavam que uma vez que uma pessoa chegava \u00e0 idade adulta, o c\u00e9rebro ficava essencialmente conectado, e n\u00e3o podia mais mudar. Mas agora entendemos que o c\u00e9rebro \u00e9 como os pulm\u00f5es ou os m\u00fasculos. Com o exerc\u00edcio e com o treinamento correto, ele pode mudar e crescer. A pesquisa de Ericsson mostrou que nosso potencial por causa de nosso c\u00e9rebro \u00e9 quase ilimitado. <sup>7<\/sup><\/p>\n\n\n\n<p>Por favor, n\u00e3o deixem este mundo sem ter tido a alegria de se tornar incr\u00edvel em alguma coisa. Acreditem que voc\u00eas podem alcan\u00e7ar. Acreditem que nunca \u00e9 tarde demais para aprender algo novo. Voc\u00eas n\u00e3o podem fazer tudo. Mas <em>fa\u00e7am<\/em> alguma coisa!<\/p>\n\n\n\n<h2 class=\"wp-block-heading\" id=\"h-4-nbsp-sukoshi-zutsu-no-chikara-o-poder-do-pouco-a-pouco\">4.&nbsp;<em>Sukoshi zutsu no chikara<\/em> (O poder do pouco a pouco)<\/h2>\n\n\n\n<p>Acredito em <em>sukoshi zutsu no chikara<\/em> (\u5c11\u3057\u305a\u3064\u306e\u529b), que significa &#8220;o poder do pouco a pouco&#8221;. Pouco a pouco \u00e9 como voc\u00ea realiza algo incr\u00edvel \u2014 o poder da pr\u00e1tica deliberada, aplicada de forma consistente. Pequenos passos para cima. Por fim, me tornei falante fluente de japon\u00eas aprendendo algumas dezenas de palavras e um ou dois princ\u00edpios gramaticais todos os dias.<\/p>\n\n\n\n<p>Fazer pequenos esfor\u00e7os regularmente pode parecer f\u00e1cil para voc\u00eas, mas a consist\u00eancia \u00e9 dif\u00edcil para mim. Desde que eu era aluno na BYU, tive vontade de tocar viol\u00e3o cl\u00e1ssico. Tentei aprender v\u00e1rias vezes em um per\u00edodo de quase 30 anos, mas n\u00e3o fui consistente o suficiente para progredir. Ent\u00e3o, h\u00e1 alguns anos, enquanto eu ainda estava ocupado sendo bispo, pai, marido e professor, senti um impulso do c\u00e9u. Finalmente era hora de aprender viol\u00e3o\u2014algo que meu Pai Celestial sabia que me traria um sentimento de realiza\u00e7\u00e3o.<\/p>\n\n\n\n<p>Ent\u00e3o comecei \u2014 praticando sozinho no in\u00edcio. Assim que ganhei \u00e2nimo, achei um professor. (Obrigado, Larry!) Nos \u00faltimos cinco anos, tenho tentado praticar diariamente, pelo menos um pouco. \u00c0s vezes, falto algumas sess\u00f5es de pr\u00e1tica. Ainda n\u00e3o sou incr\u00edvel. Mas sou <em>muito<\/em> melhor do que eu era. Estou cinco anos mais perto de ser incr\u00edvel. O mais importante \u00e9 que tocar viol\u00e3o me trouxe uma grande alegria. N\u00e3o vou tocar em nenhum teatro prodigioso, mas esse n\u00e3o \u00e9 o prop\u00f3sito. Al\u00e9m disso, minha esposa adora quando eu toco ao lado dela enquanto ela tricota. Ela diz que fa\u00e7o uma \u00f3tima m\u00fasica de fundo.<\/p>\n\n\n\n<p>O progresso \u00e9 gradual, &#8220;linha sobre linha, preceito sobre preceito&#8221;.<sup>8<\/sup> A consist\u00eancia compensa. Doutrina e Conv\u00eanios ensina: &#8220;De pequenas coisas prov\u00e9m aquilo que \u00e9 grande&#8221;.<sup>9<\/sup> O \u00c9lder Devin G. Durrant ensinou: &#8220;Pequenos esfor\u00e7os apoiados ao longo do tempo podem produzir resultados significativos&#8221;.<sup>10<\/sup> Alma ensinou: &#8220;\u00c9 por meio de coisas pequenas e simples que as grandes s\u00e3o realizadas&#8221;.<sup>11<\/sup><\/p>\n\n\n\n<h2 class=\"wp-block-heading\" id=\"h-5-as-pessoas-podem-sempre-se-recuperar\">5. As pessoas podem sempre se recuperar<\/h2>\n\n\n\n<p>Acredito que as pessoas sempre podem se recuperar espiritualmente. Elas podem sobrepujar as consequ\u00eancias das escolhas erradas. Elas sempre podem voltar e recuperar a alegria de viver em harmonia com a vontade do Pai Celestial<\/p>\n\n\n\n<p>Considerem o registro de Cori\u00e2nton no Livro de M\u00f3rmon. Ele era o irm\u00e3o mais novo que estava nas sombras de Siblon e Helam\u00e3. N\u00e3o conhecemos suas motiva\u00e7\u00f5es \u2014 talvez ele quisesse mostrar aos outros que era capaz \u2014 mas vangloriou-se de sua pr\u00f3pria for\u00e7a e sabedoria<sup>12<\/sup> e logo cometeu um erro extremamente grave com a meretriz Isabel, n\u00e3o apenas ferindo a si mesmo, mas subvertendo os esfor\u00e7os de seu pai para edificar a f\u00e9 nos outros.<sup>13<\/sup> O milagre na vida de Cori\u00e2nton foi que essa ferida autoinfligida <em>n\u00e3o foi<\/em> espiritualmente fatal.<\/p>\n\n\n\n<p>Pode haver mais que n\u00e3o sabemos dessa hist\u00f3ria. Cori\u00e2nton parecia estar se debatendo com perguntas e d\u00favidas. Em tr\u00eas ocasi\u00f5es diferentes, seu pai disse: &#8220;Percebo que tua mente est\u00e1 preocupada&#8221;.<sup>14<\/sup> Muitos de n\u00f3s sentimos preocupa\u00e7\u00f5es semelhantes em rela\u00e7\u00e3o \u00e0s quest\u00f5es sociais atuais e podemos sentir tens\u00e3o em nossos sentimentos contradit\u00f3rios. Alma tranquilizou Cori\u00e2nton, prometendo que a &#8220;miseric\u00f3rdia [de Deus] reclama o penitente&#8221;.<sup>15<\/sup><\/p>\n\n\n\n<p>Cori\u00e2nton mudou de dire\u00e7\u00e3o. Durante a guerra com os amaliquitas, os esfor\u00e7os espirituais de Cori\u00e2nton e seus irm\u00e3os foram comparados aos esfor\u00e7os de guerra do capit\u00e3o Mor\u00f4ni.<sup>16<\/sup> Alma disse: &#8220;Houve (&#8230;) grande prosperidade na igreja, em virtude da (&#8230;) palavra de Deus que lhes era pregada por Helam\u00e3, e Siblon, e Cori\u00e2nton, e Amon e seus irm\u00e3os&#8221;.<sup>17<\/sup><\/p>\n\n\n\n<p>Quase dez anos depois, Cori\u00e2nton e seus irm\u00e3os persuadiram o povo de Amon a n\u00e3o quebrar seu juramento de paz.<sup>18<\/sup> Alguns anos depois disso, como as escrituras registram, ele e seus irm\u00e3os &#8220;[declararam] a palavra de Deus com grande poder&#8221;<sup>19<\/sup> e convenceram muitos a se arrependerem.<\/p>\n\n\n\n<p>Algum tempo depois, ap\u00f3s a morte de Helam\u00e3, o irm\u00e3o de Cori\u00e2nton, Siblon, assumiu os registros. As escrituras dizem isso sobre Siblon: &#8220;E ele era um homem justo e andava retamente perante Deus; e procurava praticar continuamente o bem e guardar os mandamentos do Senhor seu Deus; e o mesmo fazia seu irm\u00e3o&#8221;.<sup>20<\/sup> Percebam a refer\u00eancia a Cori\u00e2nton. Ele estava no mesmo n\u00edvel de Siblon.<\/p>\n\n\n\n<p>Cori\u00e2nton se recuperou. Ele permitiu que Cristo o salvasse. Sua hist\u00f3ria \u00e9 de esperan\u00e7a, de colocar sua f\u00e9 em Cristo e se deixar ser tocado, resgatado e transformado pelo amor de Deus. O \u00c9lder Jeffrey R. Holland ensinou:<\/p>\n\n\n\n<p><em>Por mais longe do lar, da fam\u00edlia e de Deus que achem que se afastaram, testifico-lhes que voc\u00eas <\/em><strong><em>n\u00e3o<\/em><\/strong><em> foram para al\u00e9m do alcance do amor divino. N\u00e3o lhes \u00e9 poss\u00edvel afundar tanto a ponto de n\u00e3o ver brilhar a infinita luz da Expia\u00e7\u00e3o de Cristo.<\/em><sup>21<\/sup><\/p>\n\n\n\n<p>Ent\u00e3o, recuperem-se assim como Cori\u00e2nton fez!<\/p>\n\n\n\n<h2 class=\"wp-block-heading\" id=\"h-6-um-sorriso-e-poderoso\">6. Um sorriso \u00e9 poderoso<\/h2>\n\n\n\n<p>E agora o \u00faltimo: acredito no poder de um sorriso.<\/p>\n\n\n\n<p>H\u00e1 alguns anos, servi como bispo em minha ala. Foi muito gratificante, mas tamb\u00e9m muito desafiador. Eu n\u00e3o conseguia parar de me preocupar. Perguntei-me por que esse chamado especial \u00e0s vezes parecia um fardo, embora constantemente visse pequenos milagres e soubesse, pelo menos intelectualmente, que o Senhor estava no comando. Ainda assim, emocionalmente, eu n\u00e3o podia deixar toda a preocupa\u00e7\u00e3o para Ele. Eu n\u00e3o sabia como me livrar disso.<\/p>\n\n\n\n<p>Jejuei v\u00e1rias vezes, pedindo ao Senhor que afastasse a preocupa\u00e7\u00e3o. Com o tempo, Ele me ajudou a entender que a preocupa\u00e7\u00e3o era uma prova de que eu amava as pessoas a quem servia e que, desde que eu cuidasse delas, a preocupa\u00e7\u00e3o n\u00e3o desapareceria completamente. Saber disso me ajudou a conviver com a preocupa\u00e7\u00e3o e carregar o fardo.<\/p>\n\n\n\n<p>Certo domingo, em uma manh\u00e3 fria de inverno, eu estava a caminho da Igreja. Estava totalmente escuro. A preocupa\u00e7\u00e3o, o fardo e a percep\u00e7\u00e3o da injusti\u00e7a de ter que acordar t\u00e3o cedo em uma manh\u00e3 fria e escura de domingo pareciam particularmente pesados. Eu estava jejuando pedindo ajuda. E ent\u00e3o, a resposta veio. Simples. Meu Pai Celestial disse exatamente o seguinte: &#8220;Sorria!&#8221; E fiz isso. Imediatamente me senti melhor. Me senti mais leve. Eu vi o servi\u00e7o \u00e0 minha fam\u00edlia da ala como um privil\u00e9gio. Em vez de me concentrar na manh\u00e3 escura e fria, pude me concentrar no rosto brilhante e feliz daqueles que estavam servindo comigo. Em vez de pensar nas dificuldades que as pessoas enfrentavam, eu pude me concentrar em seus esfor\u00e7os, seus exemplos, sua f\u00e9 e seu progresso.<\/p>\n\n\n\n<p>Agora, admito que simplesmente sorrir pode n\u00e3o ser uma solu\u00e7\u00e3o universal. Reconhe\u00e7o que muitas pessoas enfrentam desafios mentais e emocionais que exigem ajuda profissional. Mas essa foi uma resposta depois de eu ter jejuado e orado especificamente sobre minha situa\u00e7\u00e3o, e eu a compartilho, esperando que possa ajudar de alguma forma. Um sorriso pode mudar minha perspectiva.<\/p>\n\n\n\n<p>Em alguns dias, sinto-me como um cientista impostor. Mas, quando sorrio, acredito que meu melhor trabalho ainda est\u00e1 \u00e0 minha frente e n\u00e3o me envergonho das coisas que ainda n\u00e3o sei, nem das coisas que sabia e depois esqueci.<\/p>\n\n\n\n<p>H\u00e1 dias em que sinto que minha f\u00e9 est\u00e1 fraca. Mas, quando sorrio, sei que o oposto da f\u00e9 n\u00e3o \u00e9 a d\u00favida \u2014 o oposto da f\u00e9 \u00e9 a certeza, e sou grato pelo que acredito.<\/p>\n\n\n\n<p>H\u00e1 dias em que eu gostaria de ter sido um pai melhor quando estava criando meus filhos. Mas, quando sorrio, lembro que eles ainda me escutam. E vejo-os como o Pai Celestial os v\u00ea, e acredito que continuar\u00e3o a crescer e a me surpreender. Vejo-os, como diz minha b\u00ean\u00e7\u00e3o patriarcal, como &#8220;j\u00f3ias em minha casa&#8221;, e vejo minha fam\u00edlia como minha &#8220;maior alegria&#8221;.<\/p>\n\n\n\n<p>Em alguns dias, sinto a perda \u2014 a profunda perda \u2014 de tr\u00eas irm\u00e3s tomadas por fibrose c\u00edstica antes de terem a chance de crescer. Sinto muita pena de meus pais. Mas quando sorrio, fico ansioso para conhecer minhas irm\u00e3s novamente \u2014 e conhec\u00ea-las melhor. E eu me deleito nos nove irm\u00e3os loucos, interessantes e enriquecedores que ainda tenho ao meu lado.<\/p>\n\n\n\n<p>H\u00e1 dias em que repasso na minha cabe\u00e7a, v\u00eddeos de burrices que fiz ou de coisas ruins que disse ou fiz, e me pergunto: &#8220;Como algu\u00e9m poderia me ouvir dar um discurso como esse e n\u00e3o pensar: &#8216;Gus \u00e9 um hip\u00f3crita&#8217;?&#8221; Mas quando sorrio, minha pr\u00f3pria fraqueza \u00e9 a lente de que preciso para ver os outros com clareza, para v\u00ea-los e am\u00e1-los como pessoas como eu, que s\u00e3o uma mistura de tra\u00e7os bons e ruins, ainda tentando se tornar as pessoas que querem ser, mas que ainda n\u00e3o chegaram l\u00e1.<\/p>\n\n\n\n<p>H\u00e1 dias em que me sinto desanimado por meu corpo estar envelhecendo. Ainda quero melhorar minhas habilidades de handebol e ganhar o campeonato estadual de handebol de Utah. Quero estabelecer novos recordes pessoais em meus passeios de bicicleta de montanha. Quero ser sarado. Mas, quando sorrio, sinto-me grato por <em>poder<\/em> jogar handebol, <em>poder<\/em> andar com a minha bicicleta de montanha, <em>poder<\/em> usar minhas m\u00e3os para digitar e <em>poder<\/em> ver para ler.<\/p>\n\n\n\n<p>Quando sorrio, sinto-me grato por poder provar e cheirar a comida maravilhosa de minha esposa e ver as belas flores que ela planta em seu jardim enorme. Sinto-me grato por ter sa\u00fade suficiente para fazer tudo o que meus filhos e netos fazem.<\/p>\n\n\n\n<p>Voltando ao in\u00edcio:<\/p>\n\n\n\n<ul class=\"wp-block-list\">\n<li>Acredito que o Pai Celestial \u00e9 paciente.<\/li>\n\n\n\n<li>Acredito que Seus planos s\u00e3o melhores do que meus planos.<\/li>\n\n\n\n<li>Acredito que cada um de n\u00f3s tem um dom: um c\u00e9rebro que pode crescer e adaptar-se. Podemos fazer algo incr\u00edvel com esse dom.<\/li>\n\n\n\n<li>Acredito que qualquer pessoa pode se recuperar. Sempre h\u00e1 esperan\u00e7a.<\/li>\n\n\n\n<li>Acredito no poder de um sorriso.<\/li>\n<\/ul>\n\n\n\n<p>Por fim, acredito no Pai Celestial, que nos ama e nos conhece pessoalmente. Testifico que Jesus \u00e9 o Redentor. Ele \u00e9 o M\u00e9dico que pode curar e salvar qualquer um. Acredito nas doutrinas ensinadas na B\u00edblia e no Livro de M\u00f3rmon e pelos profetas modernos. Acredito em voc\u00eas, em seu potencial divino e em sua miss\u00e3o \u00fanica de fazer o mundo melhor. V\u00e3o, sejam incr\u00edveis!<\/p>\n\n\n\n<p>Em nome de Jesus Cristo. Am\u00e9m.<\/p>\n\n\n\n<p>\u00a9 Brigham Young University. Todos os direitos reservados.&nbsp;<\/p>\n","protected":false},"template":"","tags":[],"class_list":["post-847","speech","type-speech","status-publish","hentry","event_type-devocional","podcast-byu-speeches-portugues","speaker-gus-l-hart","topic-fe","topic-testemunho"],"acf":[],"yoast_head":"<!-- This site is optimized with the Yoast SEO Premium plugin v27.5 (Yoast SEO v27.5) - https:\/\/yoast.com\/product\/yoast-seo-premium-wordpress\/ -->\n<title>Seis coisas que acredito | BYU Speeches Portugu\u00eas<\/title>\n<meta name=\"description\" content=\"Acredito no Pai Celestial, que nos ama e nos conhece pessoalmente. Testifico que Jesus \u00e9 o Redentor. Acredito na B\u00edblia e no Livro de M\u00f3rmon.\" \/>\n<meta name=\"robots\" content=\"index, follow, max-snippet:-1, max-image-preview:large, max-video-preview:-1\" \/>\n<link rel=\"canonical\" href=\"https:\/\/speeches.byu.edu\/por\/talks\/gus-l-hart\/seis-coisas-que-acredito\/\" \/>\n<meta property=\"og:locale\" content=\"pt_BR\" \/>\n<meta property=\"og:type\" content=\"article\" \/>\n<meta property=\"og:title\" content=\"Seis coisas que acredito\" \/>\n<meta property=\"og:description\" content=\"Acredito no Pai Celestial, que nos ama e nos conhece pessoalmente. Testifico que Jesus \u00e9 o Redentor. Acredito na B\u00edblia e no Livro de M\u00f3rmon.\" \/>\n<meta property=\"og:url\" content=\"https:\/\/speeches.byu.edu\/por\/talks\/gus-l-hart\/seis-coisas-que-acredito\/\" \/>\n<meta property=\"og:site_name\" content=\"BYU Speeches Portugu\u00eas\" \/>\n<meta property=\"article:publisher\" content=\"https:\/\/www.youtube.com\/@BYUSpeechesPortugues\" \/>\n<meta property=\"og:image\" content=\"https:\/\/speeches.byu.edu\/por\/wp-content\/uploads\/sites\/7\/2024\/01\/Speeches_ShareCard2024_PORT.jpg\" \/>\n\t<meta property=\"og:image:width\" content=\"1920\" \/>\n\t<meta property=\"og:image:height\" content=\"1080\" \/>\n\t<meta property=\"og:image:type\" content=\"image\/jpeg\" \/>\n<meta name=\"twitter:card\" content=\"summary_large_image\" \/>\n<meta name=\"twitter:label1\" content=\"Est. tempo de leitura\" \/>\n\t<meta name=\"twitter:data1\" content=\"23 minutos\" \/>\n\t<meta name=\"twitter:label2\" content=\"Written by\" \/>\n\t<meta name=\"twitter:data2\" content=\"Gus L. Hart\" \/>\n<script type=\"application\/ld+json\" class=\"yoast-schema-graph\">{\"@context\":\"https:\\\/\\\/schema.org\",\"@graph\":[{\"@type\":\"WebPage\",\"@id\":\"https:\\\/\\\/speeches.byu.edu\\\/por\\\/talks\\\/gus-l-hart\\\/seis-coisas-que-acredito\\\/\",\"url\":\"https:\\\/\\\/speeches.byu.edu\\\/por\\\/talks\\\/gus-l-hart\\\/seis-coisas-que-acredito\\\/\",\"name\":\"Seis coisas que acredito | BYU Speeches Portugu\u00eas\",\"isPartOf\":{\"@id\":\"https:\\\/\\\/speeches.byu.edu\\\/por\\\/#website\"},\"datePublished\":\"2024-08-09T06:00:00+00:00\",\"description\":\"Acredito no Pai Celestial, que nos ama e nos conhece pessoalmente. Testifico que Jesus \u00e9 o Redentor. Acredito na B\u00edblia e no Livro de M\u00f3rmon.\",\"breadcrumb\":{\"@id\":\"https:\\\/\\\/speeches.byu.edu\\\/por\\\/talks\\\/gus-l-hart\\\/seis-coisas-que-acredito\\\/#breadcrumb\"},\"inLanguage\":\"pt-BR\",\"potentialAction\":[{\"@type\":\"ReadAction\",\"target\":[\"https:\\\/\\\/speeches.byu.edu\\\/por\\\/talks\\\/gus-l-hart\\\/seis-coisas-que-acredito\\\/\"]}]},{\"@type\":\"BreadcrumbList\",\"@id\":\"https:\\\/\\\/speeches.byu.edu\\\/por\\\/talks\\\/gus-l-hart\\\/seis-coisas-que-acredito\\\/#breadcrumb\",\"itemListElement\":[{\"@type\":\"ListItem\",\"position\":1,\"name\":\"Speeches\",\"item\":\"https:\\\/\\\/speeches.byu.edu\\\/por\\\/talks\\\/\"},{\"@type\":\"ListItem\",\"position\":2,\"name\":\"Gus L. Hart\",\"item\":\"https:\\\/\\\/speeches.byu.edu\\\/por\\\/speakers\\\/gus-l-hart\\\/\"},{\"@type\":\"ListItem\",\"position\":3,\"name\":\"Seis coisas que acredito\"}]},{\"@type\":\"WebSite\",\"@id\":\"https:\\\/\\\/speeches.byu.edu\\\/por\\\/#website\",\"url\":\"https:\\\/\\\/speeches.byu.edu\\\/por\\\/\",\"name\":\"BYU Speeches Portugu\u00eas\",\"description\":\"\",\"publisher\":{\"@id\":\"https:\\\/\\\/speeches.byu.edu\\\/por\\\/#organization\"},\"potentialAction\":[{\"@type\":\"SearchAction\",\"target\":{\"@type\":\"EntryPoint\",\"urlTemplate\":\"https:\\\/\\\/speeches.byu.edu\\\/por\\\/?s={search_term_string}\"},\"query-input\":{\"@type\":\"PropertyValueSpecification\",\"valueRequired\":true,\"valueName\":\"search_term_string\"}}],\"inLanguage\":\"pt-BR\"},{\"@type\":\"Organization\",\"@id\":\"https:\\\/\\\/speeches.byu.edu\\\/por\\\/#organization\",\"name\":\"BYU Speeches\",\"url\":\"https:\\\/\\\/speeches.byu.edu\\\/por\\\/\",\"logo\":{\"@type\":\"ImageObject\",\"inLanguage\":\"pt-BR\",\"@id\":\"https:\\\/\\\/speeches.byu.edu\\\/por\\\/#\\\/schema\\\/logo\\\/image\\\/\",\"url\":\"https:\\\/\\\/speeches.byu.edu\\\/por\\\/wp-content\\\/uploads\\\/sites\\\/7\\\/2024\\\/01\\\/BYUspeechesLogo-1.png\",\"contentUrl\":\"https:\\\/\\\/speeches.byu.edu\\\/por\\\/wp-content\\\/uploads\\\/sites\\\/7\\\/2024\\\/01\\\/BYUspeechesLogo-1.png\",\"width\":1000,\"height\":1000,\"caption\":\"BYU Speeches\"},\"image\":{\"@id\":\"https:\\\/\\\/speeches.byu.edu\\\/por\\\/#\\\/schema\\\/logo\\\/image\\\/\"},\"sameAs\":[\"https:\\\/\\\/www.youtube.com\\\/@BYUSpeechesPortugues\"]}]}<\/script>\n<!-- \/ Yoast SEO Premium plugin. -->","yoast_head_json":{"title":"Seis coisas que acredito | BYU Speeches Portugu\u00eas","description":"Acredito no Pai Celestial, que nos ama e nos conhece pessoalmente. Testifico que Jesus \u00e9 o Redentor. Acredito na B\u00edblia e no Livro de M\u00f3rmon.","robots":{"index":"index","follow":"follow","max-snippet":"max-snippet:-1","max-image-preview":"max-image-preview:large","max-video-preview":"max-video-preview:-1"},"canonical":"https:\/\/speeches.byu.edu\/por\/talks\/gus-l-hart\/seis-coisas-que-acredito\/","og_locale":"pt_BR","og_type":"article","og_title":"Seis coisas que acredito","og_description":"Acredito no Pai Celestial, que nos ama e nos conhece pessoalmente. Testifico que Jesus \u00e9 o Redentor. Acredito na B\u00edblia e no Livro de M\u00f3rmon.","og_url":"https:\/\/speeches.byu.edu\/por\/talks\/gus-l-hart\/seis-coisas-que-acredito\/","og_site_name":"BYU Speeches Portugu\u00eas","article_publisher":"https:\/\/www.youtube.com\/@BYUSpeechesPortugues","og_image":[{"width":1920,"height":1080,"url":"https:\/\/speeches.byu.edu\/por\/wp-content\/uploads\/sites\/7\/2024\/01\/Speeches_ShareCard2024_PORT.jpg","type":"image\/jpeg"}],"twitter_card":"summary_large_image","twitter_misc":{"Est. tempo de leitura":"23 minutos","Written by":"Gus L. Hart"},"schema":{"@context":"https:\/\/schema.org","@graph":[{"@type":"WebPage","@id":"https:\/\/speeches.byu.edu\/por\/talks\/gus-l-hart\/seis-coisas-que-acredito\/","url":"https:\/\/speeches.byu.edu\/por\/talks\/gus-l-hart\/seis-coisas-que-acredito\/","name":"Seis coisas que acredito | BYU Speeches Portugu\u00eas","isPartOf":{"@id":"https:\/\/speeches.byu.edu\/por\/#website"},"datePublished":"2024-08-09T06:00:00+00:00","description":"Acredito no Pai Celestial, que nos ama e nos conhece pessoalmente. Testifico que Jesus \u00e9 o Redentor. Acredito na B\u00edblia e no Livro de M\u00f3rmon.","breadcrumb":{"@id":"https:\/\/speeches.byu.edu\/por\/talks\/gus-l-hart\/seis-coisas-que-acredito\/#breadcrumb"},"inLanguage":"pt-BR","potentialAction":[{"@type":"ReadAction","target":["https:\/\/speeches.byu.edu\/por\/talks\/gus-l-hart\/seis-coisas-que-acredito\/"]}]},{"@type":"BreadcrumbList","@id":"https:\/\/speeches.byu.edu\/por\/talks\/gus-l-hart\/seis-coisas-que-acredito\/#breadcrumb","itemListElement":[{"@type":"ListItem","position":1,"name":"Speeches","item":"https:\/\/speeches.byu.edu\/por\/talks\/"},{"@type":"ListItem","position":2,"name":"Gus L. Hart","item":"https:\/\/speeches.byu.edu\/por\/speakers\/gus-l-hart\/"},{"@type":"ListItem","position":3,"name":"Seis coisas que acredito"}]},{"@type":"WebSite","@id":"https:\/\/speeches.byu.edu\/por\/#website","url":"https:\/\/speeches.byu.edu\/por\/","name":"BYU Speeches Portugu\u00eas","description":"","publisher":{"@id":"https:\/\/speeches.byu.edu\/por\/#organization"},"potentialAction":[{"@type":"SearchAction","target":{"@type":"EntryPoint","urlTemplate":"https:\/\/speeches.byu.edu\/por\/?s={search_term_string}"},"query-input":{"@type":"PropertyValueSpecification","valueRequired":true,"valueName":"search_term_string"}}],"inLanguage":"pt-BR"},{"@type":"Organization","@id":"https:\/\/speeches.byu.edu\/por\/#organization","name":"BYU Speeches","url":"https:\/\/speeches.byu.edu\/por\/","logo":{"@type":"ImageObject","inLanguage":"pt-BR","@id":"https:\/\/speeches.byu.edu\/por\/#\/schema\/logo\/image\/","url":"https:\/\/speeches.byu.edu\/por\/wp-content\/uploads\/sites\/7\/2024\/01\/BYUspeechesLogo-1.png","contentUrl":"https:\/\/speeches.byu.edu\/por\/wp-content\/uploads\/sites\/7\/2024\/01\/BYUspeechesLogo-1.png","width":1000,"height":1000,"caption":"BYU Speeches"},"image":{"@id":"https:\/\/speeches.byu.edu\/por\/#\/schema\/logo\/image\/"},"sameAs":["https:\/\/www.youtube.com\/@BYUSpeechesPortugues"]}]}},"_links":{"self":[{"href":"https:\/\/speeches.byu.edu\/por\/wp-json\/wp\/v2\/speech\/847","targetHints":{"allow":["GET"]}}],"collection":[{"href":"https:\/\/speeches.byu.edu\/por\/wp-json\/wp\/v2\/speech"}],"about":[{"href":"https:\/\/speeches.byu.edu\/por\/wp-json\/wp\/v2\/types\/speech"}],"wp:attachment":[{"href":"https:\/\/speeches.byu.edu\/por\/wp-json\/wp\/v2\/media?parent=847"}],"wp:term":[{"taxonomy":"post_tag","embeddable":true,"href":"https:\/\/speeches.byu.edu\/por\/wp-json\/wp\/v2\/tags?post=847"}],"curies":[{"name":"wp","href":"https:\/\/api.w.org\/{rel}","templated":true}]}}