{"id":1322,"date":"2025-01-17T06:00:00","date_gmt":"2025-01-17T06:00:00","guid":{"rendered":"https:\/\/speeches.byu.edu\/spa\/?post_type=speech&#038;p=1322"},"modified":"2024-10-01T16:06:04","modified_gmt":"2024-10-01T16:06:04","slug":"encontrar-el-rumbo-en-la-incertidumbre","status":"publish","type":"speech","link":"https:\/\/speeches.byu.edu\/spa\/talks\/mary-f-davis\/encontrar-el-rumbo-en-la-incertidumbre\/","title":{"rendered":"Encontrar el rumbo en la incertidumbre"},"content":{"rendered":"\n<p class=\"has-text-align-center has-small-font-size\"><strong><em>Tenemos la intenci\u00f3n de modificar la traducci\u00f3n cuando sea necesario. Si tiene alguna sugerencia, escr\u00edbanos a speeches.spa@byu.edu<\/em><\/strong><\/p>\n\n\n\n<p>Mi esposo, Ryan, y yo nos casamos a principios de nuestro \u00faltimo a\u00f1o como estudiantes universitarios en BYU. \u00c9l ten\u00eda la intenci\u00f3n de postularse a las escuelas de posgrado, y un d\u00eda le pregunt\u00e9 t\u00edmidamente: \u201c\u00bfQu\u00e9 tal si yo tambi\u00e9n lo hago?\u201d.<\/p>\n\n\n\n<p>Su respuesta inmediata fue: \u201c\u00bfPor qu\u00e9 no lo har\u00edas?\u201d (\u00a1S\u00ed, somos de esas personas que aman estudiar y no pueden imaginarse por qu\u00e9 alguien preferir\u00eda conseguir un trabajo en vez de estudiar m\u00e1s!)<\/p>\n\n\n\n<p>Esto dio comienzo a un incre\u00edble viaje educativo que me ha llevado a una carrera que nunca esper\u00e9 tener en mi vida. Al mirar hacia atr\u00e1s en mi trayecto, veo c\u00f3mo Dios ha estado conmigo. Sin embargo, eso no significa que la vida haya estado libre de grandes desaf\u00edos.<\/p>\n\n\n\n<h2 class=\"wp-block-heading\" id=\"h-avanzar-en-la-incertidumbre\"><strong>Avanzar en la incertidumbre<\/strong><\/h2>\n\n\n\n<p>Hoy deseo hablar acerca de dos cosas: La primera es c\u00f3mo seguir adelante cuando no saben qu\u00e9 decisi\u00f3n tomar o qu\u00e9 paso dar a continuaci\u00f3n en su vida. Esta situaci\u00f3n puede ocurrir porque tienen demasiadas opciones que son buenas o porque parece que no hay buenas opciones.<\/p>\n\n\n\n<p>Cuando abordo las decisiones con fe, a menudo deseo y espero tener una experiencia como la de Nefi, cuando fue a buscar las planchas de Lab\u00e1n \u201csin saber de antemano lo que tendr\u00eda que hacer\u201d<sup>1<\/sup>. Dios lo guio paso a paso. En cambio, mi experiencia a menudo se parece m\u00e1s a la experiencia del hermano de Jared cuando pregunt\u00f3 c\u00f3mo tener luz en los barcos jareditas. La respuesta de Dios fue esencialmente: \u201c\u00bfQu\u00e9 quieres que yo haga?\u201d2<\/p>\n\n\n\n<p>Al embarcarme en mis estudios de posgrado, lidiaba con sentimientos de culpa, como si estuviera priorizando mi crecimiento personal por encima de dedicarme a cuidar de mi familia. Me sent\u00eda como si tuviera que elegir \u201co lo uno o lo otro\u201d. Durante nuestros estudios de posgrado, surgi\u00f3 un dilema con respecto a c\u00f3mo mi esposo y yo pod\u00edamos cursar estudios al mismo tiempo. En esta etapa, hab\u00eda desarrollado un profundo amor por la estad\u00edstica en la gen\u00e9tica humana combinada con la inform\u00e1tica biom\u00e9dica, sin embargo, me costaba imaginar un camino a seguir para completar mi carrera.<\/p>\n\n\n\n<p>Acud\u00ed a Dios en oraci\u00f3n, incluso mientras luchaba con la idea de buscar Su gu\u00eda en lo que parec\u00eda una b\u00fasqueda ego\u00edsta. Esperaba que Dios me animara amablemente a dejar de lado esa b\u00fasqueda, y centrarme en mi familia y en la educaci\u00f3n de mi esposo. Solo hay unas pocas ocasiones en mi vida en las que he experimentado una revelaci\u00f3n divina clara e inequ\u00edvoca, y esta fue una de esas ocasiones. Pero no fue la respuesta que esperaba.<\/p>\n\n\n\n<p>La respuesta de mi Padre Celestial fue, simple y valientemente, \u201cNo te rindas\u201d. Si bien esta directiva era inequ\u00edvoca, me dej\u00f3 desconcertada, sin rumbo sobre c\u00f3mo avanzar. Medit\u00e9 el adagio \u201cCuando una puerta se cierra, otra se abre\u201d, pero no vi ninguna puerta que pudiera abrirse. A pesar de haber recibido una clara gu\u00eda divina, me encontr\u00e9 en un per\u00edodo oscuro de mi vida, luchando por saber c\u00f3mo proceder sin aparentes posibilidades de progreso. Con fervientes oraciones, la impresi\u00f3n persisti\u00f3: \u201cNo te rindas\u201d. Pero esta impresi\u00f3n ven\u00eda a mi sin ning\u00fan conocimiento adicional de c\u00f3mo no darme por vencida.<\/p>\n\n\n\n<p>Ryan y yo buscamos el consejo de nuestros padres, amigos, otros parientes y el obispo. Oramos, fuimos al templo, y buscamos en las escrituras. En el transcurso de un mes, un par de cosas tomaron forma. Adem\u00e1s de la impresi\u00f3n \u201cNo te rindas\u201d, Ryan y yo nos sentimos atra\u00eddos por la historia del hermano de Jared que mencion\u00e9 antes.<\/p>\n\n\n\n<h2 class=\"wp-block-heading\" id=\"h-presentar-una-ofrenda\"><strong><em>Presentar una ofrenda<\/em><\/strong><\/h2>\n\n\n\n<p>En el libro de \u00c9ter leemos que a los jareditas se les mand\u00f3 construir barcos para su viaje a una nueva tierra. El hermano de Jared busc\u00f3 gu\u00eda divina para varios desaf\u00edos, entre ellos c\u00f3mo proporcionar luz en los barcos que se hallaban cerrados. A pesar de haber dado respuestas espec\u00edficas a otras preguntas, Dios le pregunt\u00f3 al hermano de Jared: \u201c\u00bfQu\u00e9 quieres que yo haga para que teng\u00e1is luz?\u201d<sup>3<\/sup><\/p>\n\n\n\n<p>\u00bfSe imaginan la presi\u00f3n que debe haber sentido el hermano de Jared? Me imagino que estaba abrumado. Esto fue antes de que se pensara en la electricidad moderna. En ese momento, la \u00fanica luz disponible en la oscuridad era el fuego, que no era seguro para un barco de madera cerrado. Despu\u00e9s de mucha contemplaci\u00f3n y una buena dosis de pensamiento creativo, el hermano de Jared \u201cde una roca fundi\u00f3\u201d piedras transparentes y plane\u00f3 pedirle al Dios del universo que tocara las piedras y las hiciera brillar<sup>4<\/sup>.<\/p>\n\n\n\n<p>Present\u00f3 este plan a Dios al suplicar: \u201cY ahora, he aqu\u00ed, oh Se\u00f1or, no te enojes con tu siervo a causa de su debilidad delante de ti\u201d<sup>5<\/sup>. Se sinti\u00f3 humilde al tratar de elaborar un plan cuando sab\u00eda que Dios pod\u00eda idear un plan mejor y m\u00e1s eficaz. Sin embargo, Dios le hab\u00eda pedido que lo intentara. Se le ocurri\u00f3 utilizar rocas y pedirle a Dios que las tocara y las hiciera brillar. El conocimiento y la habilidad del hermano de Jared eran insuficientes para hacer m\u00e1s que eso. Sin embargo, la respuesta de Dios no fue desde\u00f1osa ni airada; m\u00e1s bien, de inmediato toc\u00f3 las piedras para iluminarlas y elogi\u00f3 al hermano de Jared por su fe.<\/p>\n\n\n\n<p>La fe del hermano de Jared le ense\u00f1\u00f3 algo profundo acerca de Dios, quien declar\u00f3: \u201cEres redimido de la ca\u00edda; por tanto, eres tra\u00eddo de nuevo a mi presencia\u201d<sup>6<\/sup>. \u00a1Qu\u00e9 extraordinario! La fe del hermano de Jared al presentar su humilde ofrenda condujo a este resultado; no sucedi\u00f3 porque \u00e9l propusiera una soluci\u00f3n espec\u00edfica, sino porque tuvo la fe para ofrecer una soluci\u00f3n. Fue la fe en la benevolencia de Dios. Aunque Dios podr\u00eda haber efectuado un milagro diferente sin el hermano de Jared, \u00c9l deseaba que el hermano de Jared progresara y participara.<\/p>\n\n\n\n<p>Despu\u00e9s de meditar, mi esposo y yo presentamos nuestra ofrenda a Dios y le pedimos que dirigiera nuestro camino. En lugar de piedras transparentes, nuestra ofrenda era un calendario lleno de fechas en las que yo viajar\u00eda entre Texas y Tennessee mientras Ryan estaba en la escuela, y luego ambos viajar\u00edamos a Tennessee durante las vacaciones de Ryan. Presentamos esta ofrenda y le pedimos a Dios que bendijera este plan para que ambos pudi\u00e9ramos continuar nuestra educaci\u00f3n, recibir nuestros t\u00edtulos y, lo que es m\u00e1s importante, para que nuestra relaci\u00f3n no sufriera por todo el tiempo separados. Le rogamos a Dios para que nosotros, que \u00e9ramos pobres estudiantes de posgrado, tuvi\u00e9ramos los recursos y la fortaleza para llevar a cabo este plan. Sentimos el consuelo de que Dios acept\u00f3 nuestra ofrenda y la bendijo. Tras recibir las autorizaciones acad\u00e9micas necesarias, nos dispusimos a seguir este camino.<\/p>\n\n\n\n<p>Tres a\u00f1os despu\u00e9s, despu\u00e9s de muchos, muchos vuelos y kil\u00f3metros en nuestro coche, m\u00e1s un beb\u00e9, me gradu\u00e9 con mi doctorado. Despu\u00e9s de tres a\u00f1os m\u00e1s y un beb\u00e9 m\u00e1s, Ryan tambi\u00e9n recibi\u00f3 su doctorado. Dios bendijo nuestro plan. Acad\u00e9micamente, pudimos sobresalir. Nuestras familias nos apoyaron much\u00edsimo. Ten\u00edamos muchos amigos en ambos estados que nos ayudaron, ya fuera permiti\u00e9ndome quedarme con ellos cuando viajaba por mi cuenta o estando dispuestos a desarrollar una profunda amistad con alguien que estaba fuera del estado la mitad del tiempo. Nuestros viajes y nuestra educaci\u00f3n no perjudicaron nuestra relaci\u00f3n; al contrario, al tener que comunicarnos y sacrificarnos por los objetivos del otro, nuestra relaci\u00f3n se hizo mucho, mucho m\u00e1s fuerte que si hubi\u00e9ramos seguido otro camino. Dios verdaderamente tom\u00f3 nuestra escasa ofrenda y la impregn\u00f3 con poder celestial.<\/p>\n\n\n\n<h2 class=\"wp-block-heading\" id=\"h-confiar-en-dios\"><strong><em>Confiar en Dios<\/em><\/strong><\/h2>\n\n\n\n<p>De esa experiencia, aprend\u00ed que cuando me siento estancada e insegura sobre qu\u00e9 paso dar a continuaci\u00f3n, debo confiar en Dios lo suficiente como para elegir y dar un paso o, en otras palabras, para avanzar con fe. Si viven de una manera que los prepara para recibir revelaci\u00f3n personal, entonces sigan adelante, aunque no reciban una impresi\u00f3n clara sobre qu\u00e9 camino tomar. Conf\u00eden en que Dios no les permitir\u00e1 tomar una mala decisi\u00f3n sin advertirles7. Conf\u00eden en que Dios quiere verlos participar en su propio camino. Sus voces son importantes para \u00c9l. Si est\u00e1n orientados hacia \u00c9l, \u00c9l puede caminar con ustedes sin importar la carrera o las decisiones que tomen en la vida. Ofrezcan como ofrenda su plan y d\u00e9jenlo a los pies de Aquel que los ama y obra \u201cpara vuestro bienestar\u201d8. \u00c9l puede convertir sus piedras en milagros.<\/p>\n\n\n\n<p>Tambi\u00e9n aprend\u00ed que recibir revelaci\u00f3n personal no significa que el camino hacia adelante se vuelva f\u00e1cil. Aprend\u00ed que incluso aquellos que tienen las mismas metas no necesitan tomar el mismo camino para alcanzarlas. Aprend\u00ed que lo que parece f\u00e1cil para una persona puede ser un desaf\u00edo para otra. Aprend\u00ed a confiar en Dios durante los momentos dif\u00edciles y aprend\u00ed que con \u00c9l saldr\u00e9 victoriosa.<\/p>\n\n\n\n<p>Si nos centramos tanto en los <em>acontecimientos<\/em> que tienen que suceder, perderemos el enfoque m\u00e1s importante de <em>qui\u00e9nes<\/em> estamos tratando de llegar a ser. Si llegamos a ser alguien con una relaci\u00f3n estrecha con nuestro Padre Celestial, viviremos con \u00c9l por la eternidad. Los acontecimientos de nuestra vida y las decisiones var\u00edan, pero debemos esforzarnos por lograr metas que nos ayuden a llegar a ser lo mejor de nosotros mismos, las personas que nuestro Padre Celestial ve que tenemos el potencial de llegar a ser.<\/p>\n\n\n\n<p>El presidente Russell M. Nelson ha declarado repetidamente la importancia de recibir revelaci\u00f3n personal<sup>9<\/sup>. Si hubiera tomado la decisi\u00f3n de continuar o no mis estudios de posgrado seg\u00fan lo que yo pensaba que deb\u00eda hacer, habr\u00eda atrofiado mi crecimiento personal. Al elegir estar en comuni\u00f3n con Dios, recib\u00ed revelaci\u00f3n personal que fue monumental en mi vida. Mi camino me llev\u00f3 a una amplia formaci\u00f3n acad\u00e9mica y a una carrera en la docencia y la investigaci\u00f3n. Al mirar hacia atr\u00e1s en esta senda, puedo ver muchas maneras en las que mi Padre Celestial estuvo all\u00ed apoy\u00e1ndome y gui\u00e1ndome cuando lo necesit\u00e9, incluso si en ese momento no pod\u00eda ver Su influencia.<\/p>\n\n\n\n<h2 class=\"wp-block-heading\" id=\"h-orientarse-hacia-cristo\"><strong>Orientarse hacia Cristo<\/strong><\/h2>\n\n\n\n<p>Cada uno tiene su propio camino. Espero que elijan uno que los lleve a la vida eterna con Dios, que los lleve a nuestro Salvador, Jesucristo. Leemos: \u201cEstrecha es la puerta y angosto el camino que conduce a la vida, y pocos son los que la hallan\u201d10. A veces, me lo imaginaba como un sendero peque\u00f1o y angosto en medio de un amplio panorama, un sendero que conduce a un destello lejano llamado vida eterna. A veces, tem\u00eda que, cuando me desviara al inevitablemente cometer errores, llegara a perder la esperanza de encontrar el sendero otra vez.<\/p>\n\n\n\n<p>Me gustar\u00eda compartir mi visi\u00f3n interna actual que incorpora mi estudio de las escrituras y las palabras de los profetas. Agradezco a mi suegra, Mary Jeane Davis, por darle vida a esto para que lo vean. [Se mostr\u00f3 una obra de arte].<\/p>\n\n\n\n<p>En lugar de que la meta de la vida eterna est\u00e9 al final de un \u00fanico camino, me imagino la vida eterna con Jesucristo en la cima de una monta\u00f1a. Debido a que los individuos entran en esta vida en diferentes puntos y con diferentes desaf\u00edos y ventajas, los individuos est\u00e1n dispersos por toda la monta\u00f1a.<\/p>\n\n\n\n<p>En este escenario, \u201cestrecho\u201d y \u201cangosto\u201d no se refieren a un solo camino que todos necesitan encontrar y en el que caben; en cambio, se refieren a los posibles \u00e1ngulos de la trayectoria de cada persona que le permitir\u00e1n llegar a la cima y a Jesucristo. En el lugar en el que se encuentra cada persona, s\u00f3lo hay un \u00fanico y estrecho \u00e1ngulo que seguir mientras viajan y que los llevar\u00e1 a Jes\u00fas sin perderlo de vista. Deben centrarse en la meta de qui\u00e9nes llegar\u00e1n a ser y con la ayuda de qui\u00e9n.<\/p>\n\n\n\n<p>Sin embargo, cuando miramos a otra persona, podemos notar que su \u00e1ngulo es diferente al nuestro. En estas comparaciones, perdemos de vista el hecho m\u00e1s importante: lo que importa no es la medida del \u00e1ngulo de cada persona, sino a qui\u00e9n y a qu\u00e9 nos enfrentamos. Jes\u00fas ministra a cada persona en particular. \u00c9l se encuentra con nosotros dondequiera que estemos y nos muestra c\u00f3mo progresar y regresar a \u00c9l.<\/p>\n\n\n\n<p>Esta visi\u00f3n personal me ayuda a entender mejor las palabras del presidente Jeffrey R. Holland:<\/p>\n\n\n\n<p><em>No s\u00e9 qui\u00e9n de esta vasta audiencia de hoy necesitar\u00e1 escuchar el mensaje del perd\u00f3n .&nbsp;.&nbsp;.&nbsp;por m\u00e1s tarde que piensen que hayan llegado, por m\u00e1s oportunidades que hayan perdido, por m\u00e1s errores que piensen que hayan cometido, sean cuales sean los talentos que piensen que no tengan, o por m\u00e1s distancia que piensen que hayan recorrido lejos del hogar, de la familia y de Dios, testifico que <strong>no<\/strong> han viajado m\u00e1s all\u00e1 del alcance del amor divino<sup>11<\/sup>.<\/em><\/p>\n\n\n\n<p>Si pierden su enfoque central \u2014la vida eterna con Jesucristo\u2014 pueden desviarse del camino directo hacia \u00c9l. Sin embargo, en cuanto se giren para apuntar hacia \u00c9l, vuelven al camino. No pueden permanecer perdidos para \u00c9l.<\/p>\n\n\n\n<p><strong><em>Aprender de la trayectoria de los h\u00e9roes de la ciencia<\/em><\/strong><\/p>\n\n\n\n<p>El hecho de que cada uno de nuestros caminos sea \u00fanico realmente me impact\u00f3 el verano pasado cuando me desempe\u00f1\u00e9 como directora de un nuevo estudio en el extranjero sobre la historia de las mujeres en la ciencia. Fue una experiencia fenomenal explorar diferentes campos de la ciencia en muchos pa\u00edses y aprender sobre mujeres cient\u00edficas, entre ellas Marie Curie, Rosalind Franklin, Florence Nightingale, Mary Anning y Emmanuelle Charpentier. Aprend\u00ed sobre m\u00e1s cient\u00edficas de las que sab\u00eda que exist\u00edan y, adem\u00e1s de sus logros acad\u00e9micos, aprend\u00ed sobre sus vidas y sus desaf\u00edos. Tambi\u00e9n pas\u00e9 el a\u00f1o pasado leyendo y estudiando m\u00e1s sobre otras figuras influyentes en el campo de las ciencias, la tecnolog\u00eda, la ingenier\u00eda y las matem\u00e1ticas, como Gregor Mendel, Antonie van Leeuwenhook y William Henry Welch, y sobre sus vidas y logros. Me han sorprendido e inspirado sus historias de perseverancia y \u00e9xito.<\/p>\n\n\n\n<p>A menudo nos referimos a personas famosas como \u201ch\u00e9roes\u201d, pero no sabemos mucho excepto que tuvieron un momento de \u00e9xito que cambi\u00f3 el mundo. A medida que profundizaba en la comprensi\u00f3n de los antecedentes de estos cient\u00edficos y los desaf\u00edos que enfrentaron antes de los logros por los que los conocemos, me inspir\u00e9 a\u00fan m\u00e1s.<\/p>\n\n\n\n<p>A Florence Nightingale se le conoce por su trabajo como enfermera. De hecho, revolucion\u00f3 el campo de la enfermer\u00eda. Al estudiar su vida, aprend\u00ed que, desde que era adolescente, se sinti\u00f3 llamada al servicio de Dios prestando servicio a los dem\u00e1s como enfermera. Incluso con esta pasi\u00f3n, no tuvo la oportunidad de recibir capacitaci\u00f3n en enfermer\u00eda durante veinte a\u00f1os, la misma cantidad de tiempo que muchos de ustedes han estado vivos. Una vez que finalmente cumpli\u00f3 su sue\u00f1o de convertirse en enfermera, le fue dif\u00edcil encontrar puestos que le permitieran usar sus habilidades. Trabajaba duro en todo lo que le permit\u00edan hacer en los hospitales y utilizaba lo que sab\u00eda sobre higiene e infecciones para mejorar su entorno. A los pocos a\u00f1os, se le pidi\u00f3 que trajera enfermeras y sirviera en la Guerra de Crimea, durante la cual se la conoci\u00f3 como \u201cLa dama de la l\u00e1mpara\u201d. Jug\u00f3 un papel decisivo en el cambio de la forma en que se establec\u00edan y gestionaban los hospitales de campa\u00f1a, as\u00ed como en el cambio de las funciones de las enfermeras en el campo de la medicina.<\/p>\n\n\n\n<p>Durante ese tiempo, contrajo una enfermedad cr\u00f3nica, probablemente brucelosis, que afect\u00f3 su salud por el resto de su vida, impidi\u00e9ndole continuar trabajando como enfermera. \u00bfSe lo imaginan? Despu\u00e9s de esperar veinte a\u00f1os para realizar su sue\u00f1o, un efecto secundario de su servicio le impidi\u00f3 trabajar como enfermera durante las \u00faltimas d\u00e9cadas de su vida. Su camino tuvo desaf\u00edos inesperados. Imag\u00ednense encontrar ese barranco frente a ustedes despu\u00e9s de ascender una parte empinada de su monta\u00f1a.<\/p>\n\n\n\n<p>Sin embargo, Nightingale encontr\u00f3 formas de seguir su pasi\u00f3n por servir a los dem\u00e1s. Cre\u00eda firmemente que todas las personas, no solo las capacitadas para trabajar en un hospital, deb\u00edan tener un conocimiento pr\u00e1ctico b\u00e1sico de enfermer\u00eda. Escribi\u00f3 y public\u00f3 docenas de libros y folletos para quienes cuidaban de las personas en casa, entre ellos el libro <em>Notes on Nursing<\/em> (<em>Notas sobre enfermer\u00eda<\/em>) en 1859. Analiz\u00f3 datos de guerras y hospitales, y public\u00f3 ciertos resultados de sus an\u00e1lisis estad\u00edsticos que finalmente convencieron a muchos de que m\u00e1s personas murieron en la guerra por infecciones que por heridas de combate. Con su fe en Dios y en Su ayuda, su trabajo como enfermera no termin\u00f3 solo porque no pudo hacer lo que hab\u00eda previsto. En cambio, sus publicaciones ayudaron a muchos m\u00e1s de lo que podr\u00eda haber imaginado<sup>12<\/sup>.<\/p>\n\n\n\n<p>Gregor Mendel, un monje que vivi\u00f3 en el siglo XIX, es conocido como el padre de la gen\u00e9tica moderna. A medida que aprend\u00eda m\u00e1s de su vida el a\u00f1o pasado, me sorprendi\u00f3 saber que ser monje no era su primera elecci\u00f3n de ocupaci\u00f3n. Ten\u00eda un fuerte deseo de ser profesor. Sin embargo, ten\u00eda mucha ansiedad y no pudo aprobar el examen de profesor en Alemania ninguna de las dos veces que se present\u00f3. Despu\u00e9s de la segunda vez, regres\u00f3 abatido a su monasterio y perdi\u00f3 la esperanza de esta profesi\u00f3n.<\/p>\n\n\n\n<p>Mientras era monje, pas\u00f3 a\u00f1os cultivando miles de plantas de guisantes y registr\u00e1ndolas. Para muchos de nosotros, nuestra primera introducci\u00f3n a la gen\u00e9tica es aprender sobre el trabajo de Mendel en las plantas de guisantes. Llev\u00f3 a cabo experimentos meticulosos cruzando plantas de guisantes y registrando caracter\u00edsticas como el color de la flor, el color del guisante y la forma del guisante, entre otros. Esto le permiti\u00f3 deducir patrones de herencia, espec\u00edficamente rasgos dominantes y recesivos. Despu\u00e9s de d\u00e9cadas, public\u00f3 esta obra monumental<sup>13<\/sup>.<\/p>\n\n\n\n<p>Y luego, nada. Casi nadie lo ley\u00f3. Se perdi\u00f3 en los polvorientos rincones de las publicaciones cient\u00edficas. No fue hasta d\u00e9cadas m\u00e1s tarde, despu\u00e9s de su muerte, que redescubrieron el trabajo de Mendel y estos descubrimientos que cambiaron la visi\u00f3n del mundo se difundieron por todo el planeta. Mientras que Florence Nightingale realiz\u00f3 su sue\u00f1o de ser enfermera, Mendel nunca lleg\u00f3 a ser profesor. Sin embargo, Dios pudo tocar los esfuerzos de Mendel y usarlos para bendecir al mundo. A pesar de que Mendel es un h\u00e9roe y alguien a quien admiro como un cient\u00edfico que us\u00f3 m\u00e9todos precisos con una paciencia asombrosa, nunca vio el impacto que tuvo en el mundo<sup>14<\/sup>.<\/p>\n\n\n\n<h2 class=\"wp-block-heading\" id=\"h-convertir-piedras-en-milagros\"><strong><em>Convertir piedras en milagros<\/em><\/strong><\/h2>\n\n\n\n<p>Durante mi formaci\u00f3n universitaria, aprend\u00ed a realizar pruebas de laboratorio con muestras de pacientes para ayudar en el diagn\u00f3stico, el tratamiento y la prevenci\u00f3n de enfermedades. Me encantaba la carrera de Ciencias de Laboratorio M\u00e9dico (MLS, por sus siglas en ingl\u00e9s), pero sent\u00ed que hab\u00eda abandonado ese camino cuando fui a la escuela de posgrado para estudiar la gen\u00e9tica humana. Curiosamente, mi certificaci\u00f3n volvi\u00f3 a cobrar relevancia cuando regres\u00e9 a BYU como miembro del cuerpo docente para ense\u00f1ar en el programa MLS. Hace unos a\u00f1os cobr\u00f3 a\u00fan m\u00e1s relevancia.<\/p>\n\n\n\n<p>Mi cuarta hija naci\u00f3 al comienzo de la pandemia del COVID-19 despu\u00e9s de un embarazo brutal. Hubo meses en los que lo m\u00e1ximo que pod\u00eda hacer cada d\u00eda era moverme de la cama al sof\u00e1. Esta \u00e9poca fue un profundo valle en mi vida debido a mi salud f\u00edsica. Era dif\u00edcil imaginar algo bueno en el futuro. Afortunadamente, mi hija naci\u00f3 sana \u2014solo que muy peque\u00f1a\u2014 y me recuper\u00e9.<\/p>\n\n\n\n<p>El semestre siguiente, en mi curso de microbiolog\u00eda cl\u00ednica, est\u00e1bamos hablando sobre el COVID-19. Las pruebas moleculares de COVID-19 son realizadas por cient\u00edficos de laboratorio m\u00e9dico, y la demanda de estos cient\u00edficos era muy alta. Muchos en la profesi\u00f3n trabajaban en m\u00faltiples trabajos para ayudar con la necesidad. Mi esposo y yo hab\u00edamos considerado la posibilidad de tener un segundo empleo en un hospital para aliviar la presi\u00f3n sobre el personal del hospital durante la pandemia. Sin embargo, un alumno de la clase pregunt\u00f3: \u201c\u00bfC\u00f3mo podemos, como programa de MLS, ayudar en BYU?\u201d. Eso me ayud\u00f3 a considerar c\u00f3mo pod\u00edamos ayudar espec\u00edficamente a la comunidad de BYU.<\/p>\n\n\n\n<p>El profesorado de la MLS se puso en contacto con la administraci\u00f3n de la universidad y se ofreci\u00f3 a ayudar en todo lo que pudi\u00e9ramos. Esto result\u00f3 en una experiencia fenomenal para los estudiantes y profesores de MLS. Pudimos trabajar con el Centro de Salud Estudiantil de BYU para iniciar un laboratorio de alta complejidad que cumpliera con las regulaciones gubernamentales para pruebas PCR (reacci\u00f3n en cadena de la polimerasa en ingl\u00e9s) de COVID-19. Este laboratorio lo administraban profesores certificados de MLS, pero la mayor parte del trabajo la llevaron a cabo estudiantes en el programa de MLS. Durante las horas de mayor actividad, realizamos cientos de pruebas al d\u00eda en el Centro de Salud Estudiantil. Aunque esto result\u00f3 en trabajo adicional para cada uno de nosotros, me record\u00f3 que no debo asumir que ciertas etapas de mi vida tienen un final definido. Dios tom\u00f3 piedras de mi vida que hab\u00eda olvidado y las convirti\u00f3 en milagros.<\/p>\n\n\n\n<h2 class=\"wp-block-heading\" id=\"h-evitar-las-comparaciones\"><strong>Evitar las comparaciones<\/strong><\/h2>\n\n\n\n<p>A medida que avanzamos por nuestro camino en la vida, no sabemos cu\u00e1ndo habr\u00e1 barrancos o acantilados escarpados. Algunos de nuestros desaf\u00edos pueden ser similares a los de otras personas; algunos pueden ser distintos. Podemos aprender de la forma en que otros han superado los retos de su camino, pero enfrentarnos a nuestros propios retos puede parecer solitario y puede requerir t\u00e9cnicas y habilidades propias de nuestro camino y nuestros retos. No permitan que la comparaci\u00f3n de su camino con el de los dem\u00e1s disminuya la fuerza y el valor que necesitan para seguir adelante.<\/p>\n\n\n\n<p>La segunda idea que me gustar\u00eda compartir es la de no comparar su propio camino con el de los dem\u00e1s, tanto para el beneficio de ellos como para el suyo.<\/p>\n\n\n\n<p>Esperamos que la meta de cada uno de nosotros sea regresar a nuestro Padre Celestial y a Jesucristo. Que tan cerca parece estar alguien de la cima de una monta\u00f1a o lo f\u00e1cil que parece ser su camino puede ser enga\u00f1oso. Algunos tienen grandes desaf\u00edos que son visibles para todos, y otros tienen un sendero con una pendiente ligera que parece f\u00e1cil, pero nunca proporciona una meseta para poder descansar. No vale la pena mi tiempo ni el de ustedes juzgar la dificultad del camino de otra persona o juzgar si ha avanzado en su camino tanto como deber\u00eda. No tenemos el \u00e1ngulo correcto de percepci\u00f3n para emitir un juicio preciso, y no obtenemos ning\u00fan beneficio al juzgar a los dem\u00e1s. Tampoco obtenemos ning\u00fan beneficio al hacernos sentir peque\u00f1os porque no parecemos estar tan avanzados en nuestro camino como los dem\u00e1s est\u00e1n en el suyo. Por favor recuerden: no importa en qu\u00e9 parte del camino se encuentren, solo que est\u00e1n en el camino.<\/p>\n\n\n\n<p>Cada uno de nosotros fracasar\u00e1 al escalar la monta\u00f1a por su cuenta. No tenemos la capacidad suficiente para hacerlo. Es por eso que la expiaci\u00f3n de Jesucristo es necesaria y es un don tan preciado. Tambi\u00e9n por eso no tenemos que preocuparnos de d\u00f3nde estamos en el camino, s\u00f3lo de que estamos orientados hacia Jesucristo. Si lo hacemos, Su expiaci\u00f3n es suficiente para ayudarnos a cada uno de nosotros a seguir adelante a pesar de los desaf\u00edos y para compensar cuando cometemos errores y tropezamos fuera del camino. Por favor, conf\u00eden en \u00c9l. Conf\u00eden en \u00c9l lo suficiente como para enfocarse en \u00c9l, sin importar cu\u00e1n lento o atrasado el progreso de ustedes parezca. Permitan que aquellos que \u00c9l ponga en su camino les ayuden como \u00c9l lo har\u00eda.<\/p>\n\n\n\n<p>Hay muchas cosas buenas en esta vida. Hay muchas cosas que podemos hacer y metas que podemos alcanzar que nos mejoran y nos ayudan a llegar a ser mejores personas. Sin embargo, para recibir verdaderamente la vida eterna y alcanzar la cumbre m\u00e1s alta, necesitamos a Jesucristo. No permitan que las metas, sin importar cu\u00e1n buenas sean, les hagan cambiar su posici\u00f3n lejos de Jesucristo. Para m\u00ed, centrarme en la educaci\u00f3n de mi esposo era una buena meta, pero hacerlo excluyendo mi propia educaci\u00f3n me habr\u00eda desviado de mi camino.<\/p>\n\n\n\n<h2 class=\"wp-block-heading\" id=\"h-apoyarse-en-la-expiacion-de-cristo\"><strong>Apoyarse en la expiaci\u00f3n de Cristo<\/strong><\/h2>\n\n\n\n<p>Me gustar\u00eda compartir otro de los desaf\u00edos que he enfrentado en mi vida. Comenc\u00e9 como docente en BYU cuando ten\u00eda una hija en casa y estaba esperando una segunda hija. Los primeros a\u00f1os como docente son extenuantes y abrumadores, al menos lo fueron para m\u00ed. Cuando mi segunda hija ten\u00eda varios meses, lo pas\u00e9 mal. Me sent\u00eda entumecida. Era dif\u00edcil sentir cualquier emoci\u00f3n, en especial esperanza. En ese momento, segu\u00ed esforz\u00e1ndome por hacer las cosas que sab\u00eda que me ayudar\u00edan a ser lo mejor que pod\u00eda ser. Segu\u00ed orando, aunque sent\u00ed que no recib\u00eda mucha respuesta. Segu\u00ed leyendo las Escrituras, aunque no sent\u00eda nada. Un d\u00eda estaba leyendo el salmo de Nefi15, y una secci\u00f3n de \u00e9l me llam\u00f3 la atenci\u00f3n:<\/p>\n\n\n\n<p><em>\u00a1Despierta, alma m\u00eda! No desfallezcas m\u00e1s en el pecado. \u00a1Regoc\u00edjate, oh coraz\u00f3n m\u00edo, y no des m\u00e1s lugar al enemigo de mi alma!<\/em><\/p>\n\n\n\n<p><em>No vuelvas a enojarte a causa de mis enemigos. No debilites mi fuerza por motivo de mis aflicciones.<\/em><\/p>\n\n\n\n<p><em>\u00a1Regoc\u00edjate, oh mi coraz\u00f3n, y clama al Se\u00f1or y dile: Oh Se\u00f1or, te alabar\u00e9 para siempre! S\u00ed, mi alma se regocijar\u00e1 en ti, mi Dios, y la roca de mi salvaci\u00f3n<\/em><sup>16<\/sup>.<\/p>\n\n\n\n<p>Cuando le\u00ed esto, no sent\u00ed ninguna conexi\u00f3n. No sent\u00ed el Esp\u00edritu. Pero recuerdo que pens\u00e9 intelectualmente: \u201cHmm, deber\u00eda sentir una conexi\u00f3n con esto. Esto parece ser lo que quiero que me suceda. Quiero que mi alma se sienta despierta. No quiero sentirme agobiada. \u00bfPor qu\u00e9 no puedo sentir una conexi\u00f3n?\u201d<\/p>\n\n\n\n<p>Escrib\u00ed los versos que quer\u00eda sentir y los puse en un lugar visible en la cocina. En retrospectiva, puedo ver esto como un punto de apoyo que el Salvador cre\u00f3 para ayudarme a escalar este precipicio aparentemente insuperable. En ese momento, todo lo que pod\u00eda hacer era animarme a m\u00ed misma a mirar ese punto de apoyo. No pod\u00eda siquiera intentar utilizarlo. Durante meses le\u00ed estas palabras en mi cocina, a veces de pasada, a veces oblig\u00e1ndome a concentrarme en ellas. Durante ese tiempo, tambi\u00e9n me reun\u00ed con mi m\u00e9dico, me diagnosticaron depresi\u00f3n posparto y comenc\u00e9 el tratamiento.<\/p>\n\n\n\n<p>Con el tiempo, esa s\u00faplica de Nefi se convirti\u00f3 en mi s\u00faplica. Fui capaz de utilizar este punto de apoyo, esta conexi\u00f3n con mi Salvador, y poco a poco empec\u00e9 a hacer la misma s\u00faplica sincera para que mi alma despertara. Con el tiempo, esos vers\u00edculos llegaron a ser preciados para m\u00ed, y los sent\u00ed en mi alma. Al leerlos ahora, a\u00f1os despu\u00e9s, son un recordatorio para m\u00ed de que mi Padre Celestial no me olvid\u00f3. En un momento en que no pod\u00eda sentir ni escuchar Su Esp\u00edritu, \u00c9l utiliz\u00f3 otra parte de mi cerebro \u2014una parte cl\u00ednica y l\u00f3gica\u2014 para ayudarme a identificar un pasaje de las Escrituras con el que pudiera esforzarme por sentir una conexi\u00f3n. Cuando yo no pod\u00eda encontrar esperanza, \u00c9l me dio las palabras de Nefi para que las usara como meta.<\/p>\n\n\n\n<p>Hay muchos desaf\u00edos en nuestra vida. Algunos provienen de nuestras decisiones, pero muchos provienen de circunstancias fuera de nuestro control. Nuestros cuerpos actuales son mortales y tienen limitaciones terrenales, muchas de ellas desde que nacemos. Mencion\u00e9 a Gregor Mendel y su trabajo sobre los rasgos dominantes y recesivos, ahora conocidos como gen\u00e9tica mendeliana. Mi investigaci\u00f3n se centra en rasgos complejos con gen\u00e9tica no mendeliana, lo que significa que un solo gen o variante gen\u00e9tica no es suficiente para determinar un rasgo o enfermedad. A veces, cientos de variantes gen\u00e9ticas pueden aumentar el riesgo de que una persona tenga ciertos rasgos. Ahora sabemos que grandes combinaciones de variantes gen\u00e9ticas influyen en rasgos complejos como las enfermedades autoinmunes, la depresi\u00f3n, las enfermedades card\u00edacas y la demencia. Tambi\u00e9n hay muchos estudios que han encontrado asociaciones gen\u00e9ticas con cosas que consideramos rasgos de personalidad, como la agresi\u00f3n<sup>17<\/sup> y la capacidad de atenci\u00f3n<sup>18<\/sup>.<\/p>\n\n\n\n<p>A medida que investigo y aprendo m\u00e1s sobre la gen\u00e9tica, hay tres formas espec\u00edficas en que esta abrumadora cantidad de informaci\u00f3n sobre c\u00f3mo funciona el cuerpo \u2014y el conocimiento de lo mucho que no entendemos de la gen\u00e9tica\u2014 ha fortalecido mi testimonio de mi Salvador, Jesucristo.<\/p>\n\n\n\n<h2 class=\"wp-block-heading\" id=\"h-1-a-l-comprender-el-significado-de-la-expiacion-infinita-de-jesucristo\"><strong><em>1. A<\/em><\/strong><strong><em>l comprender el significado de la expiaci\u00f3n infinita de Jesucristo<\/em><\/strong><\/h2>\n\n\n\n<p>Entiendo mejor la importancia de una Expiaci\u00f3n infinita y de un juicio personal. Debido a nuestra composici\u00f3n gen\u00e9tica y a las circunstancias de la vida, las acciones var\u00edan en dificultad para cada persona. La expiaci\u00f3n del Salvador permite que todos tengamos un juicio personalizado en lugar de consecuencias generales.<\/p>\n\n\n\n<h2 class=\"wp-block-heading\" id=\"h-2-al-sentir-gratitud-por-la-expiacion-del-salvador-y-por-liberarnos-de-juzgar-a-otros\"><strong><em>2. Al <\/em><\/strong><strong><em>sentir gratitud por la expiaci\u00f3n del Salvador y por liberarnos de <\/em><\/strong><strong><em>juzgar a otros<\/em><\/strong><\/h2>\n\n\n\n<p>Estoy agradecida de no tener que juzgar a los dem\u00e1s en el juicio final. Las acciones tienen consecuencias, y necesitamos estructuras sociales y leyes que promulguen esas consecuencias para mantener a los dem\u00e1s a salvo. Pero estos sistemas no tienen la capacidad de medir el arrepentimiento genuino o el cambio, lo cual es necesario para el juicio eterno. Estoy profundamente agradecida de que mi Salvador experiment\u00f3 cada falla y defecto en Su expiaci\u00f3n, permiti\u00e9ndole comprender las luchas y los esfuerzos de las personas. Estoy agradecida de no tener la tarea de llevar esta carga, que tambi\u00e9n me libera de la necesidad de juzgar a los dem\u00e1s durante mi tiempo en la tierra. No necesito juzgar si los dem\u00e1s est\u00e1n en el camino correcto o si est\u00e1n trabajando lo suficiente. Mi trabajo es hacer lo que Dios manda: amarlos.<\/p>\n\n\n\n<h2 class=\"wp-block-heading\" id=\"h-3-abrazar-la-bondad-hacia-uno-mismo-y-celebrar-el-crecimiento-personal\"><strong><em>3. <\/em><\/strong><strong><em>Abrazar la bondad hacia uno mismo y celebrar el crecimiento personal<\/em><\/strong><\/h2>\n\n\n\n<p>He aprendido a ser m\u00e1s amable conmigo misma y a juzgarme menos a m\u00ed misma. En lugar de obsesionarme con los malos h\u00e1bitos que veo, reconozco que mis tendencias innatas pueden diferir de las de los dem\u00e1s. Le doy prioridad a animarme a m\u00ed misma por mis logros en lugar de obsesionarme con mis defectos.<\/p>\n\n\n\n<h2 class=\"wp-block-heading\" id=\"h-tomar-el-camino-propio\"><strong>Tomar el camino propio<\/strong><\/h2>\n\n\n\n<p>Tengo un testimonio de mi Salvador. Tengo un testimonio del amor de mi Padre Celestial por m\u00ed como hija Suya. Creo en Su amor por cada uno de ustedes, individualmente, justo donde est\u00e9n. Creo que cada uno de ustedes tiene un camino de regreso a nuestro Padre Celestial. No podr\u00e1n alejarse tanto que un solo paso no pueda ayudarles a encontrarse de nuevo con \u00c9l. Encontrarse con \u00c9l y centrarse en \u00c9l no significa que sus vidas vayan a ser f\u00e1ciles. No significa que los desaf\u00edos desaparecer\u00e1n o que no volver\u00e1n a estar all\u00ed. Lo que s\u00ed significa es que tendr\u00e1n garantizado el \u00e9xito de lograr su meta de la vida eterna y vivir nuevamente con su Padre Celestial y sus seres queridos. Qu\u00e9 tan lejos sientan que est\u00e1n en el camino no es lo importante; el hecho de estar en el camino es suficiente. Conf\u00eden en que el Salvador se encargar\u00e1 de la distancia. No se den por vencidos.<\/p>\n\n\n\n<p>No se dejen cegar por las soluciones comunes. Sean creativos al determinar maneras de seguir adelante a trav\u00e9s de sus desaf\u00edos. Cuando luchaba con la depresi\u00f3n posparto, ped\u00ed servir en la guarder\u00eda. Mi obispo pens\u00f3 que estaba loca. Pero una vez que comenc\u00e9 a servir en la guarder\u00eda, de repente quise estar en la Iglesia; esos ni\u00f1os peque\u00f1os me necesitaban. A menudo no ten\u00edan la edad suficiente para hablar, as\u00ed que no ten\u00eda que preocuparme por mantener una conversaci\u00f3n. Pod\u00eda simplemente ir y ser quien era en ese momento y recibir el regalo de amor de los peque\u00f1itos en forma de una sonrisa o un abrazo o, a veces, una galleta de pez dorado a medio comer.<\/p>\n\n\n\n<p>Sean creativos al hacer su plan para avanzar. Ofrezcan como ofrenda sus piedras al Se\u00f1or. Conf\u00eden en que \u00c9l las tocar\u00e1 y convertir\u00e1 sus ofrendas en un milagro.<\/p>\n\n\n\n<p>Estoy agradecida de estar hoy aqu\u00ed con ustedes. Por favor, sepan que se les ama a cada uno de ustedes. Cada uno de ustedes tiene su propio camino. Y hay muchas personas que los animan: su Salvador, su Padre Celestial y quienes los rodean, incluso sus profesores. Estoy agradecida de ser uno de los que pueden estar aqu\u00ed para animarlos y apoyarlos. Digo estas cosas en el nombre de Jesucristo. Am\u00e9n.<\/p>\n","protected":false},"template":"","tags":[],"class_list":["post-1322","speech","type-speech","status-publish","hentry","event_type-devocional","speaker-mary-f-davis","topic-fe","topic-revelacion","topic-vida"],"acf":[],"yoast_head":"<!-- This site is optimized with the Yoast SEO Premium plugin v27.5 (Yoast SEO v27.5) - https:\/\/yoast.com\/product\/yoast-seo-premium-wordpress\/ -->\n<title>Encontrar el rumbo en la incertidumbre | BYU Speeches Espa\u00f1ol<\/title>\n<meta name=\"description\" content=\"Ante la incertidumbre, podemos avanzar con fe, y saber que Dios nos guiar\u00e1 por nuestros caminos personales.\" \/>\n<meta name=\"robots\" content=\"index, follow, max-snippet:-1, max-image-preview:large, max-video-preview:-1\" \/>\n<link rel=\"canonical\" href=\"https:\/\/speeches.byu.edu\/spa\/talks\/mary-f-davis\/encontrar-el-rumbo-en-la-incertidumbre\/\" \/>\n<meta property=\"og:locale\" content=\"es_ES\" \/>\n<meta property=\"og:type\" content=\"article\" \/>\n<meta property=\"og:title\" content=\"Encontrar el rumbo en la incertidumbre\" \/>\n<meta property=\"og:description\" content=\"Ante la incertidumbre, podemos avanzar con fe, y saber que Dios nos guiar\u00e1 por nuestros caminos personales.\" \/>\n<meta property=\"og:url\" content=\"https:\/\/speeches.byu.edu\/spa\/talks\/mary-f-davis\/encontrar-el-rumbo-en-la-incertidumbre\/\" \/>\n<meta property=\"og:site_name\" content=\"BYU Speeches Espa\u00f1ol\" \/>\n<meta property=\"og:image\" content=\"https:\/\/speeches.byu.edu\/spa\/wp-content\/uploads\/sites\/5\/2024\/01\/Speeches_ShareCard2024_ESP.jpg\" \/>\n\t<meta property=\"og:image:width\" content=\"1920\" \/>\n\t<meta property=\"og:image:height\" content=\"1080\" \/>\n\t<meta property=\"og:image:type\" content=\"image\/jpeg\" \/>\n<meta name=\"twitter:card\" content=\"summary_large_image\" \/>\n<meta name=\"twitter:label1\" content=\"Tiempo de lectura\" \/>\n\t<meta name=\"twitter:data1\" content=\"25 minutos\" \/>\n\t<meta name=\"twitter:label2\" content=\"Written by\" \/>\n\t<meta name=\"twitter:data2\" content=\"Mary F. Davis\" \/>\n<script type=\"application\/ld+json\" class=\"yoast-schema-graph\">{\"@context\":\"https:\\\/\\\/schema.org\",\"@graph\":[{\"@type\":\"WebPage\",\"@id\":\"https:\\\/\\\/speeches.byu.edu\\\/spa\\\/talks\\\/mary-f-davis\\\/encontrar-el-rumbo-en-la-incertidumbre\\\/\",\"url\":\"https:\\\/\\\/speeches.byu.edu\\\/spa\\\/talks\\\/mary-f-davis\\\/encontrar-el-rumbo-en-la-incertidumbre\\\/\",\"name\":\"Encontrar el rumbo en la incertidumbre | BYU Speeches Espa\u00f1ol\",\"isPartOf\":{\"@id\":\"https:\\\/\\\/speeches.byu.edu\\\/spa\\\/#website\"},\"datePublished\":\"2025-01-17T06:00:00+00:00\",\"description\":\"Ante la incertidumbre, podemos avanzar con fe, y saber que Dios nos guiar\u00e1 por nuestros caminos personales.\",\"breadcrumb\":{\"@id\":\"https:\\\/\\\/speeches.byu.edu\\\/spa\\\/talks\\\/mary-f-davis\\\/encontrar-el-rumbo-en-la-incertidumbre\\\/#breadcrumb\"},\"inLanguage\":\"es\",\"potentialAction\":[{\"@type\":\"ReadAction\",\"target\":[\"https:\\\/\\\/speeches.byu.edu\\\/spa\\\/talks\\\/mary-f-davis\\\/encontrar-el-rumbo-en-la-incertidumbre\\\/\"]}]},{\"@type\":\"BreadcrumbList\",\"@id\":\"https:\\\/\\\/speeches.byu.edu\\\/spa\\\/talks\\\/mary-f-davis\\\/encontrar-el-rumbo-en-la-incertidumbre\\\/#breadcrumb\",\"itemListElement\":[{\"@type\":\"ListItem\",\"position\":1,\"name\":\"Speeches\",\"item\":\"https:\\\/\\\/speeches.byu.edu\\\/spa\\\/talks\\\/\"},{\"@type\":\"ListItem\",\"position\":2,\"name\":\"Mary F. Davis\",\"item\":\"https:\\\/\\\/speeches.byu.edu\\\/spa\\\/speakers\\\/mary-f-davis\\\/\"},{\"@type\":\"ListItem\",\"position\":3,\"name\":\"Encontrar el rumbo en la incertidumbre\"}]},{\"@type\":\"WebSite\",\"@id\":\"https:\\\/\\\/speeches.byu.edu\\\/spa\\\/#website\",\"url\":\"https:\\\/\\\/speeches.byu.edu\\\/spa\\\/\",\"name\":\"BYU Speeches Espa\u00f1ol\",\"description\":\"\",\"publisher\":{\"@id\":\"https:\\\/\\\/speeches.byu.edu\\\/spa\\\/#organization\"},\"potentialAction\":[{\"@type\":\"SearchAction\",\"target\":{\"@type\":\"EntryPoint\",\"urlTemplate\":\"https:\\\/\\\/speeches.byu.edu\\\/spa\\\/?s={search_term_string}\"},\"query-input\":{\"@type\":\"PropertyValueSpecification\",\"valueRequired\":true,\"valueName\":\"search_term_string\"}}],\"inLanguage\":\"es\"},{\"@type\":\"Organization\",\"@id\":\"https:\\\/\\\/speeches.byu.edu\\\/spa\\\/#organization\",\"name\":\"BYU Speeches\",\"url\":\"https:\\\/\\\/speeches.byu.edu\\\/spa\\\/\",\"logo\":{\"@type\":\"ImageObject\",\"inLanguage\":\"es\",\"@id\":\"https:\\\/\\\/speeches.byu.edu\\\/spa\\\/#\\\/schema\\\/logo\\\/image\\\/\",\"url\":\"https:\\\/\\\/speeches.byu.edu\\\/spa\\\/wp-content\\\/uploads\\\/sites\\\/5\\\/2023\\\/10\\\/BYUspeechesLogo.png\",\"contentUrl\":\"https:\\\/\\\/speeches.byu.edu\\\/spa\\\/wp-content\\\/uploads\\\/sites\\\/5\\\/2023\\\/10\\\/BYUspeechesLogo.png\",\"width\":1000,\"height\":1000,\"caption\":\"BYU Speeches\"},\"image\":{\"@id\":\"https:\\\/\\\/speeches.byu.edu\\\/spa\\\/#\\\/schema\\\/logo\\\/image\\\/\"},\"sameAs\":[\"https:\\\/\\\/www.instagram.com\\\/byuspeechesespanol\\\/\",\"https:\\\/\\\/www.youtube.com\\\/@byuspeechesespanol\"]}]}<\/script>\n<!-- \/ Yoast SEO Premium plugin. -->","yoast_head_json":{"title":"Encontrar el rumbo en la incertidumbre | BYU Speeches Espa\u00f1ol","description":"Ante la incertidumbre, podemos avanzar con fe, y saber que Dios nos guiar\u00e1 por nuestros caminos personales.","robots":{"index":"index","follow":"follow","max-snippet":"max-snippet:-1","max-image-preview":"max-image-preview:large","max-video-preview":"max-video-preview:-1"},"canonical":"https:\/\/speeches.byu.edu\/spa\/talks\/mary-f-davis\/encontrar-el-rumbo-en-la-incertidumbre\/","og_locale":"es_ES","og_type":"article","og_title":"Encontrar el rumbo en la incertidumbre","og_description":"Ante la incertidumbre, podemos avanzar con fe, y saber que Dios nos guiar\u00e1 por nuestros caminos personales.","og_url":"https:\/\/speeches.byu.edu\/spa\/talks\/mary-f-davis\/encontrar-el-rumbo-en-la-incertidumbre\/","og_site_name":"BYU Speeches Espa\u00f1ol","og_image":[{"width":1920,"height":1080,"url":"https:\/\/speeches.byu.edu\/spa\/wp-content\/uploads\/sites\/5\/2024\/01\/Speeches_ShareCard2024_ESP.jpg","type":"image\/jpeg"}],"twitter_card":"summary_large_image","twitter_misc":{"Tiempo de lectura":"25 minutos","Written by":"Mary F. Davis"},"schema":{"@context":"https:\/\/schema.org","@graph":[{"@type":"WebPage","@id":"https:\/\/speeches.byu.edu\/spa\/talks\/mary-f-davis\/encontrar-el-rumbo-en-la-incertidumbre\/","url":"https:\/\/speeches.byu.edu\/spa\/talks\/mary-f-davis\/encontrar-el-rumbo-en-la-incertidumbre\/","name":"Encontrar el rumbo en la incertidumbre | BYU Speeches Espa\u00f1ol","isPartOf":{"@id":"https:\/\/speeches.byu.edu\/spa\/#website"},"datePublished":"2025-01-17T06:00:00+00:00","description":"Ante la incertidumbre, podemos avanzar con fe, y saber que Dios nos guiar\u00e1 por nuestros caminos personales.","breadcrumb":{"@id":"https:\/\/speeches.byu.edu\/spa\/talks\/mary-f-davis\/encontrar-el-rumbo-en-la-incertidumbre\/#breadcrumb"},"inLanguage":"es","potentialAction":[{"@type":"ReadAction","target":["https:\/\/speeches.byu.edu\/spa\/talks\/mary-f-davis\/encontrar-el-rumbo-en-la-incertidumbre\/"]}]},{"@type":"BreadcrumbList","@id":"https:\/\/speeches.byu.edu\/spa\/talks\/mary-f-davis\/encontrar-el-rumbo-en-la-incertidumbre\/#breadcrumb","itemListElement":[{"@type":"ListItem","position":1,"name":"Speeches","item":"https:\/\/speeches.byu.edu\/spa\/talks\/"},{"@type":"ListItem","position":2,"name":"Mary F. Davis","item":"https:\/\/speeches.byu.edu\/spa\/speakers\/mary-f-davis\/"},{"@type":"ListItem","position":3,"name":"Encontrar el rumbo en la incertidumbre"}]},{"@type":"WebSite","@id":"https:\/\/speeches.byu.edu\/spa\/#website","url":"https:\/\/speeches.byu.edu\/spa\/","name":"BYU Speeches Espa\u00f1ol","description":"","publisher":{"@id":"https:\/\/speeches.byu.edu\/spa\/#organization"},"potentialAction":[{"@type":"SearchAction","target":{"@type":"EntryPoint","urlTemplate":"https:\/\/speeches.byu.edu\/spa\/?s={search_term_string}"},"query-input":{"@type":"PropertyValueSpecification","valueRequired":true,"valueName":"search_term_string"}}],"inLanguage":"es"},{"@type":"Organization","@id":"https:\/\/speeches.byu.edu\/spa\/#organization","name":"BYU Speeches","url":"https:\/\/speeches.byu.edu\/spa\/","logo":{"@type":"ImageObject","inLanguage":"es","@id":"https:\/\/speeches.byu.edu\/spa\/#\/schema\/logo\/image\/","url":"https:\/\/speeches.byu.edu\/spa\/wp-content\/uploads\/sites\/5\/2023\/10\/BYUspeechesLogo.png","contentUrl":"https:\/\/speeches.byu.edu\/spa\/wp-content\/uploads\/sites\/5\/2023\/10\/BYUspeechesLogo.png","width":1000,"height":1000,"caption":"BYU Speeches"},"image":{"@id":"https:\/\/speeches.byu.edu\/spa\/#\/schema\/logo\/image\/"},"sameAs":["https:\/\/www.instagram.com\/byuspeechesespanol\/","https:\/\/www.youtube.com\/@byuspeechesespanol"]}]}},"_links":{"self":[{"href":"https:\/\/speeches.byu.edu\/spa\/wp-json\/wp\/v2\/speech\/1322","targetHints":{"allow":["GET"]}}],"collection":[{"href":"https:\/\/speeches.byu.edu\/spa\/wp-json\/wp\/v2\/speech"}],"about":[{"href":"https:\/\/speeches.byu.edu\/spa\/wp-json\/wp\/v2\/types\/speech"}],"wp:attachment":[{"href":"https:\/\/speeches.byu.edu\/spa\/wp-json\/wp\/v2\/media?parent=1322"}],"wp:term":[{"taxonomy":"post_tag","embeddable":true,"href":"https:\/\/speeches.byu.edu\/spa\/wp-json\/wp\/v2\/tags?post=1322"}],"curies":[{"name":"wp","href":"https:\/\/api.w.org\/{rel}","templated":true}]}}