{"id":1675,"date":"2026-03-27T06:00:00","date_gmt":"2026-03-27T06:00:00","guid":{"rendered":"https:\/\/speeches.byu.edu\/spa\/?post_type=speech&#038;p=1675"},"modified":"2026-04-03T15:24:00","modified_gmt":"2026-04-03T15:24:00","slug":"reciban-con-gozo-al-mesias-inesperado","status":"publish","type":"speech","link":"https:\/\/speeches.byu.edu\/spa\/talks\/dieter-f-uchtdorf\/reciban-con-gozo-al-mesias-inesperado\/","title":{"rendered":"Reciban con gozo al Mes\u00edas inesperado"},"content":{"rendered":"\n<p class=\"has-small-font-size\"><strong><em>Tenemos la intenci\u00f3n de modificar esta traducci\u00f3n cuando sea necesario. Si tiene sugerencias, por favor enviar un correo a <\/em><\/strong><a href=\"mailto:speeches.spa@byu.edu\" target=\"_blank\" rel=\"noopener\"><em><strong>speeches.spa@byu.edu<\/strong><\/em><\/a>.<\/p>\n\n\n\n<h2 class=\"wp-block-heading\" id=\"h-la-entrada-triunfal\">La entrada triunfal<\/h2>\n\n\n\n<p>Es un honor y una alegr\u00eda para la hermana Uchtdorf y para m\u00ed estar de nuevo en BYU, especialmente durante esta semana tan importante. Y no me refiero a la semana de ex\u00e1menes finales, aunque eso tambi\u00e9n es muy importante y tan pronto como termine este devocional, todos deben estudiar mucho para sus ex\u00e1menes.<\/p>\n\n\n\n<p>Esta semana es a\u00fan m\u00e1s importante por otra raz\u00f3n. De hecho, podr\u00eda decirse que es la semana m\u00e1s sagrada del calendario cristiano. Conmemoramos los \u00faltimos d\u00edas de nuestro Salvador en la mortalidad, que culminaron con Su gloriosa Resurrecci\u00f3n y triunfo sobre la muerte en ese hermoso domingo de Pascua.<\/p>\n\n\n\n<p>En los \u00faltimos d\u00edas, incluso en la conferencia general, hemos tenido la bendici\u00f3n de recibir numerosos mensajes y testimonios que celebran esos acontecimientos sagrados.<\/p>\n\n\n\n<p>Hace solo dos d\u00edas, el mundo cristiano conmemor\u00f3 el Domingo de Ramos. Hoy, recordemos aquel d\u00eda hist\u00f3rico en el que Jesucristo, el Rey de reyes, entr\u00f3 triunfalmente, pero con humildad, en la ciudad santa de Jerusal\u00e9n.<\/p>\n\n\n\n<p>Las calles de la ciudad estaban concurridas por gente que se hab\u00eda reunido en Jerusal\u00e9n para la fiesta de la Pascua. R\u00e1pidamente se corri\u00f3 la voz de que Jes\u00fas de Nazaret ven\u00eda, lo cual caus\u00f3 un gran revuelo. \u201cToda la ciudad se alborot\u00f3\u201d, dicen las Escrituras<sup>1<\/sup>. Una gran multitud se reuni\u00f3 a las puertas de la ciudad para recibirlo. Algunos tendieron sus ropas en el suelo para honrarlo mientras entraba en su amada ciudad. Otros cortaron ramas de palmeras y las extendieron por el camino. La gente vitoreaba y gritaba \u201c\u00a1Bendito el rey que viene en el nombre del Se\u00f1or! \u00a1Paz en el cielo y gloria en las alturas!\u201d<sup>2<\/sup>.<\/p>\n\n\n\n<p>El ambiente era absolutamente electrizante.<\/p>\n\n\n\n<p>La gente comenz\u00f3 a preguntar: \u201c\u00bfQui\u00e9n es este?\u201d<sup>3<\/sup>.<\/p>\n\n\n\n<p>Los fariseos quer\u00edan ponerle fin a todo el alboroto. Pero, por supuesto, eso era imposible. El ambiente estaba cargado de emoci\u00f3n y expectaci\u00f3n<sup>4<\/sup>.<\/p>\n\n\n\n<p>\u00bfPueden imaginar c\u00f3mo debieron de haberse sentido los disc\u00edpulos del Salvador? \u00a1Este era el momento que hab\u00edan estado esperando! Finalmente, la gente reconoc\u00eda a Jes\u00fas como el Mes\u00edas prometido. \u00a1Por fin la espera hab\u00eda terminado! \u00a1El sufrimiento ahora terminar\u00eda! \u00a1Los hijos de Israel ser\u00edan liberados porque su Rey hab\u00eda llegado!<\/p>\n\n\n\n<p>La gente estaba llena de expectaci\u00f3n, pero \u00bfestaban esperando las cosas correctas?<sup>5<\/sup><\/p>\n\n\n\n<h2 class=\"wp-block-heading\" id=\"h-expectativas\">Expectativas<\/h2>\n\n\n\n<p>Ahora bien, con el tiempo los gritos de alabanza y j\u00fabilo se calmaron, como sucede tan a menudo en la vida. Las multitudes se dispersaron y la gente volvi\u00f3 a sus actividades habituales. Celebraron la cena de Pascua jud\u00eda. Segu\u00edan sujetos a Roma y ten\u00edan que seguir pagando impuestos. Es probable que muchos de ellos recordaron aquel domingo en Jerusal\u00e9n y se preguntaron a qu\u00e9 se hab\u00eda debido tanto alboroto.<\/p>\n\n\n\n<p>Mientras tanto, Jes\u00fas celebr\u00f3 una serena \u00daltima Cena con Sus ap\u00f3stoles en el aposento alto. Les ense\u00f1\u00f3, les anim\u00f3, or\u00f3 por ellos y les imparti\u00f3 la ordenanza de la Santa Cena para que le recordaran.<\/p>\n\n\n\n<p>Luego se dirigi\u00f3 a un jard\u00edn llamado Getseman\u00ed y all\u00ed, solo, tom\u00f3 sobre S\u00ed los pecados del mundo. Camin\u00f3 \u201csolo [por] el lagar\u201d, y no hab\u00eda nadie con \u00c9l<sup>6<\/sup>.<\/p>\n\n\n\n<p>Al final del d\u00eda siguiente, Jes\u00fas yac\u00eda colgado en una cruz entre dos ladrones comunes, sufriendo una ejecuci\u00f3n cruel y humillante. En lugar de adoraci\u00f3n, ahora recib\u00eda burlas. \u201cSi es el Rey de Israel\u201d, dec\u00eda la gente, \u201cdescienda ahora de la cruz, y creeremos en \u00e9l\u201d<sup>7<\/sup>.<\/p>\n\n\n\n<p>Algunos observadores debieron de haber estado sinceramente confundidos. \u00bfNo era este el mismo hombre que hab\u00eda causado todo aquel alboroto unos d\u00edas antes? \u00bfNo se supon\u00eda que \u00c9l ser\u00eda nuestro Libertador? \u00bfC\u00f3mo nos salvar\u00e1 si ni siquiera puede salvarse a S\u00ed mismo?<\/p>\n\n\n\n<p>Uno de los ladrones que estaba siendo crucificado con Jes\u00fas expres\u00f3 lo que seguramente muchos estaban pensando: \u201c\u00bfNo eres t\u00fa el Cristo?\u201d, le pregunt\u00f3. \u201c\u00a1S\u00e1lvate a ti mismo y a nosotros!\u201d<sup>8<\/sup>.<\/p>\n\n\n\n<p>Con la ventaja de la perspectiva que da el tiempo, hoy podemos ver con claridad que las personas ten\u00edan expectativas err\u00f3neas acerca de la verdadera misi\u00f3n de Jes\u00fas. Juan observ\u00f3 que, al principio, ni siquiera los disc\u00edpulos de Jes\u00fas comprendieron plenamente.<sup>9<\/sup><\/p>\n\n\n\n<p>Al aceptar la agon\u00eda y soportarla hasta el final, \u00c9l los estaba salvando, incluso a los que lo crucificaron. Por su propia voluntad y elecci\u00f3n, se entreg\u00f3 a S\u00ed mismo como el sacrificio final y completo. As\u00ed es el Mes\u00edas, y por medio de este sacrificio \u00c9l nos salv\u00f3, a ustedes y a m\u00ed y a todos los que vivir\u00e1n en esta tierra.<\/p>\n\n\n\n<p>Descender de la cruz y salvarse a S\u00ed mismo habr\u00eda sido impresionante, y puede haber persuadido a algunos de que \u00c9l era m\u00e1s que un ser humano, tal vez incluso el Hijo de Dios.<\/p>\n\n\n\n<p>Pero el hecho de que \u00c9l elegi\u00f3 <em>tomar Su cruz, caminar solo por el lagar<\/em> y llevar el sacrificio final al altar divino para rescatar a todos los hijos de Dios, a pesar de que \u00c9l ten\u00eda el poder de salvarse a S\u00ed mismo, se ha convertido en el testimonio excelso de que \u00c9l es ciertamente el Hijo de Dios. Fue sumiso a la voluntad de Su Padre y se comprometi\u00f3 a cumplir el plan de salvaci\u00f3n de Su Padre hasta el \u00faltimo aliento.<\/p>\n\n\n\n<p>Con toda la perspectiva adicional y la abundante revelaci\u00f3n que ha iluminado al mundo hasta el d\u00eda de hoy, podemos entender eso ahora, si estamos dispuestos. \u00a1\u00c9l es el Mes\u00edas! Pero, mis queridos j\u00f3venes amigos, \u00bfc\u00f3mo habr\u00edamos reaccionado en ese momento en Jerusal\u00e9n o en Galilea?<\/p>\n\n\n\n<p>Tal vez no debamos juzgar demasiado a nuestros semejantes de la antig\u00fcedad que estaban genuinamente desconcertados por ese \u201cMes\u00edas inesperado\u201d<sup>10<\/sup>.<\/p>\n\n\n\n<h2 class=\"wp-block-heading\" id=\"h-cuando-las-cosas-no-parecen-encajar\">Cuando las cosas no parecen encajar<\/h2>\n\n\n\n<p>\u00bfNo hemos experimentado todos una desconexi\u00f3n ocasional entre lo que esperamos en la vida y lo que realmente sucede? \u00bfNo son las sorpresas inesperadas parte de nuestra vida?<\/p>\n\n\n\n<p>El evangelio de Jesucristo es un evangelio de altos ideales. Muchos de nosotros nos sentimos atra\u00eddos por el Salvador precisamente porque \u00c9l eleva nuestra mirada y nuestras aspiraciones por encima y m\u00e1s all\u00e1 de todo lo que el mundo tiene para ofrecer.<\/p>\n\n\n\n<p>Creemos, por ejemplo, que \u00a1<em>cada<\/em> ser humano es un hijo amado del ser m\u00e1s glorioso del universo! Y debido a ello, \u00a1cada uno de nosotros tiene un potencial ilimitado y un destino glorioso y divino!<\/p>\n\n\n\n<p>Creemos en \u201cel bendito y feliz estado de aquellos que [est\u00e1n dispuestos a] guarda[r] los mandamientos de Dios\u201d<sup>11<\/sup>. Tenemos fe en que la senda del discipulado es la senda del gozo divino, que vivir el Evangelio conduce a una vida feliz y pac\u00edfica con fuertes lazos familiares que ir\u00e1n m\u00e1s all\u00e1 de esta vida hasta las eternidades.<\/p>\n\n\n\n<p>Esos son algunos de los ideales del Evangelio: son hermosos, llenos de esperanza y verdaderos, y soy testigo de ello.<\/p>\n\n\n\n<p>Por lo tanto, no deber\u00eda sorprendernos que no siempre coincidan con las realidades mundanas y confusas de la vida terrenal.<\/p>\n\n\n\n<p>En un mundo perfecto, todos guardar\u00edan siempre los mandamientos de Dios. En un mundo perfecto, todos nos sentir\u00edamos bendecidos y felices, y cada miembro fiel de la Iglesia de Jesucristo de los Santos de los \u00daltimos D\u00edas gozar\u00eda de un matrimonio y una familia firmes y plenos. Pero la realidad es que algunos de nosotros enfrentamos desaf\u00edos muy complejos y desalentadores que hacen que esas bendiciones parezcan casi inalcanzables.<\/p>\n\n\n\n<p>Entonces, \u00bfqu\u00e9 debemos hacer cuando los ideales hermosos, universales y eternos del Evangelio chocan con las dolorosas realidades individuales y mortales de la vida?<\/p>\n\n\n\n<p>Hay al menos dos cosas que deben recordar:<\/p>\n\n\n\n<ul class=\"wp-block-list\">\n<li style=\"font-size:18px;letter-spacing:0.1px\">Nunca renuncien a lo ideal.<\/li>\n\n\n\n<li style=\"font-size:18px;letter-spacing:0.1px\">No ignoren lo real.<\/li>\n<\/ul>\n\n\n\n<p>Acepten ambos.<\/p>\n\n\n\n<p>No es f\u00e1cil para nuestras mentes y corazones mortales aferrarse a dos conceptos que parecen contradecirse entre s\u00ed.<\/p>\n\n\n\n<p>Entonces, para resolver la desconexi\u00f3n en nuestras mentes, podr\u00edamos sacar conclusiones r\u00e1pidamente: \u201cSi estoy sufriendo, debo haber hecho algo mal\u201d. O \u201cSi no veo las bendiciones que esperaba, las promesas no deben ser reales\u201d. O, como se preguntaba el ladr\u00f3n en la cruz: \u201cSi \u00c9l es el Cristo, \u00bfpor qu\u00e9 no pone fin a mi dolor?\u201d<\/p>\n\n\n\n<h2 class=\"wp-block-heading\" id=\"h-la-manera-de-dios-no-es-nuestra-manera\">La manera de Dios no es nuestra manera<\/h2>\n\n\n\n<p>Pero tal vez haya otra manera de ver las cosas. \u00bfNo dijo el Se\u00f1or: \u201cComo son m\u00e1s altos los cielos que la tierra, as\u00ed son mis caminos m\u00e1s altos que vuestros caminos, y mis pensamientos m\u00e1s [altos] que vuestros pensamientos\u201d<sup>12<\/sup>?<\/p>\n\n\n\n<p>No tenemos que ir muy lejos para ver ejemplos de este principio en acci\u00f3n. Hay tantas cosas en la vida que Dios ve de manera diferente a como nosotros las vemos.<\/p>\n\n\n\n<p>Tomemos, por ejemplo, el conocido pasaje del Libro de Morm\u00f3n: \u201cAd\u00e1n cay\u00f3 para que los hombres existiesen; y existen los hombres para que tengan gozo\u201d<sup>13<\/sup>.<\/p>\n\n\n\n<p>Tendemos a pensar en el gozo como la ausencia de tristeza.<\/p>\n\n\n\n<p>\u00bfY si el gozo no consistiera en la ausencia de tristeza?&nbsp;<\/p>\n\n\n\n<p>\u00bfY si el gozo y la tristeza pudieran coexistir?&nbsp;<\/p>\n\n\n\n<p>\u00bfY si, en realidad, <em>tuvieran<\/em> que hacerlo?<\/p>\n\n\n\n<p>Es interesante que la declaraci\u00f3n de Lehi sobre el gozo venga acompa\u00f1ada de su observaci\u00f3n sobre la ca\u00edda de Ad\u00e1n y Eva. Parece estar diciendo que su transgresi\u00f3n en el Jard\u00edn de Ed\u00e9n, que trajo dolor, muerte, enfermedad y pesar al mundo, tambi\u00e9n dio lugar al gozo.<\/p>\n\n\n\n<p>En otras palabras, si esperan que la tristeza termine antes de experimentar gozo, podr\u00edan perd\u00e9rselo por completo. \u00a1Experimentar cierto grado de tristeza puede permitir que su coraz\u00f3n y su mente reciban gozo celestial puro!<sup>14<\/sup><\/p>\n\n\n\n<p>\u00bfC\u00f3mo es posible? La respuesta proviene, como sucede con tanta frecuencia, de Jesucristo y del plan de felicidad dado por el Padre<sup>15<\/sup>. Seg\u00fan las palabras de Eva, es&nbsp;<\/p>\n\n\n\n<p><em>el gozo de nuestra redenci\u00f3n, [y] la vida eterna que Dios concede a todos los que son obedientes.<\/em><em><br><\/em><em>Y Ad\u00e1n y Eva bendijeron el nombre de Dios<\/em><sup>16<\/sup><em>.<\/em><\/p>\n\n\n\n<p>Ese es el principio.<\/p>\n\n\n\n<p>El profundo gozo que Dios nos ofrece es muy diferente de los placeres superficiales que el mundo promueve. Es la clase de gozo que ense\u00f1\u00f3 el presidente Russell M. Nelson: \u201c\u00a1Podemos sentir gozo aun cuando tengamos un d\u00eda malo, una semana mala o hasta un a\u00f1o malo!\u201d<sup>17<\/sup>.&nbsp;<\/p>\n\n\n\n<h2 class=\"wp-block-heading\" id=\"h-el-esta-en-el-cielo-y-tu-estas-en-la-tierra\">\u201c\u00c9l est\u00e1 en el cielo y t\u00fa est\u00e1s en la tierra\u201d<\/h2>\n\n\n\n<p>Con eso en mente, volvamos a la crucifixi\u00f3n del Salvador y del ladr\u00f3n que dijo: \u201c\u00bfNo eres t\u00fa el Mes\u00edas? \u00a1S\u00e1lvate a ti mismo y a nosotros!\u201d.<\/p>\n\n\n\n<p>Hab\u00eda otro ladr\u00f3n que estaba siendo crucificado ese d\u00eda quien ten\u00eda una visi\u00f3n diferente de lo que significaba ser salvo. Esto es lo que le dijo a su compa\u00f1ero ladr\u00f3n:<\/p>\n\n\n\n<p><em>\u00bfNi siquiera temor de Dios tienes, aunque sufres la misma condena?<\/em><em><br><\/em><em>En nuestro caso, el castigo es justo, pues sufrimos lo que merecen nuestros delitos; este, en cambio, no ha hecho nada malo.&nbsp;<\/em><\/p>\n\n\n\n<p><em>Luego dijo: Jes\u00fas, acu\u00e9rdate de m\u00ed cuando vengas en tu reino<\/em><sup>18<\/sup>.<\/p>\n\n\n\n<p>Este segundo ladr\u00f3n estaba sufriendo igual que el primero. Seguramente le hubiera gustado que lo salvaran de su destino en la cruz, pero confi\u00f3 en la sabidur\u00eda del Se\u00f1or y en Su tiempo.<\/p>\n\n\n\n<p>As\u00ed que cuando las cosas no encajan perfectamente y no tienen una respuesta clara, antes de concluir que no la hay, sigan este consejo del libro de Eclesiast\u00e9s:<\/p>\n\n\n\n<p><em>No te apresures,<\/em><em><br><\/em><em>ni con la boca ni con el coraz\u00f3n,<\/em><em><br><\/em><em>a hacer promesas delante de Dios;<\/em><em><br><\/em><em>\u00c9l est\u00e1 en el cielo<\/em><em><br><\/em><em>y t\u00fa est\u00e1s en la tierra<\/em><sup>19<\/sup>.<\/p>\n\n\n\n<h2 class=\"wp-block-heading\" id=\"h-suban-a-la-montana-vean-las-cosas-de-manera-diferente\">Suban a la monta\u00f1a, vean las cosas de manera diferente<\/h2>\n\n\n\n<p>\u00bfAlguna vez han notado lo diferentes que se ven las cosas desde una elevaci\u00f3n m\u00e1s alta? Tal vez hayan tenido la experiencia de hacer senderismo en la monta\u00f1a Y o en uno de los impresionantes picos que rodean este valle. Cuando llegan a la cima y miran hacia el valle, \u00bfno es asombroso lo peque\u00f1o que se ve todo? Mientras est\u00e1n en el valle, un \u00e1rbol, un veh\u00edculo o un edificio pueden parecer un gran obst\u00e1culo, pero desde la cima de la monta\u00f1a, con una perspectiva m\u00e1s elevada, ya no resultan tan intimidantes.<\/p>\n\n\n\n<p>Dios nos invita a seguir Su camino hacia una perspectiva m\u00e1s elevada y santa. Ver\u00e1n el mundo y sus desaf\u00edos con ojos diferentes; ver\u00e1n las cosas en el contexto de toda la creaci\u00f3n y el plan de salvaci\u00f3n. Obtendr\u00e1n una visi\u00f3n m\u00e1s completa y global, algo que no es posible cuando uno est\u00e1 inmerso en el problema.<\/p>\n\n\n\n<p>Creo que el estudio de las Escrituras y la oraci\u00f3n diaria forman parte de esas excursiones a lugares m\u00e1s elevados y santos donde se comprenden mejor lo ideal y la realidad terrenal.<\/p>\n\n\n\n<p>Mis queridos j\u00f3venes amigos, con\u00e9ctense con el Padre Celestial a diario, alcen su visi\u00f3n y eleven su perspectiva de la vida y de su situaci\u00f3n personal.<\/p>\n\n\n\n<p>Con\u00e9ctense con su Padre Celestial al orar y meditar Sus palabras. \u00c9l es su Padre, y \u00c9l desea que ustedes hablen con \u00c9l, tal como lo har\u00eda cualquier padre amoroso.<\/p>\n\n\n\n<p>La oraci\u00f3n personal y el estudio de las Escrituras son maneras perfectas de comunicarse con \u00c9l. La oraci\u00f3n personal les ayudar\u00e1 a centrar su vida en \u201clo m\u00e1s importante\u201d<sup>20<\/sup>. Por supuesto, el prop\u00f3sito de la oraci\u00f3n no es que compartan nueva informaci\u00f3n con el omnisciente Dios del Universo. Jes\u00fas dijo: \u201cvuestro Padre sabe de qu\u00e9 cosas ten\u00e9is necesidad antes que vosotros le pid\u00e1is\u201d<sup>21<\/sup>. Oren con el coraz\u00f3n y la mente. \u201cNo us\u00e9is vanas repeticiones\u201d<sup>22<\/sup>.<\/p>\n\n\n\n<p>Mis queridos amigos, ustedes se hallan en una etapa de su vida en la que hay que tomar decisiones trascendentales en cuanto a formaci\u00f3n acad\u00e9mica y ocupaci\u00f3n, con qui\u00e9n casarse y cu\u00e1ndo empezar a tener una familia. Para todas esas decisiones necesitan las bendiciones del cielo y la gu\u00eda del Esp\u00edritu Santo; est\u00e1 ah\u00ed y est\u00e1 disponible. Sigan el patr\u00f3n que el Se\u00f1or ense\u00f1\u00f3 a Oliver Cowdery. Primero, \u201cdeben estudiarlo en [sus] mente[s]; entonces ha[n] de preguntar[le a Dios] si est\u00e1 bien\u201d<sup>23<\/sup>.<\/p>\n\n\n\n<p>Tienen una mente y un coraz\u00f3n, y lo sabr\u00e1n.<\/p>\n\n\n\n<p>As\u00ed que, por favor, pidan a su Padre Celestial bendiciones y gu\u00eda. Compartan con \u00c9l sus esperanzas, sue\u00f1os y deseos. Pero al hacerlo, aseg\u00farense de que no est\u00e9n tratando de que \u00c9l vea las cosas a su manera. P\u00eddanle que abra sus ojos para ver las cosas a Su manera. Es entonces cuando las respuestas comienzan a fluir y cuando suben a la monta\u00f1a y comienzan a ver las cosas desde una perspectiva m\u00e1s elevada, incluso desde la perspectiva del Padre Celestial. \u201cEntonces [su] confianza se fortalecer\u00e1 en la presencia de Dios; y [la luz y la verdad] destilar\u00e1[n] sobre [su] alma como roc\u00edo del cielo\u201d<sup>24<\/sup> en peque\u00f1as gotas, una a la vez, 24\/7.<\/p>\n\n\n\n<p>Ver\u00e1n que muchas cosas que parec\u00edan muy grandes y abrumadoras son en realidad mucho m\u00e1s peque\u00f1as y ya no tan amenazantes.<\/p>\n\n\n\n<p>Al mismo tiempo descubrir\u00e1n el significado eterno de ciertas cosas que parec\u00edan peque\u00f1as a sus ojos mortales<sup>25<\/sup>.<\/p>\n\n\n\n<p>Sus oraciones personales pueden ser simples y sencillas, y deber\u00edan serlo, pero deben ser sinceras. Han de ser frecuentes, pero nunca rutinarias.<\/p>\n\n\n\n<p>En nuestras oraciones seguimos el ejemplo que el Salvador nos dio en el Jard\u00edn de Getseman\u00ed cuando or\u00f3: \u201cPadre, [&#8230;] no se haga mi voluntad, sino la tuya\u201d<sup>26<\/sup>.<\/p>\n\n\n\n<p>Las respuestas a sus oraciones llegar\u00e1n; de ello testifico. Tal vez no lleguen a su manera, pero s\u00ed a la de \u00c9l. A veces vienen por medio de un pasaje de las Escrituras, de un sentimiento sagrado o de las palabras de una persona de confianza, pero vendr\u00e1n.<\/p>\n\n\n\n<p>La oportunidad semanal de participar de la Santa Cena es tambi\u00e9n uno de esos momentos recurrentes y tranquilos que pueden llevar a un mayor reconocimiento de \u201clos asuntos m\u00e1s importantes\u201d en la vida. \u00a1Cu\u00e1n profundamente necesitan este tiempo sagrado en el que renuevan sus convenios y pueden estar tranquilos mientras meditan en el lugar en que se encuentran en su discipulado personal!<\/p>\n\n\n\n<p>El Salvador mismo expres\u00f3 el car\u00e1cter sagrado de esta ordenanza cuando dijo a Sus disc\u00edpulos: \u201chaced esto en memoria de m\u00ed\u201d<sup>27<\/sup>. Qu\u00e9 bendici\u00f3n es tener un tiempo apartado para renovar su testimonio de que est\u00e1n dispuestos a recordarle siempre y a guardar Sus mandamientos y, a cambio, recibir Su promesa divina de que \u201csiempre puedan tener su Esp\u00edritu consigo\u201d<sup>28<\/sup> para guiarlos, ayudarlos y elevarlos.<\/p>\n\n\n\n<p>A medida que dediquen tiempo y espacio intencionalmente a esos momentos tranquilos, peque\u00f1os, sencillos, pero profundamente espirituales, descubrir\u00e1n que el Se\u00f1or en verdad los conoce. \u00c9l conoce sus corazones y sus nombres. Esos momentos pueden ser para ustedes como ese momento santo y apacible de una hermosa ma\u00f1ana de primavera, afuera de un sepulcro vac\u00edo, cuando una joven lloraba y el Jes\u00fas resucitado la llam\u00f3 por su nombre. \u201cMar\u00eda\u201d, dijo<sup>29<\/sup>.<\/p>\n\n\n\n<p>\u00bfPueden sentir a Jes\u00fas con su voz suave llam\u00e1ndoles por su nombre? Recuerden que el Salvador conoce sus nombres y los ama.<\/p>\n\n\n\n<h2 class=\"wp-block-heading\" id=\"h-he-aqui-tu-rey-viene-a-ti\">\u201cHe aqu\u00ed, tu Rey viene a ti\u201d<\/h2>\n\n\n\n<p>El Domingo de Ramos, la entrada triunfal de Jes\u00fas en Jerusal\u00e9n atrajo a una multitud. Fue un momento glorioso y emocionante. Pero a\u00fan m\u00e1s importante fue lo que Jes\u00fas hizo <em>despu\u00e9s <\/em>de entrar en Jerusal\u00e9n, a pesar de que gran parte de ello se hizo en silencio, en privado, incluso desapercibido para la mayor\u00eda de la gente.<\/p>\n\n\n\n<p>Puede que no haya sido lo que la gente esperaba del Mes\u00edas. Pero era lo que Dios hab\u00eda prometido. Y era lo que la gente, la humanidad, ustedes y yo, todos necesit\u00e1bamos. Era el don celestial y el sacrificio expiatorio que toda la humanidad, todos los hijos de Dios, necesitaban.<\/p>\n\n\n\n<p>\u201cHe aqu\u00ed\u201d, dijo el profeta Zacar\u00edas, \u201ctu rey viene a ti\u201d<sup>30<\/sup>.<\/p>\n\n\n\n<p>As\u00ed como \u00c9l entr\u00f3 de manera triunfal en Jerusal\u00e9n, el apacible Cristo entra en la vida de cada uno de ustedes, si lo reciben.<\/p>\n\n\n\n<p>Por lo tanto, durante esta sagrada Semana Santa, los invito a que cada uno se haga personalmente estas preguntas:<\/p>\n\n\n\n<ul class=\"wp-block-list\">\n<li style=\"font-size:18px;letter-spacing:0.1px\">\u00bfLe mostrar\u00e9 a Jesucristo que quiero que \u00c9l sea mi Rey?<\/li>\n\n\n\n<li style=\"font-size:18px;letter-spacing:0.1px\">\u00bfInvitar\u00e9 a Jesucristo a hacer Su entrada triunfal en mi vida?<\/li>\n\n\n\n<li style=\"font-size:18px;letter-spacing:0.1px\">\u00bfPermitir\u00e9 que Jesucristo me cambie el coraz\u00f3n, alce mi visi\u00f3n y me ense\u00f1e Sus caminos m\u00e1s elevados y santos?<\/li>\n<\/ul>\n\n\n\n<p>Mis queridos j\u00f3venes amigos, mis queridos condisc\u00edpulos de Jesucristo, testifico y doy testimonio del Hijo viviente del Dios viviente, nuestro Salvador y nuestro Redentor, el inesperado Mes\u00edas. Han elegido seguirlo. \u00c9l es su fortaleza. \u00c9l es su salvaci\u00f3n. \u00c9l es su gozo.<\/p>\n\n\n\n<p>Los bendigo con corazones tan abiertos como las puertas de Jerusal\u00e9n <em>para recibir con gozo al Mes\u00edas,<\/em> el Salvador, el Rey de reyes. Los bendigo con ojos para ver Su milagroso poder obrar en sus vidas dondequiera que est\u00e9n. Y como uno de Sus ap\u00f3stoles, testifico de Su poder, Su amor y Su tierno cuidado por cada uno de ustedes y les dejo mi bendici\u00f3n, en el sagrado nombre de nuestro Maestro, Jesucristo. Am\u00e9n.<\/p>\n\n\n\n<p>\u00a9 Intellectual Reserve, Inc. Todos los derechos reservados.&nbsp;<\/p>\n","protected":false},"template":"","tags":[],"class_list":["post-1675","speech","type-speech","status-publish","hentry","event_type-devocional","podcast-byu-speeches-espanol","speaker-dieter-f-uchtdorf","topic-expiacion-de-jesucristo","topic-jesucristo","topic-vida"],"acf":[],"yoast_head":"<!-- This site is optimized with the Yoast SEO Premium plugin v27.5 (Yoast SEO v27.5) - https:\/\/yoast.com\/product\/yoast-seo-premium-wordpress\/ -->\n<title>Reciban con gozo al Mes\u00edas inesperado | BYU Speeches Espa\u00f1ol<\/title>\n<meta name=\"description\" content=\"\u00c9lder Uchtdorf explica c\u00f3mo Dios nos ayuda a elevar nuestra perspectiva y permitir que Jesucristo nos cambie el coraz\u00f3n.\" \/>\n<meta name=\"robots\" content=\"index, follow, max-snippet:-1, max-image-preview:large, max-video-preview:-1\" \/>\n<link rel=\"canonical\" href=\"https:\/\/speeches.byu.edu\/spa\/talks\/dieter-f-uchtdorf\/reciban-con-gozo-al-mesias-inesperado\/\" \/>\n<meta property=\"og:locale\" content=\"es_ES\" \/>\n<meta property=\"og:type\" content=\"article\" \/>\n<meta property=\"og:title\" content=\"Reciban con gozo al Mes\u00edas inesperado\" \/>\n<meta property=\"og:description\" content=\"\u00c9lder Uchtdorf explica c\u00f3mo Dios nos ayuda a elevar nuestra perspectiva y permitir que Jesucristo nos cambie el coraz\u00f3n.\" \/>\n<meta property=\"og:url\" content=\"https:\/\/speeches.byu.edu\/spa\/talks\/dieter-f-uchtdorf\/reciban-con-gozo-al-mesias-inesperado\/\" \/>\n<meta property=\"og:site_name\" content=\"BYU Speeches Espa\u00f1ol\" \/>\n<meta property=\"article:modified_time\" content=\"2026-04-03T15:24:00+00:00\" \/>\n<meta property=\"og:image\" content=\"https:\/\/speeches.byu.edu\/spa\/wp-content\/uploads\/sites\/5\/2024\/01\/Speeches_ShareCard2024_ESP.jpg\" \/>\n\t<meta property=\"og:image:width\" content=\"1920\" \/>\n\t<meta property=\"og:image:height\" content=\"1080\" \/>\n\t<meta property=\"og:image:type\" content=\"image\/jpeg\" \/>\n<meta name=\"twitter:card\" content=\"summary_large_image\" \/>\n<meta name=\"twitter:label1\" content=\"Tiempo de lectura\" \/>\n\t<meta name=\"twitter:data1\" content=\"15 minutos\" \/>\n\t<meta name=\"twitter:label2\" content=\"Written by\" \/>\n\t<meta name=\"twitter:data2\" content=\"Dieter F. Uchtdorf\" \/>\n<script type=\"application\/ld+json\" class=\"yoast-schema-graph\">{\"@context\":\"https:\\\/\\\/schema.org\",\"@graph\":[{\"@type\":\"WebPage\",\"@id\":\"https:\\\/\\\/speeches.byu.edu\\\/spa\\\/talks\\\/dieter-f-uchtdorf\\\/reciban-con-gozo-al-mesias-inesperado\\\/\",\"url\":\"https:\\\/\\\/speeches.byu.edu\\\/spa\\\/talks\\\/dieter-f-uchtdorf\\\/reciban-con-gozo-al-mesias-inesperado\\\/\",\"name\":\"Reciban con gozo al Mes\u00edas inesperado | BYU Speeches Espa\u00f1ol\",\"isPartOf\":{\"@id\":\"https:\\\/\\\/speeches.byu.edu\\\/spa\\\/#website\"},\"datePublished\":\"2026-03-27T06:00:00+00:00\",\"dateModified\":\"2026-04-03T15:24:00+00:00\",\"description\":\"\u00c9lder Uchtdorf explica c\u00f3mo Dios nos ayuda a elevar nuestra perspectiva y permitir que Jesucristo nos cambie el coraz\u00f3n.\",\"breadcrumb\":{\"@id\":\"https:\\\/\\\/speeches.byu.edu\\\/spa\\\/talks\\\/dieter-f-uchtdorf\\\/reciban-con-gozo-al-mesias-inesperado\\\/#breadcrumb\"},\"inLanguage\":\"es\",\"potentialAction\":[{\"@type\":\"ReadAction\",\"target\":[\"https:\\\/\\\/speeches.byu.edu\\\/spa\\\/talks\\\/dieter-f-uchtdorf\\\/reciban-con-gozo-al-mesias-inesperado\\\/\"]}]},{\"@type\":\"BreadcrumbList\",\"@id\":\"https:\\\/\\\/speeches.byu.edu\\\/spa\\\/talks\\\/dieter-f-uchtdorf\\\/reciban-con-gozo-al-mesias-inesperado\\\/#breadcrumb\",\"itemListElement\":[{\"@type\":\"ListItem\",\"position\":1,\"name\":\"Speeches\",\"item\":\"https:\\\/\\\/speeches.byu.edu\\\/spa\\\/talks\\\/\"},{\"@type\":\"ListItem\",\"position\":2,\"name\":\"Dieter F. Uchtdorf\",\"item\":\"https:\\\/\\\/speeches.byu.edu\\\/spa\\\/speakers\\\/dieter-f-uchtdorf\\\/\"},{\"@type\":\"ListItem\",\"position\":3,\"name\":\"Reciban con gozo al Mes\u00edas inesperado\"}]},{\"@type\":\"WebSite\",\"@id\":\"https:\\\/\\\/speeches.byu.edu\\\/spa\\\/#website\",\"url\":\"https:\\\/\\\/speeches.byu.edu\\\/spa\\\/\",\"name\":\"BYU Speeches Espa\u00f1ol\",\"description\":\"\",\"publisher\":{\"@id\":\"https:\\\/\\\/speeches.byu.edu\\\/spa\\\/#organization\"},\"potentialAction\":[{\"@type\":\"SearchAction\",\"target\":{\"@type\":\"EntryPoint\",\"urlTemplate\":\"https:\\\/\\\/speeches.byu.edu\\\/spa\\\/?s={search_term_string}\"},\"query-input\":{\"@type\":\"PropertyValueSpecification\",\"valueRequired\":true,\"valueName\":\"search_term_string\"}}],\"inLanguage\":\"es\"},{\"@type\":\"Organization\",\"@id\":\"https:\\\/\\\/speeches.byu.edu\\\/spa\\\/#organization\",\"name\":\"BYU Speeches\",\"url\":\"https:\\\/\\\/speeches.byu.edu\\\/spa\\\/\",\"logo\":{\"@type\":\"ImageObject\",\"inLanguage\":\"es\",\"@id\":\"https:\\\/\\\/speeches.byu.edu\\\/spa\\\/#\\\/schema\\\/logo\\\/image\\\/\",\"url\":\"https:\\\/\\\/speeches.byu.edu\\\/spa\\\/wp-content\\\/uploads\\\/sites\\\/5\\\/2023\\\/10\\\/BYUspeechesLogo.png\",\"contentUrl\":\"https:\\\/\\\/speeches.byu.edu\\\/spa\\\/wp-content\\\/uploads\\\/sites\\\/5\\\/2023\\\/10\\\/BYUspeechesLogo.png\",\"width\":1000,\"height\":1000,\"caption\":\"BYU Speeches\"},\"image\":{\"@id\":\"https:\\\/\\\/speeches.byu.edu\\\/spa\\\/#\\\/schema\\\/logo\\\/image\\\/\"},\"sameAs\":[\"https:\\\/\\\/www.instagram.com\\\/byuspeechesespanol\\\/\",\"https:\\\/\\\/www.youtube.com\\\/@byuspeechesespanol\"]}]}<\/script>\n<!-- \/ Yoast SEO Premium plugin. -->","yoast_head_json":{"title":"Reciban con gozo al Mes\u00edas inesperado | BYU Speeches Espa\u00f1ol","description":"\u00c9lder Uchtdorf explica c\u00f3mo Dios nos ayuda a elevar nuestra perspectiva y permitir que Jesucristo nos cambie el coraz\u00f3n.","robots":{"index":"index","follow":"follow","max-snippet":"max-snippet:-1","max-image-preview":"max-image-preview:large","max-video-preview":"max-video-preview:-1"},"canonical":"https:\/\/speeches.byu.edu\/spa\/talks\/dieter-f-uchtdorf\/reciban-con-gozo-al-mesias-inesperado\/","og_locale":"es_ES","og_type":"article","og_title":"Reciban con gozo al Mes\u00edas inesperado","og_description":"\u00c9lder Uchtdorf explica c\u00f3mo Dios nos ayuda a elevar nuestra perspectiva y permitir que Jesucristo nos cambie el coraz\u00f3n.","og_url":"https:\/\/speeches.byu.edu\/spa\/talks\/dieter-f-uchtdorf\/reciban-con-gozo-al-mesias-inesperado\/","og_site_name":"BYU Speeches Espa\u00f1ol","article_modified_time":"2026-04-03T15:24:00+00:00","og_image":[{"width":1920,"height":1080,"url":"https:\/\/speeches.byu.edu\/spa\/wp-content\/uploads\/sites\/5\/2024\/01\/Speeches_ShareCard2024_ESP.jpg","type":"image\/jpeg"}],"twitter_card":"summary_large_image","twitter_misc":{"Tiempo de lectura":"15 minutos","Written by":"Dieter F. Uchtdorf"},"schema":{"@context":"https:\/\/schema.org","@graph":[{"@type":"WebPage","@id":"https:\/\/speeches.byu.edu\/spa\/talks\/dieter-f-uchtdorf\/reciban-con-gozo-al-mesias-inesperado\/","url":"https:\/\/speeches.byu.edu\/spa\/talks\/dieter-f-uchtdorf\/reciban-con-gozo-al-mesias-inesperado\/","name":"Reciban con gozo al Mes\u00edas inesperado | BYU Speeches Espa\u00f1ol","isPartOf":{"@id":"https:\/\/speeches.byu.edu\/spa\/#website"},"datePublished":"2026-03-27T06:00:00+00:00","dateModified":"2026-04-03T15:24:00+00:00","description":"\u00c9lder Uchtdorf explica c\u00f3mo Dios nos ayuda a elevar nuestra perspectiva y permitir que Jesucristo nos cambie el coraz\u00f3n.","breadcrumb":{"@id":"https:\/\/speeches.byu.edu\/spa\/talks\/dieter-f-uchtdorf\/reciban-con-gozo-al-mesias-inesperado\/#breadcrumb"},"inLanguage":"es","potentialAction":[{"@type":"ReadAction","target":["https:\/\/speeches.byu.edu\/spa\/talks\/dieter-f-uchtdorf\/reciban-con-gozo-al-mesias-inesperado\/"]}]},{"@type":"BreadcrumbList","@id":"https:\/\/speeches.byu.edu\/spa\/talks\/dieter-f-uchtdorf\/reciban-con-gozo-al-mesias-inesperado\/#breadcrumb","itemListElement":[{"@type":"ListItem","position":1,"name":"Speeches","item":"https:\/\/speeches.byu.edu\/spa\/talks\/"},{"@type":"ListItem","position":2,"name":"Dieter F. Uchtdorf","item":"https:\/\/speeches.byu.edu\/spa\/speakers\/dieter-f-uchtdorf\/"},{"@type":"ListItem","position":3,"name":"Reciban con gozo al Mes\u00edas inesperado"}]},{"@type":"WebSite","@id":"https:\/\/speeches.byu.edu\/spa\/#website","url":"https:\/\/speeches.byu.edu\/spa\/","name":"BYU Speeches Espa\u00f1ol","description":"","publisher":{"@id":"https:\/\/speeches.byu.edu\/spa\/#organization"},"potentialAction":[{"@type":"SearchAction","target":{"@type":"EntryPoint","urlTemplate":"https:\/\/speeches.byu.edu\/spa\/?s={search_term_string}"},"query-input":{"@type":"PropertyValueSpecification","valueRequired":true,"valueName":"search_term_string"}}],"inLanguage":"es"},{"@type":"Organization","@id":"https:\/\/speeches.byu.edu\/spa\/#organization","name":"BYU Speeches","url":"https:\/\/speeches.byu.edu\/spa\/","logo":{"@type":"ImageObject","inLanguage":"es","@id":"https:\/\/speeches.byu.edu\/spa\/#\/schema\/logo\/image\/","url":"https:\/\/speeches.byu.edu\/spa\/wp-content\/uploads\/sites\/5\/2023\/10\/BYUspeechesLogo.png","contentUrl":"https:\/\/speeches.byu.edu\/spa\/wp-content\/uploads\/sites\/5\/2023\/10\/BYUspeechesLogo.png","width":1000,"height":1000,"caption":"BYU Speeches"},"image":{"@id":"https:\/\/speeches.byu.edu\/spa\/#\/schema\/logo\/image\/"},"sameAs":["https:\/\/www.instagram.com\/byuspeechesespanol\/","https:\/\/www.youtube.com\/@byuspeechesespanol"]}]}},"_links":{"self":[{"href":"https:\/\/speeches.byu.edu\/spa\/wp-json\/wp\/v2\/speech\/1675","targetHints":{"allow":["GET"]}}],"collection":[{"href":"https:\/\/speeches.byu.edu\/spa\/wp-json\/wp\/v2\/speech"}],"about":[{"href":"https:\/\/speeches.byu.edu\/spa\/wp-json\/wp\/v2\/types\/speech"}],"wp:attachment":[{"href":"https:\/\/speeches.byu.edu\/spa\/wp-json\/wp\/v2\/media?parent=1675"}],"wp:term":[{"taxonomy":"post_tag","embeddable":true,"href":"https:\/\/speeches.byu.edu\/spa\/wp-json\/wp\/v2\/tags?post=1675"}],"curies":[{"name":"wp","href":"https:\/\/api.w.org\/{rel}","templated":true}]}}