{"id":503,"date":"2002-12-10T11:00:00","date_gmt":"2002-12-10T11:00:00","guid":{"rendered":"https:\/\/speeches.byu.edu\/spa\/?post_type=speech&#038;p=503"},"modified":"2024-07-29T21:56:38","modified_gmt":"2024-07-29T21:56:38","slug":"hoy-nace-el-salvador-del-mundo","status":"publish","type":"speech","link":"https:\/\/speeches.byu.edu\/spa\/talks\/russell-m-nelson\/hoy-nace-el-salvador-del-mundo\/","title":{"rendered":"Hoy nace el Salvador del mundo"},"content":{"rendered":"\n<p class=\"has-text-align-center has-small-font-size\"><strong><em>De ser necesario, modificaremos la traducci\u00f3n. Si usted tiene alguna sugerencia, por favor escr\u00edbanos a speeches.spa@byu.edu<\/em><\/strong><\/p>\n\n\n\n<p>Con la Navidad a solo una quincena de distancia, los pensamientos se vuelven a nuestros hogares y a nuestras familias. La hermana Nelson y yo disfrutamos de muchas tradiciones navide\u00f1as. En nuestra repisa sobre la chimenea tenemos una peque\u00f1a fotograf\u00eda enmarcada de cada miembro de la familia. Con diez hijos, sus c\u00f3nyuges y 54 nietos, eso es una gran cantidad de fotos. Hemos estado haciendo esto por tanto tiempo que la mayor\u00eda de las fotograf\u00edas ya no est\u00e1n al d\u00eda. Los ni\u00f1os siempre se apresuran a encontrar sus propias fotos entre tantas.<\/p>\n\n\n\n<p>Tambi\u00e9n admiran la gran variedad de mu\u00f1ecas de la hermana Nelson, recolectadas de varios pa\u00edses de todo el mundo. Esas mu\u00f1ecas est\u00e1n colocadas entre las ramas de nuestro \u00e1rbol de Navidad. Sus galletas, pasteles y dulces siempre tienen una gran demanda. Y nos encanta leer las Escrituras del relato de la Navidad con nuestra familia.<\/p>\n\n\n\n<p>Entre todas nuestras diversas tradiciones navide\u00f1as, espero que nos centremos primero en el Se\u00f1or Jesucristo. Tal como los magos lo adoraban, las personas sabias de hoy en d\u00eda tambi\u00e9n lo adoran. En este devocional especial, muchos de ustedes han venido en esp\u00edritu de oraci\u00f3n en sus corazones para aprender m\u00e1s acerca de nuestro Se\u00f1or y Maestro por medio de uno de los Doce Ap\u00f3stoles.<\/p>\n\n\n\n<p>Conmemoramos Su humilde nacimiento en esta \u00e9poca del a\u00f1o, aunque sabemos que no ocurri\u00f3 en diciembre, sino lo m\u00e1s probable en abril. Las Escrituras declaran que Su madre, Mar\u00eda, estaba desposada con Jos\u00e9. Hab\u00edan participado en la primera de las dos partes de una ceremonia de matrimonio jud\u00eda. De hecho, su compromiso podr\u00eda compararse con un compromiso en nuestra cultura, que es seguido m\u00e1s tarde por la segunda parte de una ceremonia de matrimonio.<\/p>\n\n\n\n<p>En el relato de Lucas se registra la aparici\u00f3n del \u00e1ngel Gabriel a Mar\u00eda cuando se le inform\u00f3 de su futuro favorecido. En el cap\u00edtulo 1 leemos:<\/p>\n\n\n\n<p>\u201c\u00a1Salve, muy favorecida!\u2026 bendita t\u00fa entre las mujeres\u2026.<\/p>\n\n\n\n<p>\u201cEntonces el \u00e1ngel le dijo: Mar\u00eda, no temas, porque has hallado gracia delante de Dios.<\/p>\n\n\n\n<p>\u201cY he aqu\u00ed, concebir\u00e1s en tu vientre y dar\u00e1s a luz un hijo, y llamar\u00e1s Su nombre JES\u00daS.<\/p>\n\n\n\n<p>\u201cEste ser\u00e1 grande y ser\u00e1 llamado Hijo del Alt\u00edsimo\u201d<sup>1<\/sup>.<\/p>\n\n\n\n<p>Dios es el Alt\u00edsimo. Jes\u00fas ser\u00eda el Hijo del Alt\u00edsimo.<\/p>\n\n\n\n<p>\u201cEntonces Mar\u00eda dijo al \u00e1ngel: \u00bfC\u00f3mo ser\u00e1 esto? Porque no conozco var\u00f3n\u201d<sup>2<\/sup>.<\/p>\n\n\n\n<p>Ella sab\u00eda de su condici\u00f3n virginal.<\/p>\n\n\n\n<p>\u201cY respondiendo el \u00e1ngel, le dijo: El Esp\u00edritu Santo vendr\u00e1 sobre ti, y el poder del Alt\u00edsimo te cubrir\u00e1 con su sombra; por lo cual tambi\u00e9n el Santo Ser que va a nacer ser\u00e1 llamado Hijo de Dios\u201d<sup>3<\/sup>.<\/p>\n\n\n\n<p>Antes de que Jos\u00e9 y Mar\u00eda se reunieran, ella estaba esperando a ese santo ni\u00f1o. Jos\u00e9 deseaba proteger la privacidad de Mar\u00eda<sup>4<\/sup>, con la esperanza de evitar el castigo dado a una mujer embarazada sin un matrimonio completado. Mientras meditaba en estas cosas, el \u00e1ngel Gabriel se apareci\u00f3 a Jos\u00e9, diciendo:<\/p>\n\n\n\n<p>\u201cJos\u00e9, hijo de David, no temas recibir a Mar\u00eda, tu desposada, porque lo que en ella es engendrado, del Esp\u00edritu Santo es.<\/p>\n\n\n\n<p>\u201cY dar\u00e1 a luz un hijo, y llamar\u00e1s su nombre JES\u00daS, porque \u00e9l salvar\u00e1 a su pueblo de sus pecados\u201d<sup>5<\/sup>.<\/p>\n\n\n\n<p>Mar\u00eda y Jos\u00e9 no necesitaban que se les ense\u00f1ara el profundo significado del nombre Jes\u00fas. La ra\u00edz hebrea de la que se deriva, Yehoshua o Jehosua, significa \u201cJehov\u00e1 salva\u201d. Por lo tanto, la misi\u00f3n de Jehov\u00e1, que pronto se llamar\u00eda Jes\u00fas, fue la salvaci\u00f3n, y Su destino supremo era llegar a ser el Salvador del mundo.<\/p>\n\n\n\n<p>Vayamos al Libro de Morm\u00f3n para ver el di\u00e1logo que Nefi tuvo con un \u00e1ngel, tal como se registra en 1 Nefi 11:<br>El \u00e1ngel pregunt\u00f3: \u201c\u00bfComprendes la condescendencia de Dios?\u201d<sup>6<\/sup><\/p>\n\n\n\n<p>Nefi respondi\u00f3: \u201cS\u00e9 que ama a sus hijos; sin embargo, no s\u00e9 el significado de todas las cosas.<\/p>\n\n\n\n<p>\u201cY me dijo: He aqu\u00ed, la virgen que t\u00fa ves es la madre del Hijo de Dios, seg\u00fan la carne.<\/p>\n\n\n\n<p>\u201c. . . Y aconteci\u00f3 que vi que fue llevada en el Esp\u00edritu; y despu\u00e9s que hubo sido llevada en el Esp\u00edritu por cierto espacio de tiempo, me habl\u00f3 el \u00e1ngel, diciendo: \u00a1Mira!<\/p>\n\n\n\n<p>\u201cY mir\u00e9, y vi de nuevo a la virgen llevando a un ni\u00f1o en sus brazos.<\/p>\n\n\n\n<p>\u201cY el \u00e1ngel me dijo: \u00a1He aqu\u00ed, el Cordero de Dios, s\u00ed, el Hijo del Padre Eterno!\u201d<sup>7<\/sup><\/p>\n\n\n\n<p>Ahora vayamos al segundo cap\u00edtulo de Lucas, la tierna y familiar historia que leemos en Navidad:<\/p>\n\n\n\n<p>\u201cY aconteci\u00f3 en aquellos d\u00edas que sali\u00f3 un edicto de parte de Augusto C\u00e9sar, que toda la tierra fuese empadronada\u201d<sup>8<\/sup>.<\/p>\n\n\n\n<p>Esto era en realidad un impuesto de capitaci\u00f3n, un censo, una inscripci\u00f3n, un registro de la ciudadan\u00eda del imperio romano. Herodes tom\u00f3 la decisi\u00f3n de que las personas deb\u00edan ser contadas en la tierra de sus antepasados. Mar\u00eda y Jos\u00e9, que en aquel tiempo viv\u00edan en Nazaret, tuvieron que viajar hacia el sur, a la ciudad de David, una distancia de aproximadamente 145 km. Tal vez viajaron a\u00fan m\u00e1s lejos para evitar la hostil provincia intermedia de Samaria. Es muy probable que hayan viajado con parientes que igualmente fueron convocados a la tierra de sus antepasados. Sin duda, ese dif\u00edcil viaje se hizo con sus animales, tales como perros y burros. Probablemente acamparon varias noches, ya que se requerir\u00edan tres o cuatro d\u00edas para completar ese viaje.<\/p>\n\n\n\n<p>En el vers\u00edculo 7 leemos: \u201cY dio a luz a su hijo primog\u00e9nito, y lo envolvi\u00f3 en pa\u00f1ales y lo acost\u00f3 en un pesebre, porque no hab\u00eda lugar para ellos en el mes\u00f3n\u201d<sup>9<\/sup>.<\/p>\n\n\n\n<p>Hagamos una pausa para meditar sobre este vers\u00edculo. Tenemos que ser conscientes de la cultura de aquella \u00e9poca y regi\u00f3n, y aprender una palabra del texto griego original. En el Nuevo Testamento griego, la ra\u00edz de la cual se tradujo mes\u00f3n es kataluma. No tenemos una palabra equivalente en el idioma espa\u00f1ol. El prefijo griego kata-(o cata-) significa \u201cabajo\u201d refiri\u00e9ndose a una \u00e9poca o lugar. Lo vemos en palabras en espa\u00f1ol como cataplasma, cat\u00e1strofe y cataclismo. Cuando kata se une a luma, la palabra significa un lugar donde la gente \u201ctoma un descanso de su jornada\u201d. Una kataluma era un aposento para invitados en un lugar de hospedaje.<\/p>\n\n\n\n<p>En aquellos d\u00edas, un mes\u00f3n no era como un hotel moderno. Un lugar de hospedaje en esa parte de Asia ten\u00eda que proporcionar alojamiento para las caravanas que viajaban, incluso las personas y sus animales. Las caravanas se quedaban en lo que en aquel tiempo se conoc\u00eda (y a\u00fan se conoce) como caravanera, o khan. En el diccionario se definen estos t\u00e9rminos como una posada en los pa\u00edses orientales (o asi\u00e1ticos).<\/p>\n\n\n\n<p>Ese tipo de instalaci\u00f3n ten\u00eda por lo general forma rectangular, en la que hab\u00eda un patio central para los animales rodeado de cub\u00edculos amurallados donde la gente descansaba. Esos cub\u00edculos permit\u00edan que los hu\u00e9spedes estuvieran un poco m\u00e1s arriba que los animales, con portales abiertos para que los due\u00f1os pudieran vigilarlos.<\/p>\n\n\n\n<p>En la Traducci\u00f3n de Jos\u00e9 Smith de Lucas 2:7 [en ingl\u00e9s] se indica que no hab\u00eda lugar para ellos en los \u201cmesones\u201d, lo que da a entender que todos los cub\u00edculos de la caravanera estaban ocupados. En el Nuevo Testamento griego, la palabra kataluma aparece solamente en otros dos pasajes,<sup>10<\/sup> traducidos en cada caso no como \u201cmes\u00f3n\u201d, sino como un \u201caposento\u201d, lo cual se ajusta al concepto que hemos analizado.<\/p>\n\n\n\n<p>Cuando era joven, cada vez que escuchaba esas palabras \u201cno hab\u00eda lugar en el mes\u00f3n\u201d, supon\u00eda que los moteles locales ten\u00edan letreros que dec\u00edan \u201cSin Vacantes\u201d o que los posaderos eran inhospitalarios o incluso hostiles. Tal suposici\u00f3n probablemente est\u00e9 lejos de lo correcto. Sin duda, la gente de aquella \u00e9poca era, como lo es hoy d\u00eda, hospitalaria. Eso debe de haber sido as\u00ed en particular en una \u00e9poca en la que la poblaci\u00f3n normal de Jerusal\u00e9n, y de la ciudad vecina de Bel\u00e9n, habr\u00eda aumentado debido a los muchos familiares de los ciudadanos locales.<\/p>\n\n\n\n<p>En una caravanera, se pon\u00eda a los animales en un lugar seguro en el rinc\u00f3n del patio para que pasaran la noche. En ese patio habr\u00eda burros, perros, ovejas, posiblemente camellos y bueyes, junto con el excremento y los olores de todos esos animales. Debido a que los aposentos que rodeaban el patio estaban llenos, tal vez Jos\u00e9 tom\u00f3 la decisi\u00f3n de atender el alumbramiento de Mar\u00eda en el patio central de una caravanera, junto con todos los animales. All\u00ed, en esa humilde circunstancia, naci\u00f3 el Cordero de Dios.<\/p>\n\n\n\n<p>\u00bfPor qu\u00e9 se hizo referencia dos veces en Lucas 2 que fue envuelto en pa\u00f1ales?<sup>11<\/sup> \u00bfQu\u00e9 significa la frase \u201clo envolvi\u00f3 en pa\u00f1ales\u201d? Tengo la impresi\u00f3n de que su significado va m\u00e1s all\u00e1 del uso de un simple pa\u00f1al o manta para envolver al ni\u00f1o. En el texto griego del Nuevo Testamento, en vez de las cinco palabras que se usan en el texto en ingl\u00e9s para esa frase, se utiliza s\u00f3lo una; esa palabra es sparganoo, un verbo que significa envolver al reci\u00e9n nacido con tiras de una tela especial, las cuales se pasaban de un lado al otro<sup>12<\/sup>. La tela probablemente llevaba una marca particular de la familia. Ese procedimiento se aplicaba especialmente al nacimiento del hijo primog\u00e9nito.<\/p>\n\n\n\n<p>Recordemos el anuncio de un \u00e1ngel en el nacimiento de Jes\u00fas:<\/p>\n\n\n\n<p>\u201cY esto os servir\u00e1 de se\u00f1al: Hallar\u00e9is al ni\u00f1o envuelto en pa\u00f1ales, acostado en un pesebre\u201d<sup>13<\/sup>. La tela de Sus envolturas seguramente habr\u00eda sido f\u00e1cilmente reconocible y distintiva.<\/p>\n\n\n\n<p>Creo que tal concepto de una tela con marcas familiares tambi\u00e9n podr\u00eda haber sido relevante cuando Jos\u00e9, hijo de Israel, lleg\u00f3 a ser el hijo primog\u00e9nito y recibi\u00f3 el singular abrigo de tela de muchos colores, una tela que simboliza la primogenitura.<\/p>\n\n\n\n<p>\u00bfQu\u00e9 podemos decir en cuanto al pesebre? En franc\u00e9s se utiliza la palabra manger, que literalmente significa comer; sin embargo, en espa\u00f1ol se traduce como pesebre. Un pesebre es un comedero o una caja abierta en un establo en la que se pon\u00eda alimento para los animales. Por estar elevado del piso del patio contaminado, un pesebre era probablemente el lugar m\u00e1s limpio que hab\u00eda disponible. \u00a1Un comedero como esos se convirti\u00f3 en una cuna para nuestro Se\u00f1or!<\/p>\n\n\n\n<p>Ahora bien, dos milenios despu\u00e9s, aunque no conocemos todos los detalles relacionados con su nacimiento, ciertamente entendemos la ascendencia \u00fanica de este Ni\u00f1o de Bel\u00e9n. En varios pasajes de las Escrituras se hace la pregunta: \u201c\u2026y su generaci\u00f3n, \u00bfqui\u00e9n la declarar\u00e1?\u201d<sup>14<\/sup> Declaramos con solemnidad y convicci\u00f3n: Naci\u00f3 de un Padre inmortal y de una madre mortal. De Su Padre inmortal, Jes\u00fas hered\u00f3 el poder de vivir para siempre; de Su madre mortal, hered\u00f3 el destino de la muerte f\u00edsica.<\/p>\n\n\n\n<p>\u00c9l declar\u00f3 esta realidad en cuanto a Su propia vida: \u201cNadie me la quita\u201d, dijo \u00c9l, \u201csino que yo la pongo de m\u00ed mismo. Tengo poder para ponerla, y tengo poder para volverla a tomar. Este mandamiento recib\u00ed de mi Padre\u201d<sup>15<\/sup>.<\/p>\n\n\n\n<p>Esos singulares atributos de Su origen eran esenciales para Su misi\u00f3n de expiar los pecados de toda la humanidad. Por lo tanto, Jes\u00fas el Cristo naci\u00f3 para morir<sup>16<\/sup>. El muri\u00f3 para que pudi\u00e9ramos vivir nuevamente. Naci\u00f3 para que toda la humanidad pudiera vivir m\u00e1s all\u00e1 del sepulcro<sup>17<\/sup>. Su expiaci\u00f3n se llev\u00f3 a cabo en Getseman\u00ed, donde sud\u00f3 grandes gotas de sangre y en el G\u00f3lgota (o Calvario), donde Su cuerpo fue levantado sobre una cruz en el \u201clugar de la calavera\u201d, que significaba la muerte. Esa Expiaci\u00f3n infinita librar\u00eda al hombre de la muerte perpetua<sup>18<\/sup>. La expiaci\u00f3n del Salvador hizo que la resurrecci\u00f3n fuese una realidad y la vida eterna una posibilidad para todos. Su Expiaci\u00f3n lleg\u00f3 a ser el acto central de la historia de toda la humanidad.<\/p>\n\n\n\n<p>Nuestros recuerdos de la Navidad se enriquecen con estas realidades. Cada uno de nosotros, con un testimonio del Se\u00f1or tiene el privilegio, mediante la fe, de saber de Su linaje divino y de testificar que Jes\u00fas es el Hijo del Dios viviente.<\/p>\n\n\n\n<p>El verdadero testimonio incluye el hecho de que el Padre y el Hijo se aparecieron al Profeta Jos\u00e9 Smith, cuyo nacimiento conmemoramos el 23 de diciembre. Ese testimonio tambi\u00e9n abarca el hecho de que La Iglesia de Jesucristo de los Santos de los \u00daltimos D\u00edas es verdadera y un Se\u00f1or viviente la gu\u00eda mediante profec\u00eda y revelaci\u00f3n por medio de administradores autorizados que reciben direcci\u00f3n de \u00c9l y que responden a ella.<\/p>\n\n\n\n<p>Con este antecedente en mente, comparto un consejo reconfortante con ustedes el d\u00eda de hoy. Proviene de la secci\u00f3n 68 de Doctrina y Convenios, donde leemos este mandamiento de nuestro Maestro: \u201cSed de buen \u00e1nimo, pues, y no tem\u00e1is, porque yo, el Se\u00f1or, estoy con vosotros y os amparar\u00e9; y testificar\u00e9is de m\u00ed, s\u00ed, Jesucristo, que soy el Hijo del Dios viviente; que fui, que soy y que he de venir\u201d<sup>19<\/sup>.<\/p>\n\n\n\n<p>Amorosamente nos aferramos a Su bendita promesa. Se avecinan d\u00edas dif\u00edciles para toda la humanidad. El pecado se est\u00e1 extendiendo. Vivimos en una \u00e9poca de guerras y rumores de guerras. La Iglesia y sus miembros ser\u00e1n atacados y soportar\u00e1n persecuci\u00f3n<sup>20<\/sup>.<\/p>\n\n\n\n<p>As\u00ed como Jes\u00fas descendi\u00f3 debajo de todo a fin de ascender por encima de todas las cosas, \u00c9l espera que sigamos Su ejemplo. Atados a Su yugo, cada uno de nosotros puede superar sus desaf\u00edos, no importa cu\u00e1n dif\u00edciles sean<sup>21<\/sup>. Pedro ofreci\u00f3 este consejo: \u201cSi alguno padece como cristiano, no se averg\u00fcence; sino glorifique a Dios en ello\u201d<sup>22<\/sup>. Llegar\u00e1 el momento en que aquellos que no obedezcan al Se\u00f1or ser\u00e1n separados de los que s\u00ed lo hacen; nuestra mejor garant\u00eda es seguir siendo dignos de entrar en Su Santa Casa. Cu\u00e1n bendecidos somos de tener templos a nuestra disposici\u00f3n. El obsequio m\u00e1s grande que podr\u00edamos darle al Se\u00f1or durante la Navidad, o en cualquier otra \u00e9poca, es mantenernos sin mancha del mundo, dignos de asistir a Su santo templo. Lo que \u00c9l les obsequiar\u00e1 ser\u00e1 la paz de saber que estamos preparados para comparecer ante \u00c9l cuando llegue el momento.<\/p>\n\n\n\n<p>Les ruego que se eleven por encima de las tareas del d\u00eda y los obst\u00e1culos que les aguardan. Ustedes pueden hacer m\u00e1s de lo que han planificado en su agenda diaria. Pueden tomar el nombre del Se\u00f1or sobre ustedes y llegar a ser m\u00e1s semejantes a \u00c9l; pueden elevarse hasta alcanzar el gran potencial que tienen; pueden prepararse para el futuro con una mayor capacidad espiritual.<\/p>\n\n\n\n<p>Recuerden que la plenitud del ministerio de Cristo yace en el futuro. Las profec\u00edas de Su segunda venida a\u00fan deben cumplirse. En Navidad, por supuesto, nos enfocamos en Su nacimiento, pero \u00c9l vendr\u00e1 otra vez. Durante Su primera venida, Jes\u00fas vino casi en secreto; \u00fanicamente algunos mortales supieron de Su nacimiento. Durante Su segunda venida, la humanidad entera sabr\u00e1 de Su regreso. Entonces vendr\u00e1, no como \u201cun hombre que viaja por la tierra\u201d<sup>23<\/sup>, pero el velo \u201cser\u00e1 quitado, y toda carne la ver\u00e1 juntamente\u201d<sup>24<\/sup>.<\/p>\n\n\n\n<p>Como testigo especial de Su santo nombre, testifico que Jes\u00fas es el Hijo divino del Dios viviente. \u00c9l los amar\u00e1, los elevar\u00e1 y se manifestar\u00e1 a ustedes si lo aman y guardan Sus mandamientos.<br><\/p>\n\n\n\n<p>Les dejo mi amor y mi bendici\u00f3n para cada uno de ustedes, junto con mis mejores deseos de una muy feliz Navidad. Lo hago en esp\u00edritu de oraci\u00f3n en el nombre de Jesucristo, am\u00e9n.<\/p>\n\n\n\n<p>\u00a9Intellectual Reserve, Inc. Todos los derechos reservados.<\/p>\n","protected":false},"template":"","tags":[],"class_list":["post-503","speech","type-speech","status-publish","hentry","event_type-devocional","speaker-russell-m-nelson","topic-bendiciones","topic-fe","topic-jesucristo"],"acf":[],"yoast_head":"<!-- This site is optimized with the Yoast SEO Premium plugin v27.5 (Yoast SEO v27.5) - https:\/\/yoast.com\/product\/yoast-seo-premium-wordpress\/ -->\n<title>Hoy nace el Salvador del mundo | BYU Speeches Espa\u00f1ol<\/title>\n<meta name=\"description\" content=\"El \u00e9lder Nelson nos ense\u00f1a que gracias al nacimiento de Cristo y a su gran sacrificio expiatorio, nosotros podemos superar nuestros desaf\u00edos.\" \/>\n<meta name=\"robots\" content=\"index, follow, max-snippet:-1, max-image-preview:large, max-video-preview:-1\" \/>\n<link rel=\"canonical\" href=\"https:\/\/speeches.byu.edu\/spa\/talks\/russell-m-nelson\/hoy-nace-el-salvador-del-mundo\/\" \/>\n<meta property=\"og:locale\" content=\"es_ES\" \/>\n<meta property=\"og:type\" content=\"article\" \/>\n<meta property=\"og:title\" content=\"Hoy nace el Salvador del mundo\" \/>\n<meta property=\"og:description\" content=\"El \u00e9lder Nelson nos ense\u00f1a que gracias al nacimiento de Cristo y a su gran sacrificio expiatorio, nosotros podemos superar nuestros desaf\u00edos.\" \/>\n<meta property=\"og:url\" content=\"https:\/\/speeches.byu.edu\/spa\/talks\/russell-m-nelson\/hoy-nace-el-salvador-del-mundo\/\" \/>\n<meta property=\"og:site_name\" content=\"BYU Speeches Espa\u00f1ol\" \/>\n<meta property=\"article:modified_time\" content=\"2024-07-29T21:56:38+00:00\" \/>\n<meta property=\"og:image\" content=\"https:\/\/speeches.byu.edu\/spa\/wp-content\/uploads\/sites\/5\/2024\/01\/Speeches_ShareCard2024_ESP.jpg\" \/>\n\t<meta property=\"og:image:width\" content=\"1920\" \/>\n\t<meta property=\"og:image:height\" content=\"1080\" \/>\n\t<meta property=\"og:image:type\" content=\"image\/jpeg\" \/>\n<meta name=\"twitter:card\" content=\"summary_large_image\" \/>\n<meta name=\"twitter:label1\" content=\"Tiempo de lectura\" \/>\n\t<meta name=\"twitter:data1\" content=\"12 minutos\" \/>\n\t<meta name=\"twitter:label2\" content=\"Written by\" \/>\n\t<meta name=\"twitter:data2\" content=\"Russell M. Nelson\" \/>\n<script type=\"application\/ld+json\" class=\"yoast-schema-graph\">{\"@context\":\"https:\\\/\\\/schema.org\",\"@graph\":[{\"@type\":\"WebPage\",\"@id\":\"https:\\\/\\\/speeches.byu.edu\\\/spa\\\/talks\\\/russell-m-nelson\\\/hoy-nace-el-salvador-del-mundo\\\/\",\"url\":\"https:\\\/\\\/speeches.byu.edu\\\/spa\\\/talks\\\/russell-m-nelson\\\/hoy-nace-el-salvador-del-mundo\\\/\",\"name\":\"Hoy nace el Salvador del mundo | BYU Speeches Espa\u00f1ol\",\"isPartOf\":{\"@id\":\"https:\\\/\\\/speeches.byu.edu\\\/spa\\\/#website\"},\"datePublished\":\"2002-12-10T11:00:00+00:00\",\"dateModified\":\"2024-07-29T21:56:38+00:00\",\"description\":\"El \u00e9lder Nelson nos ense\u00f1a que gracias al nacimiento de Cristo y a su gran sacrificio expiatorio, nosotros podemos superar nuestros desaf\u00edos.\",\"breadcrumb\":{\"@id\":\"https:\\\/\\\/speeches.byu.edu\\\/spa\\\/talks\\\/russell-m-nelson\\\/hoy-nace-el-salvador-del-mundo\\\/#breadcrumb\"},\"inLanguage\":\"es\",\"potentialAction\":[{\"@type\":\"ReadAction\",\"target\":[\"https:\\\/\\\/speeches.byu.edu\\\/spa\\\/talks\\\/russell-m-nelson\\\/hoy-nace-el-salvador-del-mundo\\\/\"]}]},{\"@type\":\"BreadcrumbList\",\"@id\":\"https:\\\/\\\/speeches.byu.edu\\\/spa\\\/talks\\\/russell-m-nelson\\\/hoy-nace-el-salvador-del-mundo\\\/#breadcrumb\",\"itemListElement\":[{\"@type\":\"ListItem\",\"position\":1,\"name\":\"Speeches\",\"item\":\"https:\\\/\\\/speeches.byu.edu\\\/spa\\\/talks\\\/\"},{\"@type\":\"ListItem\",\"position\":2,\"name\":\"Russell M. Nelson\",\"item\":\"https:\\\/\\\/speeches.byu.edu\\\/spa\\\/speakers\\\/russell-m-nelson\\\/\"},{\"@type\":\"ListItem\",\"position\":3,\"name\":\"Hoy nace el Salvador del mundo\"}]},{\"@type\":\"WebSite\",\"@id\":\"https:\\\/\\\/speeches.byu.edu\\\/spa\\\/#website\",\"url\":\"https:\\\/\\\/speeches.byu.edu\\\/spa\\\/\",\"name\":\"BYU Speeches Espa\u00f1ol\",\"description\":\"\",\"publisher\":{\"@id\":\"https:\\\/\\\/speeches.byu.edu\\\/spa\\\/#organization\"},\"potentialAction\":[{\"@type\":\"SearchAction\",\"target\":{\"@type\":\"EntryPoint\",\"urlTemplate\":\"https:\\\/\\\/speeches.byu.edu\\\/spa\\\/?s={search_term_string}\"},\"query-input\":{\"@type\":\"PropertyValueSpecification\",\"valueRequired\":true,\"valueName\":\"search_term_string\"}}],\"inLanguage\":\"es\"},{\"@type\":\"Organization\",\"@id\":\"https:\\\/\\\/speeches.byu.edu\\\/spa\\\/#organization\",\"name\":\"BYU Speeches\",\"url\":\"https:\\\/\\\/speeches.byu.edu\\\/spa\\\/\",\"logo\":{\"@type\":\"ImageObject\",\"inLanguage\":\"es\",\"@id\":\"https:\\\/\\\/speeches.byu.edu\\\/spa\\\/#\\\/schema\\\/logo\\\/image\\\/\",\"url\":\"https:\\\/\\\/speeches.byu.edu\\\/spa\\\/wp-content\\\/uploads\\\/sites\\\/5\\\/2023\\\/10\\\/BYUspeechesLogo.png\",\"contentUrl\":\"https:\\\/\\\/speeches.byu.edu\\\/spa\\\/wp-content\\\/uploads\\\/sites\\\/5\\\/2023\\\/10\\\/BYUspeechesLogo.png\",\"width\":1000,\"height\":1000,\"caption\":\"BYU Speeches\"},\"image\":{\"@id\":\"https:\\\/\\\/speeches.byu.edu\\\/spa\\\/#\\\/schema\\\/logo\\\/image\\\/\"},\"sameAs\":[\"https:\\\/\\\/www.instagram.com\\\/byuspeechesespanol\\\/\",\"https:\\\/\\\/www.youtube.com\\\/@byuspeechesespanol\"]}]}<\/script>\n<!-- \/ Yoast SEO Premium plugin. -->","yoast_head_json":{"title":"Hoy nace el Salvador del mundo | BYU Speeches Espa\u00f1ol","description":"El \u00e9lder Nelson nos ense\u00f1a que gracias al nacimiento de Cristo y a su gran sacrificio expiatorio, nosotros podemos superar nuestros desaf\u00edos.","robots":{"index":"index","follow":"follow","max-snippet":"max-snippet:-1","max-image-preview":"max-image-preview:large","max-video-preview":"max-video-preview:-1"},"canonical":"https:\/\/speeches.byu.edu\/spa\/talks\/russell-m-nelson\/hoy-nace-el-salvador-del-mundo\/","og_locale":"es_ES","og_type":"article","og_title":"Hoy nace el Salvador del mundo","og_description":"El \u00e9lder Nelson nos ense\u00f1a que gracias al nacimiento de Cristo y a su gran sacrificio expiatorio, nosotros podemos superar nuestros desaf\u00edos.","og_url":"https:\/\/speeches.byu.edu\/spa\/talks\/russell-m-nelson\/hoy-nace-el-salvador-del-mundo\/","og_site_name":"BYU Speeches Espa\u00f1ol","article_modified_time":"2024-07-29T21:56:38+00:00","og_image":[{"width":1920,"height":1080,"url":"https:\/\/speeches.byu.edu\/spa\/wp-content\/uploads\/sites\/5\/2024\/01\/Speeches_ShareCard2024_ESP.jpg","type":"image\/jpeg"}],"twitter_card":"summary_large_image","twitter_misc":{"Tiempo de lectura":"12 minutos","Written by":"Russell M. Nelson"},"schema":{"@context":"https:\/\/schema.org","@graph":[{"@type":"WebPage","@id":"https:\/\/speeches.byu.edu\/spa\/talks\/russell-m-nelson\/hoy-nace-el-salvador-del-mundo\/","url":"https:\/\/speeches.byu.edu\/spa\/talks\/russell-m-nelson\/hoy-nace-el-salvador-del-mundo\/","name":"Hoy nace el Salvador del mundo | BYU Speeches Espa\u00f1ol","isPartOf":{"@id":"https:\/\/speeches.byu.edu\/spa\/#website"},"datePublished":"2002-12-10T11:00:00+00:00","dateModified":"2024-07-29T21:56:38+00:00","description":"El \u00e9lder Nelson nos ense\u00f1a que gracias al nacimiento de Cristo y a su gran sacrificio expiatorio, nosotros podemos superar nuestros desaf\u00edos.","breadcrumb":{"@id":"https:\/\/speeches.byu.edu\/spa\/talks\/russell-m-nelson\/hoy-nace-el-salvador-del-mundo\/#breadcrumb"},"inLanguage":"es","potentialAction":[{"@type":"ReadAction","target":["https:\/\/speeches.byu.edu\/spa\/talks\/russell-m-nelson\/hoy-nace-el-salvador-del-mundo\/"]}]},{"@type":"BreadcrumbList","@id":"https:\/\/speeches.byu.edu\/spa\/talks\/russell-m-nelson\/hoy-nace-el-salvador-del-mundo\/#breadcrumb","itemListElement":[{"@type":"ListItem","position":1,"name":"Speeches","item":"https:\/\/speeches.byu.edu\/spa\/talks\/"},{"@type":"ListItem","position":2,"name":"Russell M. Nelson","item":"https:\/\/speeches.byu.edu\/spa\/speakers\/russell-m-nelson\/"},{"@type":"ListItem","position":3,"name":"Hoy nace el Salvador del mundo"}]},{"@type":"WebSite","@id":"https:\/\/speeches.byu.edu\/spa\/#website","url":"https:\/\/speeches.byu.edu\/spa\/","name":"BYU Speeches Espa\u00f1ol","description":"","publisher":{"@id":"https:\/\/speeches.byu.edu\/spa\/#organization"},"potentialAction":[{"@type":"SearchAction","target":{"@type":"EntryPoint","urlTemplate":"https:\/\/speeches.byu.edu\/spa\/?s={search_term_string}"},"query-input":{"@type":"PropertyValueSpecification","valueRequired":true,"valueName":"search_term_string"}}],"inLanguage":"es"},{"@type":"Organization","@id":"https:\/\/speeches.byu.edu\/spa\/#organization","name":"BYU Speeches","url":"https:\/\/speeches.byu.edu\/spa\/","logo":{"@type":"ImageObject","inLanguage":"es","@id":"https:\/\/speeches.byu.edu\/spa\/#\/schema\/logo\/image\/","url":"https:\/\/speeches.byu.edu\/spa\/wp-content\/uploads\/sites\/5\/2023\/10\/BYUspeechesLogo.png","contentUrl":"https:\/\/speeches.byu.edu\/spa\/wp-content\/uploads\/sites\/5\/2023\/10\/BYUspeechesLogo.png","width":1000,"height":1000,"caption":"BYU Speeches"},"image":{"@id":"https:\/\/speeches.byu.edu\/spa\/#\/schema\/logo\/image\/"},"sameAs":["https:\/\/www.instagram.com\/byuspeechesespanol\/","https:\/\/www.youtube.com\/@byuspeechesespanol"]}]}},"_links":{"self":[{"href":"https:\/\/speeches.byu.edu\/spa\/wp-json\/wp\/v2\/speech\/503","targetHints":{"allow":["GET"]}}],"collection":[{"href":"https:\/\/speeches.byu.edu\/spa\/wp-json\/wp\/v2\/speech"}],"about":[{"href":"https:\/\/speeches.byu.edu\/spa\/wp-json\/wp\/v2\/types\/speech"}],"wp:attachment":[{"href":"https:\/\/speeches.byu.edu\/spa\/wp-json\/wp\/v2\/media?parent=503"}],"wp:term":[{"taxonomy":"post_tag","embeddable":true,"href":"https:\/\/speeches.byu.edu\/spa\/wp-json\/wp\/v2\/tags?post=503"}],"curies":[{"name":"wp","href":"https:\/\/api.w.org\/{rel}","templated":true}]}}